{"id":2292,"date":"2016-02-17T13:10:11","date_gmt":"2016-02-17T11:10:11","guid":{"rendered":"http:\/\/www.salondulivre-pyreneen.fr\/?page_id=2292"},"modified":"2021-03-11T09:50:44","modified_gmt":"2021-03-11T07:50:44","slug":"ouvrages-concourant-au-salon-2015","status":"publish","type":"page","link":"http:\/\/www.salondulivre-pyreneen.fr\/?page_id=2292","title":{"rendered":"ouvrages concourant au salon 2015"},"content":{"rendered":"<h3>Liste 2015 en cours d&#8217;\u00e9laboration.<\/h3>\n<p><img loading=\"lazy\" decoding=\"async\" class=\"alignnone size-medium wp-image-2030\" src=\"http:\/\/www.salondulivre-pyreneen.fr\/wp-content\/uploads\/2010\/06\/sang-riviere-15-195x300.jpg\" alt=\"sang riviere 15\" width=\"195\" height=\"300\" \/><br \/>\n<strong><em>Du sang pour une rivi\u00e8re (Donde duermen las aguas)<\/em><\/strong><br \/>\n<strong>Lorenzo Mediano, Charles M\u00e9rigot (traduction)<\/strong><br \/>\n<em>\u00c9ditions la ramonda, 2014, 340 p.<\/em><br \/>\nPyr\u00e9n\u00e9es aragonaises, ann\u00e9es 1980, l\u2019Espagne est en pleine transition et les projets d\u2019am\u00e9nagement, largement financ\u00e9s par l\u2019Union Europ\u00e9enne, ne s\u2019embarrassent pas des populations locales encore recluses au bout d\u2019une piste. Querelles ancestrales de villages et villageois se m\u00ealent aux nouvelles mani\u00e8res des \u00e9trangers, plus ou moins r\u00e9sidents.<\/p>\n<p>&nbsp;<\/p>\n<p><img loading=\"lazy\" decoding=\"async\" class=\"alignnone size-full wp-image-2031\" src=\"http:\/\/www.salondulivre-pyreneen.fr\/wp-content\/uploads\/2010\/06\/recettes-garonne-15.jpg\" alt=\"recettes garonne 15\" width=\"200\" height=\"299\" \/><br \/>\n<strong><em>Des Pyr\u00e9n\u00e9es au Bordelais, recettes du terroir au fil de la Garonne<\/em><\/strong><br \/>\n<strong>Solange Cecatto<\/strong><br \/>\n<em>auto-\u00e9dition, 2014, 3300 p.<\/em><br \/>\nDes recettes du terroir, et d\u2019autres plus personnelles, qui doivent nous conduire au fil de la Garonne des sommets \u00e0 la mer (notice : Renaud de Bellefon).<\/p>\n<p>&nbsp;<\/p>\n<p><em><strong><img loading=\"lazy\" decoding=\"async\" class=\"alignnone size-medium wp-image-2023\" src=\"http:\/\/www.salondulivre-pyreneen.fr\/wp-content\/uploads\/2010\/06\/SigneFebus-15-248x300.jpg\" alt=\"Couv Febus Format.indd\" width=\"248\" height=\"300\" \/><br \/>\nSign\u00e9 F\u00e9bus. Comte de Foix, Prince de B\u00e9arn. Marques personnelles, \u00e9crits et pouvoir autour de Gaston F\u00e9bus.<\/strong><\/em><br \/>\n<strong>Collectif ss-dir V\u00e9ronique Lamazou-Duplan<\/strong><br \/>\n<em>\u00c9ditions d&#8217;art Somogy, 2014, \u00a0224 p.<\/em><br \/>\nOuvrage d&#8217;un collectif d&#8217;universitaires qui pr\u00e9sente autour des \u00e9crits et marques (signatures, blasons\u2026) l&#8217;histoire de Gaston F\u00e9bus, Comte de Foix, Prince de B\u00e9arn (1331-1391), son accession aux pouvoirs, l&#8217;exercice de ses responsabilit\u00e9s, sa personnalit\u00e9 dans son environnement social et culturel proche et lointain. Une travail sur les m\u00e9thodes employ\u00e9es pour faire rayonner son nom d&#8217;hier \u00e0 aujourd&#8217;hui.<\/p>\n<p>&nbsp;<\/p>\n<p><em><strong><img loading=\"lazy\" decoding=\"async\" class=\"alignnone size-medium wp-image-2025\" src=\"http:\/\/www.salondulivre-pyreneen.fr\/wp-content\/uploads\/2010\/06\/lauzes-Jujols-15-196x300.jpg\" alt=\"lauzes Jujols 15\" width=\"196\" height=\"300\" \/><br \/>\nLes lauzes de Jujols<\/strong><\/em><br \/>\n<strong>G\u00e9rard Muller<\/strong><br \/>\n<em>Les Presses Litt\u00e9raires, 2014, \u00a0188 p.<\/em><br \/>\nJujols village des Pyr\u00e9n\u00e9es catalanes est abandonn\u00e9, suite \u00e0 des disparitions myst\u00e9rieuses. R\u00e9habilit\u00e9 par un banlieusard parisien, il retrouve une vie p\u00e9renne apr\u00e8s bien des p\u00e9rip\u00e9ties locales.<\/p>\n<p>&nbsp;<\/p>\n<p><em><strong><img loading=\"lazy\" decoding=\"async\" class=\"alignnone size-medium wp-image-2027\" src=\"http:\/\/www.salondulivre-pyreneen.fr\/wp-content\/uploads\/2010\/06\/Metastations-15-199x300.jpg\" alt=\"Metastations 15\" width=\"199\" height=\"300\" \/><br \/>\nM\u00e9tastations. Mutations urbaines des stations de montagne. Un regard pyr\u00e9n\u00e9en.<\/strong><\/em><br \/>\n<strong>Vincent Vl\u00e8s<\/strong><br \/>\n<em>Presses universitaires de Bordeaux, 2014, \u00a0198 p.<\/em><br \/>\nOuvrage universitaire il porte un regard inquiet sur le devenir des stations de tourisme de montagne, en particulier pyr\u00e9n\u00e9enne, prises dans les mutations de notre monde (pratiques en plein changement, r\u00e9alit\u00e9s \u00e9conomiques et financi\u00e8res, exigences environnementales, r\u00e9chauffement climatique\u2026) et les obsolescences du parc immobilier h\u00e9rit\u00e9es du plan neige des ann\u00e9es 1970\u2026 Un appel \u00e0 \u00ab\u00a0une autre gouvernance\u00a0\u00bb des stations dans leur territoire (m\u00e9tastations) conclut cet ouvrage dense.<\/p>\n<p>&nbsp;<\/p>\n<p><em><strong><img loading=\"lazy\" decoding=\"async\" class=\"alignnone size-medium wp-image-2033\" src=\"http:\/\/www.salondulivre-pyreneen.fr\/wp-content\/uploads\/2010\/06\/laigle-de-la-fronti\u00e8re_-15-193x300.jpg\" alt=\"l'aigle de la fronti\u00e8re_ 15\" width=\"193\" height=\"300\" \/><br \/>\nL&#8217;aigle de la fronti\u00e8re<\/strong><\/em><br \/>\n<strong>Michel Cosem<\/strong><br \/>\n<em>Edition de Bor\u00e9e, oct. 2014, \u00a0282 p.<\/em><br \/>\nJean Christophe vit \u00e0 Luchon. Il est insouciant et \u00e9pris de libert\u00e9,\u00a0mais la guerre qui menace va l&#8217;amener \u00e0 faire des choix essentiels.<\/p>\n<p>&nbsp;<\/p>\n<p><em><strong><img loading=\"lazy\" decoding=\"async\" class=\"alignnone size-medium wp-image-2035\" src=\"http:\/\/www.salondulivre-pyreneen.fr\/wp-content\/uploads\/2010\/06\/couvbalade_15-215x300.jpg\" alt=\"couvbalade_15\" width=\"215\" height=\"300\" \/><br \/>\n<\/strong><strong>Balades cont\u00e9es. Cerdagne- Capcir- Haut Conflent<\/strong><\/em><b><\/b><i><b><br \/>\n<\/b><\/i><b>Daniel Hernandez<br \/>\n<\/b><em>Editions Talaia, 2014, 204 p.<\/em><br \/>\nDix sept balades d\u00e9taill\u00e9es , chacune \u00e9tant pr\u00e9texte \u00e0 une histoire n\u00e9e de la l\u00e9gende ou de l&#8217;imagination fertile et malicieuse de l&#8217;auteur.<\/p>\n<p>&nbsp;<\/p>\n<p><em><strong><img loading=\"lazy\" decoding=\"async\" class=\"alignnone size-medium wp-image-2037\" src=\"http:\/\/www.salondulivre-pyreneen.fr\/wp-content\/uploads\/2010\/06\/canigou_15-201x300.jpg\" alt=\"canigou_15\" width=\"201\" height=\"300\" \/><br \/>\n<\/strong><\/em><i><b>D\u00e9mons et Merveilles du Canigou. Historiographie et interpr\u00e9tation du l\u00e9gendaire catalan.<br \/>\n<\/b><\/i><b>Olivier Rimbault<br \/>\n<\/b><em>Editions Les presses litt\u00e9raires, 2014 , 368 p.<\/em><br \/>\nEn croisant avec bonheur plusieurs disciplines, l&#8217;auteur nous guide vers une compr\u00e9hension plus fine du l\u00e9gendaire catalan.<\/p>\n<p>&nbsp;<\/p>\n<p><img loading=\"lazy\" decoding=\"async\" class=\"alignnone size-medium wp-image-2039\" src=\"http:\/\/www.salondulivre-pyreneen.fr\/wp-content\/uploads\/2010\/06\/memoria-partatge_15-248x300.jpg\" alt=\"memoria partatge_15\" width=\"248\" height=\"300\" \/><br \/>\n<em><strong>Memoria en partatge. Chants collect\u00e9s en Bigorre par Xavier Ravier entre 1956 et 1962<\/strong><\/em><br \/>\n<em>Pir\u00e8na immat\u00e8ria, 2014, 72 p. et un CD<\/em><br \/>\nApr\u00e8s une pr\u00e9sentation rapide et pr\u00e9cise des chants, de leur langue et de leur int\u00e9r\u00eat, ce petit ouvrage avec son CD nous donne un acc\u00e8s \u00e0 la m\u00e9moire collective et populaire des Pyr\u00e9n\u00e9es Gasconnes. La mise \u00e0 disposition de ces enregistrements r\u00e9alis\u00e9 entre 1956 et 1962 par ethnolinguistique Xavier Ravier sauve de l&#8217;oubli et le travail du collecteur et le fonds culturel bigourdan.<\/p>\n<p>&nbsp;<\/p>\n<p><img loading=\"lazy\" decoding=\"async\" class=\"alignnone size-medium wp-image-2041\" src=\"http:\/\/www.salondulivre-pyreneen.fr\/wp-content\/uploads\/2010\/06\/Place_15-300x246.jpg\" alt=\"Place_15\" width=\"300\" height=\"246\" srcset=\"http:\/\/www.salondulivre-pyreneen.fr\/wp-content\/uploads\/2010\/06\/Place_15-300x246.jpg 300w, http:\/\/www.salondulivre-pyreneen.fr\/wp-content\/uploads\/2010\/06\/Place_15.jpg 366w\" sizes=\"auto, (max-width: 300px) 100vw, 300px\" \/><br \/>\n<em><strong>Jacques Place, peintre des silences \u00e9clair\u00e9s.<\/strong><\/em><br \/>\n<strong>Miguel Bravo, Pierre Legendre, Marie Ange Dall&#8217;acqua<\/strong><br \/>\n<em>Atelier Renaissance, 2014, 120 p.<\/em><br \/>\nLe pass\u00e9 et le pr\u00e9sent dans une douce lumi\u00e8re interrogent le regard et nous entra\u00eenent dans un monde ou\u00a0le r\u00eave et la r\u00e9alit\u00e9 imposent la m\u00e9ditation.<\/p>\n<p>&nbsp;<\/p>\n<p><img loading=\"lazy\" decoding=\"async\" class=\"alignnone size-medium wp-image-2045\" src=\"http:\/\/www.salondulivre-pyreneen.fr\/wp-content\/uploads\/2010\/06\/Qui-a-fouill\u00e9-chez-les-Wisigoths_15-198x300.jpg\" alt=\"Qui a fouill\u00e9 chez les Wisigoths_15\" width=\"198\" height=\"300\" \/><br \/>\n<i><b>Qui a fouill\u00e9 chez les wisigoths?<br \/>\n<\/b><\/i><b>Claudine Aubrun<br \/>\n<\/b><em>Editions Syros, 2015, 45 p.<\/em><br \/>\nNino est en vacances en Ari\u00e8ge, chez ses grands parents. Invit\u00e9 \u00e0 participer \u00e0 des fouilles arch\u00e9ologiques, il va rapidement se trouver plong\u00e9 en plein myst\u00e8re&#8230;<\/p>\n<p>&nbsp;<\/p>\n<p><img loading=\"lazy\" decoding=\"async\" class=\"alignnone size-medium wp-image-2043\" src=\"http:\/\/www.salondulivre-pyreneen.fr\/wp-content\/uploads\/2010\/06\/un-dernier-regard-sur-la-terre_15-300x300.jpg\" alt=\"un dernier regard sur la terre_15\" width=\"300\" height=\"300\" srcset=\"http:\/\/www.salondulivre-pyreneen.fr\/wp-content\/uploads\/2010\/06\/un-dernier-regard-sur-la-terre_15.jpg 300w, http:\/\/www.salondulivre-pyreneen.fr\/wp-content\/uploads\/2010\/06\/un-dernier-regard-sur-la-terre_15-150x150.jpg 150w\" sizes=\"auto, (max-width: 300px) 100vw, 300px\" \/><br \/>\n<i><b>11 octobre 2317. Un dernier regard sur la terre<br \/>\n<\/b><\/i><b>Michel Llory<br \/>\n<\/b><em>Editions Les Presses Litt\u00e9raires , oct. \u00a02014 , 265 p.<\/em><br \/>\nLa terre est d\u00e9vast\u00e9e par la pollution . L&#8217;exode vers l&#8217;espace\u00a0entra\u00eene les survivants vers des mondes incertains, d&#8217;autres tentent de trouver vers les Pyr\u00e9n\u00e9es un espoir de survie.<\/p>\n<p>&nbsp;<\/p>\n<p><img loading=\"lazy\" decoding=\"async\" class=\"alignnone size-medium wp-image-2047\" src=\"http:\/\/www.salondulivre-pyreneen.fr\/wp-content\/uploads\/2010\/06\/femmes-en-leurs-jardins_15-173x300.jpg\" alt=\"FemmesJardins_couvWG11\" width=\"173\" height=\"300\" \/><br \/>\n<em><strong>Femmes en leurs jardins<\/strong><\/em><br \/>\n<strong>Denise D\u00e9jean<\/strong><br \/>\n<em>Ed Elan Sud, 2014, 368 p.<\/em><br \/>\nUn bourg pyr\u00e9n\u00e9en industriel confie un jardin au bon soin de femmes courageuses venues de multiples horizons, au gr\u00e9 des vagues d&#8217;immigration. Elles apportent avec elles leur v\u00e9cu, leur culture.<\/p>\n<p>&nbsp;<\/p>\n<p><img loading=\"lazy\" decoding=\"async\" class=\"alignnone size-medium wp-image-2049\" src=\"http:\/\/www.salondulivre-pyreneen.fr\/wp-content\/uploads\/2010\/06\/bucherons-cazaux_15-200x300.jpg\" alt=\"TIRESIAS_Bucherons_COUV_une.indd\" width=\"200\" height=\"300\" \/><br \/>\n<strong><em>Les B\u00fbcherons de Cazaux-Debat, des Autrichiens dans la R\u00e9sistance (1934-1945)<br \/>\n<\/em><\/strong><b>Fran\u00e7oise Bouygard<br \/>\n<\/b><em>Editions Tiresias, 2014, 176 p.<\/em><br \/>\nDes juifs communistes autrichiens trouvent refuge de 1940 \u00e0 1943 en vall\u00e9e d&#8217;Aure et de Louron, employ\u00e9s comme b\u00fbcherons, prot\u00e9g\u00e9s par la population. Engag\u00e9s dans la r\u00e9sistance (MOI), c&#8217;est tout leur parcours qui est retrac\u00e9 autant que leurs ann\u00e9es dans les Pyr\u00e9n\u00e9es.<\/p>\n<p>&nbsp;<\/p>\n<p><img loading=\"lazy\" decoding=\"async\" class=\"alignnone size-medium wp-image-2075\" src=\"http:\/\/www.salondulivre-pyreneen.fr\/wp-content\/uploads\/2010\/06\/voyage-compostelle_15-192x300.jpg\" alt=\"voyage compostelle_15\" width=\"192\" height=\"300\" \/><\/p>\n<p><span style=\"font-family: Arial;\"><i><b>Voyage vers Compostelle d&#8217;un p\u00e8lerin g\u00e9ographe<br \/>\n<\/b><\/i><\/span><b>Alain Cazenave-Piarrot<br \/>\n<\/b><em>Les \u00e9ditions du Cerf, 2015, 352 p.<\/em><br \/>\nParti de chez lui, dans les Pyr\u00e9n\u00e9es bigourdannes, l&#8217;auteur, tout en disant le quotidien du marcheur et ses pens\u00e9es, raconte aussi les paysages travers\u00e9s dans leur \u00e9paisseur historique, en lien avec les \u00e9volutions de nos soci\u00e9t\u00e9s qui d\u00e9sertent les campagnes. Un parcours original du \u00ab\u00a0chemin des \u00e9toiles\u00a0\u00bb qui relie les Pyr\u00e9n\u00e9es au cap Finisterre, sur les traces des magdal\u00e9niens&#8230;<\/p>\n<p>&nbsp;<\/p>\n<p><img loading=\"lazy\" decoding=\"async\" class=\"alignnone size-medium wp-image-2078\" src=\"http:\/\/www.salondulivre-pyreneen.fr\/wp-content\/uploads\/2010\/06\/chemin_histo_bujaruelo_15-160x300.jpg\" alt=\"chemin_histo_bujaruelo_15\" width=\"160\" height=\"300\" \/><br \/>\n<em><b>Le Chemin historique de Bujaruelo. Torla &#8211;\u00a0Gavarnie<br \/>\n<\/b><\/em><b>Jos\u00e9-Luis Acin-Fanlo<br \/>\n<\/b><em>Ed. La Ramonda, 2015, 93 p.<\/em>\u00a0<b><br \/>\n<\/b>Pr\u00e9sent\u00e9 au format d&#8217;un guide de poche destin\u00e9 \u00e0 \u00eatre gliss\u00e9 dans le sac \u00e0 dos, cet ouvrage est certes un guide touristique et historique fort bien document\u00e9 et illustr\u00e9 sur les r\u00e9gions du versant sud du massif du Mont-Perdu. Il ne pr\u00e9sente qu&#8217;une seule randonn\u00e9e, permettant de rejoindre San Nicolas de Bujaruelo \u00e0 Gavarnie par le port de Boucharo.<\/p>\n<p>&nbsp;<\/p>\n<p><img loading=\"lazy\" decoding=\"async\" class=\"alignnone size-medium wp-image-2080\" src=\"http:\/\/www.salondulivre-pyreneen.fr\/wp-content\/uploads\/2010\/06\/histoire_et_m\u00e9moires_St-laurent_15-198x300.jpg\" alt=\"sala coberta.indd\" width=\"198\" height=\"300\" \/><\/p>\n<p align=\"LEFT\"><em><b>Histoire et m\u00e9moires pyr\u00e9n\u00e9ennes. St-Laurent de Cerdans<br \/>\n<\/b><\/em><b>Raymond Sala<br \/>\n<\/b>Ed. Trabucaire, 2015,\u00a0264 p.<b><br \/>\n<\/b>St-Laurent de Cerdans, bourg frontalier des confins du Vallespyr, une histoire et des m\u00e9moires catalanes et pyr\u00e9n\u00e9ennes que raconte Raymond Sala, en nous faisant entrer dans l&#8217;intimit\u00e9 des vies boulevers\u00e9es pour s&#8217;adapter aux changements des modernit\u00e9s successives. R\u00e9cit savant et intime, avec l&#8217;\u00e9cho des voix de plus de 120 informateurs, de ce \u00ab\u00a0monde que nous avons connu\u00a0\u00bb et qui n&#8217;est plus. R\u00e9alit\u00e9s quotidiennes, mentalit\u00e9s, poids des grands \u00e9v\u00e9nements comme la Retirada, etc\u00a0: une histoire dans ses singularit\u00e9s et pourtant commune \u00e0 l&#8217;ensemble des Pyr\u00e9n\u00e9es&#8230;<\/p>\n<p>&nbsp;<\/p>\n<p><img loading=\"lazy\" decoding=\"async\" class=\"alignnone size-medium wp-image-2082\" src=\"http:\/\/www.salondulivre-pyreneen.fr\/wp-content\/uploads\/2010\/06\/pyrenees_noir_blanc_15-300x240.jpg\" alt=\"Mcouv_PyNBbis.indd\" width=\"300\" height=\"240\" srcset=\"http:\/\/www.salondulivre-pyreneen.fr\/wp-content\/uploads\/2010\/06\/pyrenees_noir_blanc_15-300x240.jpg 300w, http:\/\/www.salondulivre-pyreneen.fr\/wp-content\/uploads\/2010\/06\/pyrenees_noir_blanc_15.jpg 375w\" sizes=\"auto, (max-width: 300px) 100vw, 300px\" \/><br \/>\n<b><em>Les Pyr\u00e9n\u00e9es au temps du noir et blanc<\/em><br \/>\n<\/b><b>Santiago Mendieta<br \/>\n<\/b><em>Editions Privat, 2014,\u00a0160 p.<b><br \/>\n<\/b><\/em>Avec cet\u00a0ouvrage soign\u00e9 au format \u00e0 l\u2019italienne, Santiago Mendiet, poursuit son travail de recherche sur la m\u00e9moire photographique des Pyr\u00e9n\u00e9es. Richement illustr\u00e9 de clich\u00e9s provenant d\u2019importants fonds des pionniers de la photographie pyr\u00e9n\u00e9enne (Trutat, Ledormeur, Rayss\u00e9, Meys, Harl\u00e9, de Parada, Maxwell-Lyte, Compair\u00e9, Alix\u2026), il fait revivre l\u2019\u00e9poque de la d\u00e9couverte et de l\u2019exploration de massifs encore inconnus du grand public. De par la profusion des images pr\u00e9sent\u00e9es, cet opus constitue un bel ensemble et nous offre un t\u00e9moignage iconographique des 19<sup>e<\/sup> et 20<sup>e<\/sup> si\u00e8cles.<\/p>\n<p>&nbsp;<\/p>\n<p><img loading=\"lazy\" decoding=\"async\" class=\"alignnone size-medium wp-image-2083\" src=\"http:\/\/www.salondulivre-pyreneen.fr\/wp-content\/uploads\/2010\/06\/traversee_pyrenees_sommets_15-300x250.jpg\" alt=\"traversee_pyrenees_sommets_15\" width=\"300\" height=\"250\" srcset=\"http:\/\/www.salondulivre-pyreneen.fr\/wp-content\/uploads\/2010\/06\/traversee_pyrenees_sommets_15-300x250.jpg 300w, http:\/\/www.salondulivre-pyreneen.fr\/wp-content\/uploads\/2010\/06\/traversee_pyrenees_sommets_15.jpg 360w\" sizes=\"auto, (max-width: 300px) 100vw, 300px\" \/><br \/>\n<b><em>La travers\u00e9e des Pyr\u00e9n\u00e9es par les grands sommets<\/em><br \/>\n<\/b><b>Marc Jusnel<br \/>\n<\/b><em>Ed. Pas d&#8217;oiseau, 2014,\u00a0180 p.<b><br \/>\n<\/b><\/em>L\u2019auteur nous relate son p\u00e9riple qui pendant l\u2019\u00e9t\u00e9 2010, le vit traverser la cha\u00eene d\u2019Hendaye \u00e0 Banyuls, en gravissant au passage nombre des grands sommets embl\u00e9matiques qui la jalonnent, au terme de 50 journ\u00e9es d\u2019itin\u00e9rance d\u2019affil\u00e9e. M. Jusnel propose \u00e0 travers son r\u00e9cit un itin\u00e9raire nouveau pour effectuer une travers\u00e9e de la cha\u00eene par le haut et nous permet de suivre son p\u00e9riple au jour le jour avec ses joies, ses al\u00e9as (entorse de la cheville d\u00e8s le deuxi\u00e8me jour !), ses rencontres&#8230;<\/p>\n<p>&nbsp;<\/p>\n<p><img loading=\"lazy\" decoding=\"async\" class=\"alignnone size-medium wp-image-2085\" src=\"http:\/\/www.salondulivre-pyreneen.fr\/wp-content\/uploads\/2010\/06\/lumieres_hors_pistes_15-212x300.jpg\" alt=\"lumieres_hors_pistes_15\" width=\"212\" height=\"300\" \/><br \/>\n<b><em>Lumi\u00e8res hors pistes<\/em><br \/>\n<\/b><b>Jean-Marc Pic<br \/>\n<\/b><em>Ed. Jour des arts, 2014, 120 p.\u00a0<b><br \/>\n<\/b><\/em>Ce livre, bilingue fran\u00e7ais-anglais, fait le tour du monde photographique des hautes montagnes et s&#8217;attarde fugacement sur les Pyr\u00e9n\u00e9es.<\/p>\n<p>&nbsp;<\/p>\n<p><img loading=\"lazy\" decoding=\"async\" class=\"alignnone size-medium wp-image-2086\" src=\"http:\/\/www.salondulivre-pyreneen.fr\/wp-content\/uploads\/2010\/06\/traversee_4_voix_15-267x300.jpg\" alt=\"traversee_4_voix_15\" width=\"267\" height=\"300\" \/><br \/>\n<em><b>Travers\u00e9e \u00e0 4 voix<br \/>\n<\/b><\/em><b>Olivier Delord, Didier Sorb\u00e9, Marc Girard, Fran\u00e7ois Labourie<br \/>\n<\/b><em>Ed. du Pin \u00e0 crochets, 2014,\u00a0204 p.\u00a0<b><br \/>\n<\/b><\/em>Autour de la travers\u00e9e des Pyr\u00e9n\u00e9es r\u00e9alis\u00e9e \u00e0 l&#8217;automne 2004 par Didier Sorb\u00e9, qui donne ici la voix photographique, et Marc Girard qui livre l&#8217;\u00e9crit le plus terre \u00e0 terre de l&#8217;itin\u00e9raire, les \u00e9ditions du Pin \u00e0 crochets ont eu l&#8217;id\u00e9e d&#8217;encadrer ce r\u00e9cit \u00e0 2 voix, par un texte plus litt\u00e9raire, marqu\u00e9 par les citations initiales par Olivier Delord qui fit une travers\u00e9e en 2003 et un aper\u00e7u historique des transpyr\u00e9n\u00e9ennes depuis les premiers pas de Ramond et consorts jusqu&#8217;aux travers\u00e9es plus sportives de notre temps, confi\u00e9 \u00e0 Jean-Fran\u00e7ois Labourie.<\/p>\n<p>&nbsp;<\/p>\n<p><img loading=\"lazy\" decoding=\"async\" class=\"alignnone size-medium wp-image-2089\" src=\"http:\/\/www.salondulivre-pyreneen.fr\/wp-content\/uploads\/2010\/06\/chemin-piemont-pyreneen_15-192x300.jpg\" alt=\"chemin piemont pyreneen_15\" width=\"192\" height=\"300\" \/><br \/>\n<em><b>Le Chemin du pi\u00e9mont pyr\u00e9n\u00e9en et la route des abbayes de l&#8217;Aude<br \/>\n<\/b><\/em><b>Olivier Guix<br \/>\n<\/b><em>Rando Editions, 2015, 192 p.<br \/>\n<\/em>Ollvier Guix nous propose, avec ce guide au format poche, une travers\u00e9e des Pyr\u00e9n\u00e9es par le bas, en suivant l&#8217;itin\u00e9raire du\u00a0pi\u00e9mont pyr\u00e9n\u00e9en de Gruissan \u00e0 Hendaye. Ce parcours s&#8217;adresse autant aux p\u00e8lerins des chemins de Compostelle qu&#8217;aux randonneurs. D\u00e9coup\u00e9 en huit tron\u00e7ons, l&#8217;auteur nous guide au cours de 36 itin\u00e9raires, d\u00e9crivant avec pr\u00e9cision les cheminements emprunt\u00e9s sans oublier de souligner la vari\u00e9t\u00e9 des paysages travers\u00e9s et d&#8217;\u00e9voquer la richesse culturelle d&#8217;un patrimoine pyr\u00e9n\u00e9en\u00a0multiforme rencontr\u00e9\u00a0tout au long du parcours. Cartes, photos et descriptions font de cet ouvrage un compagnon de randonn\u00e9e pratique et utile.<\/p>\n<p>&nbsp;<\/p>\n<p><img loading=\"lazy\" decoding=\"async\" class=\"alignnone size-medium wp-image-2092\" src=\"http:\/\/www.salondulivre-pyreneen.fr\/wp-content\/uploads\/2010\/06\/febus-lion-pyr_15-300x197.jpg\" alt=\"febus lion pyr_15\" width=\"300\" height=\"197\" srcset=\"http:\/\/www.salondulivre-pyreneen.fr\/wp-content\/uploads\/2010\/06\/febus-lion-pyr_15-300x197.jpg 300w, http:\/\/www.salondulivre-pyreneen.fr\/wp-content\/uploads\/2010\/06\/febus-lion-pyr_15.jpg 456w\" sizes=\"auto, (max-width: 300px) 100vw, 300px\" \/><br \/>\n<strong><em><span style=\"font-family: arial, helvetica, sans-serif;\"><span style=\"font-size: large;\">F\u00e9bus, le lion des Pyr\u00e9n\u00e9es<br \/>\n<\/span><\/span><\/em><span style=\"font-family: arial, helvetica, sans-serif;\"><span style=\"font-size: large;\">Laurent Front\u00e8re<br \/>\n<\/span><\/span><\/strong><em><span style=\"font-family: arial, helvetica, sans-serif;\"><span style=\"font-size: large;\">Editions Bretzel, 2015, 32 p.<br \/>\n<\/span><\/span><\/em>L&#8217;auteur est moqueur : Gaston Febus en fait joyeusement les frais dans cette petite biographie , \u00e0 la fois espi\u00e8gle et joliment color\u00e9e.<\/p>\n<p>&nbsp;<\/p>\n<p><img loading=\"lazy\" decoding=\"async\" class=\"alignnone size-medium wp-image-2094\" src=\"http:\/\/www.salondulivre-pyreneen.fr\/wp-content\/uploads\/2010\/06\/invasion-truites_15-178x300.jpg\" alt=\"invasion truites_15\" width=\"178\" height=\"300\" \/><br \/>\n<em><span style=\"font-size: large;\"><strong>Une invasion de truites<\/strong><br \/>\n<\/span><\/em><strong><span style=\"font-size: large;\">Yohann Vinay-Villanua<\/span><em><span style=\"font-size: large;\"><br \/>\n<\/span><\/em><\/strong><em><span style=\"font-size: large;\">Ed. Astobelarra, juillet 2014, 213 p.<\/span><b><span style=\"font-size: large;\"><br \/>\n<\/span><\/b><\/em>Un roman\/po\u00e8me o\u00f9 il est question de curiosit\u00e9s, de d\u00e9couvertes, de sensations : \u00e9vocation de ces m\u00e9tamorphoses fulgurantes de l&#8217;enfance, trop vite savour\u00e9es, trop vite disparues.<\/p>\n<p>&nbsp;<\/p>\n<p><img loading=\"lazy\" decoding=\"async\" class=\"alignnone size-medium wp-image-2096\" src=\"http:\/\/www.salondulivre-pyreneen.fr\/wp-content\/uploads\/2010\/06\/rosa-laragonaise_15-209x300.jpg\" alt=\"rosa l'aragonaise_15\" width=\"209\" height=\"300\" \/><br \/>\n<em><span style=\"font-family: Arial;\"><span style=\"font-size: large;\"><b>Rosa l&#8217;Aragonaise<br \/>\n<\/b><\/span><\/span><\/em><span style=\"font-family: arial, helvetica, sans-serif;\"><span style=\"font-size: large;\"><b>Jean-Marie Roy<\/b><\/span><\/span><em><span style=\"font-family: arial, helvetica, sans-serif;\"><span style=\"font-size: large;\"><b><br \/>\n<\/b><\/span><\/span><span style=\"font-family: arial, helvetica, sans-serif;\"><span style=\"font-size: large;\">Editions Les 2 encres, 2015, 296 p.<\/span><\/span><\/em><b><\/b><em><span style=\"font-family: arial, helvetica, sans-serif;\"><span style=\"font-size: large;\"><b><br \/>\n<\/b><\/span><\/span><\/em>Dans le chaos de la guerre civile espagnole, deux adolescents aragonais se rencontrent et s&#8217;engagent. L&#8217;auteur, \u00e0 travers leur histoire, brosse un r\u00e9cit juste et d\u00e9taill\u00e9 des \u00e9v\u00e9nements <em>(de la guerre d&#8217;Espagne \u00e0 la r\u00e9sistance en vall\u00e9e d&#8217;Aure)<\/em>, ainsi que les portraits attachants des diff\u00e9rents personnages.<\/p>\n<p>&nbsp;<\/p>\n<p><img loading=\"lazy\" decoding=\"async\" class=\"alignnone size-medium wp-image-2098\" src=\"http:\/\/www.salondulivre-pyreneen.fr\/wp-content\/uploads\/2010\/06\/trek-pyrenees_15-186x300.jpg\" alt=\"trek pyrenees_15\" width=\"186\" height=\"300\" \/><br \/>\n<em><strong><span style=\"font-family: arial, helvetica, sans-serif;\"><span style=\"font-size: large;\">Le trek des Pyr\u00e9n\u00e9es<br \/>\n<\/span><\/span><\/strong><\/em><strong><span style=\"font-family: arial, helvetica, sans-serif;\"><span style=\"font-size: large;\">C\u00e9line et S\u00e9bastien Dupont<br \/>\n<\/span><\/span><\/strong><em><span style=\"font-family: arial, helvetica, sans-serif;\"><span style=\"font-size: large;\">R<\/span><\/span><span style=\"font-family: arial, helvetica, sans-serif;\"><span style=\"font-size: large;\">a<\/span><\/span><span style=\"font-family: arial, helvetica, sans-serif;\"><span style=\"font-size: large;\">ndo \u00e9ditions, 2015, 192 p.<br \/>\n<\/span><\/span><\/em>Travers\u00e9e des Pyr\u00e9n\u00e9es d&#8217;est en ouest en\u00a043 \u00e9tapes de haute montagne dans un guide pr\u00e9cis, d\u00e9taill\u00e9 et richement illustr\u00e9.<\/p>\n<p>&nbsp;<\/p>\n<p><img loading=\"lazy\" decoding=\"async\" class=\"alignnone size-medium wp-image-2102\" src=\"http:\/\/www.salondulivre-pyreneen.fr\/wp-content\/uploads\/2010\/06\/fleurs_des_pyrenees_15-300x300.jpg\" alt=\"fleurs_des_pyrenees_15\" width=\"300\" height=\"300\" srcset=\"http:\/\/www.salondulivre-pyreneen.fr\/wp-content\/uploads\/2010\/06\/fleurs_des_pyrenees_15.jpg 300w, http:\/\/www.salondulivre-pyreneen.fr\/wp-content\/uploads\/2010\/06\/fleurs_des_pyrenees_15-150x150.jpg 150w\" sizes=\"auto, (max-width: 300px) 100vw, 300px\" \/><br \/>\n<em><b>Fleurs des Pyr\u00e9n\u00e9es<br \/>\n<\/b><\/em><strong>St\u00e9phane Martineau, Franck Le Driant<br \/>\n<\/strong><em>Gl\u00e9nat, 2015, 128 p.<br \/>\n<\/em>Facile d&#8217;utilisation, accessible au plus grand nombre, ce petit ouvrage pr\u00e9sente une s\u00e9lection des fleurs qui peuvent se trouver dans les Pyr\u00e9n\u00e9es (et pas seulement pour nombre d&#8217;entre elles), photographie et dessin \u00e0 l&#8217;appui. A noter, les indications sur les usages possibles de certaines plantes. Pratique, peu encombrant, un bon outil pour qui veut s&#8217;essayer \u00e0 l&#8217;herborisation.<\/p>\n<p>&nbsp;<\/p>\n<p><img loading=\"lazy\" decoding=\"async\" class=\"alignnone size-medium wp-image-2104\" src=\"http:\/\/www.salondulivre-pyreneen.fr\/wp-content\/uploads\/2010\/06\/chateaux-couserans_15-195x300.jpg\" alt=\"chateaux couserans_15\" width=\"195\" height=\"300\" \/><br \/>\n<strong><em>Ch\u00e2teaux et forts m\u00e9di\u00e9vaux en Couserans. Une initiation \u00e0 la d\u00e9couverte.<br \/>\n<\/em><\/strong><b>Denis Mirouse, Pascal Audabram<br \/>\n<\/b><em>Editions Le Pas d&#8217;Oiseau, 2015, 94 p.<br \/>\n<\/em>Un petit guide pr\u00e9cis et suggestif pour d\u00e9couvrir le Couserans m\u00e9di\u00e9val \u00e0 travers ses constructions fortes. Apr\u00e8s une pr\u00e9sentation de l&#8217;histoire de la naissance de la vicomt\u00e9 de Couserans, jusqu&#8217;au XIIe si\u00e8cle, les parcours propos\u00e9s montrent la richesse de ce petit pays et sa complexit\u00e9 f\u00e9odale. Une invitation \u00e0 parcourir le Couserans en ouvrant grand les yeux&#8230;<\/p>\n<p>&nbsp;<\/p>\n<p><img loading=\"lazy\" decoding=\"async\" class=\"alignnone size-medium wp-image-2106\" src=\"http:\/\/www.salondulivre-pyreneen.fr\/wp-content\/uploads\/2010\/06\/Cabanes-bergers-bar\u00e8ges_15-193x300.jpg\" alt=\"Cabanes bergers bar\u00e8ges_15\" width=\"193\" height=\"300\" \/><br \/>\n<b><em>A la d\u00e9couverte des Cabanes de bergers en vall\u00e9e de Bar\u00e8ges<\/em><br \/>\n<\/b><strong>C\u00e9line Bonnal<br \/>\n<\/strong><em>Editions Monh\u00e9ios, 2014, 272 p.<\/em><br \/>\nUn guide pour d\u00e9couvrir les innombrables cabanes, abris et autres toues de bergers du pays de Bar\u00e8ge. Des plus anciennes aux plus r\u00e9centes, avec des indications sur leurs utilisations pastorales. L&#8217;auteure nous propose une autre approche de l&#8217;excursion en montagne, plus sur les traces d&#8217;une vie paysanne, qu&#8217;\u00e0 la recherche des sommets. C&#8217;est avec une autre sensibilit\u00e9 que le lecteur, devenu marcheur, regardera un patrimoine trop souvent ignor\u00e9.<\/p>\n<p>&nbsp;<\/p>\n<p><img loading=\"lazy\" decoding=\"async\" class=\"alignnone size-medium wp-image-2108\" src=\"http:\/\/www.salondulivre-pyreneen.fr\/wp-content\/uploads\/2010\/06\/Passet_15-188x300.jpg\" alt=\"Passet_15\" width=\"188\" height=\"300\" \/><br \/>\n<b><em>C\u00e9lestin Passet. Un guide aux Pyr\u00e9n\u00e9es<\/em><br \/>\n<\/b><b>Fran\u00e7ois Labadens<br \/>\n<\/b><em>Editions Monh\u00e9lios, 2015, 189 p.<\/em><br \/>\nDans cette biographie de C\u00e9lestin Passet (1845 \u2013 1917), guide de Gavarnie, l&#8217;auteur montre combien la rencontre avec Henri Brulle (1854 \u2013 1936) est d\u00e9cisive pour conduire \u00e0 l&#8217;excellence alpinistique ce guide des Pyr\u00e9n\u00e9es. Le contexte social, relationnel et culturel est \u00e9voqu\u00e9 avec justesse, peut-\u00eatre un peu rapidement. On notera aussi l&#8217;originalit\u00e9 et la qualit\u00e9 de nombre d&#8217;illustrations, en particulier les dessins de d&#8217;Henri Brulle.<\/p>\n<p>&nbsp;<\/p>\n<p><img loading=\"lazy\" decoding=\"async\" class=\"alignnone size-medium wp-image-2115\" src=\"http:\/\/www.salondulivre-pyreneen.fr\/wp-content\/uploads\/2010\/06\/hist-montagnes_15-211x300.jpg\" alt=\"hist montagnes_15\" width=\"211\" height=\"300\" \/><\/p>\n<p><span style=\"font-family: FreeSans, sans-serif;\"><b><em>Histoires de montagne<\/em><br \/>\n<\/b><\/span><b>Seb Cazes<br \/>\n<\/b><em>Alain Beaulet \u00e9diteur, 2014<b><br \/>\n<\/b><\/em>Histoires de montagne, histoire sans parole aussi. Le dessinateur Seb Cazes nous offre un r\u00e9cit de BD o\u00f9 se m\u00ealent grands espaces montagnards, histoires de rencontres, liens affectifs et l\u00e9gendes\u2026<\/p>\n<p>&nbsp;<\/p>\n<p><img loading=\"lazy\" decoding=\"async\" class=\"alignnone size-medium wp-image-1847\" src=\"http:\/\/www.salondulivre-pyreneen.fr\/wp-content\/uploads\/2010\/06\/atlasmammi-300x190.jpeg\" alt=\"atlasmammi\" width=\"300\" height=\"190\" srcset=\"http:\/\/www.salondulivre-pyreneen.fr\/wp-content\/uploads\/2010\/06\/atlasmammi-300x190.jpeg 300w, http:\/\/www.salondulivre-pyreneen.fr\/wp-content\/uploads\/2010\/06\/atlasmammi.jpeg 320w\" sizes=\"auto, (max-width: 300px) 100vw, 300px\" \/><\/p>\n<p><strong><em>Atlas des mammif\u00e8res sauvages de Midi-pyr\u00e9n\u00e9es<\/em><\/strong><br \/>\n<strong>Jacquot E. coordination<\/strong><br \/>\n<em>\u00c9dition Nature Midi-Pyr\u00e9n\u00e9es, 2013, 6 livrets<\/em><br \/>\nUne synth\u00e8se des connaissances r\u00e9gionales sur les mammif\u00e8res de Midi-Pyr\u00e9n\u00e9es, pr\u00e9sent\u00e9e sous la forme d&#8217;un coffret de 6 livrets pour une lecture sp\u00e9cifique \u00e0 chaque groupe d&#8217;esp\u00e8ces, \u00e0 leur historique et leur gestion (notice : Alain Valadon).<\/p>\n<p>&nbsp;<\/p>\n<p><img loading=\"lazy\" decoding=\"async\" class=\" size-full wp-image-2124 alignnone\" src=\"http:\/\/www.salondulivre-pyreneen.fr\/wp-content\/uploads\/2010\/06\/19-face-40-millions_15.jpg\" alt=\"19 face 40 millions_15\" width=\"212\" height=\"300\" \/><br \/>\n<em><strong>19 ans face \u00e0 40 millions d&#8217;ann\u00e9es. Journal d&#8217;une travers\u00e9e des Pyr\u00e9nes de l&#8217;Atlantique \u00e0 la M\u00e9diterran\u00e9e.<br \/>\n<\/strong><\/em><strong>Romain Da Fonseca<br \/>\n<\/strong><em>ED. Milath\u00e9a, 2014, 165 p.<br \/>\n<\/em>R\u00e9cit d&#8217;une travers\u00e9e des Pyr\u00e9n\u00e9es r\u00e9alis\u00e9e \u00e0 19 ans, r\u00e9alis\u00e9e en 2008, en 35 jours. Tout autant que l&#8217;exploit personnel sportif, dont t\u00e9moignent nombre de photos, c&#8217;est aussi l&#8217;\u00e9crit d&#8217;une relation d\u00e9mystifiante de &#8220;la cord\u00e9e&#8221;&#8230;<\/p>\n<p>&nbsp;<\/p>\n<p><img loading=\"lazy\" decoding=\"async\" class=\"alignnone size-full wp-image-2128\" src=\"http:\/\/www.salondulivre-pyreneen.fr\/wp-content\/uploads\/2010\/06\/103-ecrivains_15.jpg\" alt=\"COUVERTURE ANTHOLOGIE C.indd\" width=\"202\" height=\"300\" \/><br \/>\n<em><strong>103 Ecrivains. Une lecture des Pyr\u00e9n\u00e9es d&#8217;ouest en est, du XVIe au XXIe si\u00e8cle.<\/strong><\/em><br \/>\n<strong>Anne lasserre-Vergne<\/strong><br \/>\n<em>Ed. Cairn, 2015, 261 p.<\/em><br \/>\nUne anthologie pour d\u00e9couvrir des auteurs ayant \u00e9crit peu ou prou sur les Pyr\u00e9n\u00e9es, connus et moins connus. L&#8217;originalit\u00e9\u00a0: le classement par vall\u00e9es, villes ou pays.<\/p>\n<p>&nbsp;<\/p>\n<p><img loading=\"lazy\" decoding=\"async\" class=\"alignnone size-full wp-image-2131\" src=\"http:\/\/www.salondulivre-pyreneen.fr\/wp-content\/uploads\/2010\/06\/BELIBASTE_15.jpg\" alt=\"COUVERTURE BELIBASTE.indd\" width=\"200\" height=\"300\" \/><br \/>\n<em><strong>B\u00e9libaste, Le dernier cathare<\/strong><\/em><br \/>\n<strong>de Jes\u00f9s Avila Granados<\/strong><br \/>\n<em>ed Cairn, 2015, 412 p.<\/em><br \/>\nGuilhelm B\u00e9libaste, jeune berger cathare , s&#8217;enfuit de son village, poursuivi par l&#8217;Inquisition. Entre France et Espagne, sa cavale l&#8217;am\u00e8ne \u00e0 accomplir les \u00e9preuves d&#8217;initiation \u00e0 l&#8217;\u00e9tat de &#8220;parfait&#8221; auquel il aspire, et le conduira, apr\u00e8s maintes p\u00e9rip\u00e9ties, vers le b\u00fbcher.<\/p>\n<p>&nbsp;<\/p>\n<p><img loading=\"lazy\" decoding=\"async\" class=\"alignnone size-full wp-image-2134\" src=\"http:\/\/www.salondulivre-pyreneen.fr\/wp-content\/uploads\/2010\/06\/bergere-ours-et-politique_15.jpg\" alt=\"bergere, ours et politique_15\" width=\"197\" height=\"300\" \/><br \/>\n<em><strong>La berg\u00e8re, l&#8217;ours, la politique politicienne et moi<\/strong><\/em><br \/>\n<strong>Catherine Brunet<\/strong><br \/>\n<em>Ed Edilivre, 2015, 310 p.<\/em><br \/>\nMilitante passionn\u00e9e et tenace, Catherine Brunet, une ancienne berg\u00e8re, t\u00e9moigne de son engagement pour une coexistence entre \u00e9levage et faune sauvage, et de ses difficult\u00e9s \u00e0 la d\u00e9fendre.<\/p>\n<p>&nbsp;<\/p>\n<p><img loading=\"lazy\" decoding=\"async\" class=\"alignnone size-full wp-image-2144\" src=\"http:\/\/www.salondulivre-pyreneen.fr\/wp-content\/uploads\/2010\/06\/dictionnaire-patois-hbigorre_15.jpg\" alt=\"dictionnaire patois hbigorre_15\" width=\"212\" height=\"300\" \/><br \/>\n<em><strong>Dictionnaire fran\u00e7ais \u2013 occitan \/ occitan \u2013 fran\u00e7ais. Patois de Haute Bigorre<\/strong><\/em><br \/>\n<strong>Pierre, Simone et Fran\u00e7ois Pujo<\/strong><br \/>\n<em>Auto-\u00e9dition, 2015, 309 p.<\/em><br \/>\nPr\u00e9sentation accessible \u00e0 tous, hors des sentiers de l&#8217;acad\u00e9misme, de mots, expressions et proverbes, essentiellement de la Bigorre des gaves, en double entr\u00e9e\u00a0: fran\u00e7aise et occitane. A noter aussi quelques textes de chansons plus ou moins connues.<\/p>\n<p>&nbsp;<\/p>\n<p><img loading=\"lazy\" decoding=\"async\" class=\"alignnone size-full wp-image-2145\" src=\"http:\/\/www.salondulivre-pyreneen.fr\/wp-content\/uploads\/2010\/06\/grothendieck_15.jpg\" alt=\"grothendieck_15\" width=\"209\" height=\"300\" \/><br \/>\n<em><strong>Alexandre Grothendieck : itin\u00e9raire d&#8217;un math\u00e9maticien hors normes<\/strong><\/em><br \/>\n<strong>Georges Bringuier<\/strong><br \/>\n<em>Ed. Privat, 2015, 230 p.<\/em><br \/>\nBiographie d&#8217;un grand math\u00e9maticien du xx\u00e8me si\u00e8cle, ce livre est le r\u00e9cit d&#8217;une vie alliant le g\u00e9nie, la passion, \u00e0 des convictions inali\u00e9nables, celles qui l&#8217;am\u00e8neront \u00e0 se retirer du monde, jusqu&#8217;\u00e0 sa mort, dans un village de l&#8217;Ari\u00e8ge.<\/p>\n<p>&nbsp;<\/p>\n<p><img loading=\"lazy\" decoding=\"async\" class=\"alignnone size-full wp-image-2146\" src=\"http:\/\/www.salondulivre-pyreneen.fr\/wp-content\/uploads\/2010\/06\/id\u00e9es-d-altitude-patrice-de-bellefon-cairn_15.jpg\" alt=\"id\u00e9es-d-altitude-patrice-de-bellefon-cairn_15\" width=\"210\" height=\"300\" \/><br \/>\n<em><strong>Id\u00e9es d&#8217;altitude<\/strong><\/em><br \/>\n<strong>Patrice de Bellefon<\/strong><br \/>\n<em>Editions Cairn, 2015, 206 p.<\/em><br \/>\nRecueil de texte o\u00f9 le guide de haute montagne, penseur nous pousse une nouvelle fois \u00e0 la r\u00e9flexion, loin des conventions. Identit\u00e9 pyr\u00e9n\u00e9enne, environnement, perspectives sur le pastoralisme et le paysage, pyr\u00e9n\u00e9isme de difficult\u00e9, culture du risque&#8230;<\/p>\n<p>&nbsp;<\/p>\n<p><img loading=\"lazy\" decoding=\"async\" class=\"alignnone size-full wp-image-2147\" src=\"http:\/\/www.salondulivre-pyreneen.fr\/wp-content\/uploads\/2010\/06\/mordorees_15.jpg\" alt=\"mordorees_15\" width=\"195\" height=\"300\" \/><br \/>\n<em><strong>Mordor\u00e9es et Pyr\u00e9n\u00e9es de mon c\u0153ur<\/strong><\/em><br \/>\n<strong>Jean-Antoine P\u00e9cantet<\/strong><br \/>\n<em>Editions Carbonnier-Quillateau, 2015, 340 p.<\/em><br \/>\nMordor\u00e9es, ce sont les b\u00e9casses et l&#8217;auteur nous livre ici les r\u00e9cits et les r\u00e9flexions de sa vie de chasseur passionn\u00e9 et impliqu\u00e9.<\/p>\n<p>&nbsp;<\/p>\n<p><img loading=\"lazy\" decoding=\"async\" class=\"alignnone size-full wp-image-2148\" src=\"http:\/\/www.salondulivre-pyreneen.fr\/wp-content\/uploads\/2010\/06\/pyrenees-secrets-montagne_15.jpg\" alt=\"pyrenees secrets montagne_15\" width=\"223\" height=\"300\" \/><br \/>\n<em><strong>Les Pyr\u00e9n\u00e9es, secrets de montagne<\/strong><\/em><br \/>\n<strong>Romain Da Fonseca<\/strong><br \/>\n<em>Ed. Milath\u00e9a, 2014, 31 p.<\/em><br \/>\nUn guide d\u00e9couverte en quelques mots et quelques images des Pyr\u00e9n\u00e9es \u00e0 l&#8217;usage de la jeunesse (8-12 ans)\u00a0: g\u00e9ographie, g\u00e9ologie, histoire, nature, loisirs et m\u00e9tiers de la montagne\u2026<\/p>\n<p>&nbsp;<\/p>\n<p><img loading=\"lazy\" decoding=\"async\" class=\"alignnone size-full wp-image-2149\" src=\"http:\/\/www.salondulivre-pyreneen.fr\/wp-content\/uploads\/2010\/06\/RACONTE-PYRENEES_15.jpg\" alt=\"COUV RACONTE PYRENEES.indd\" width=\"300\" height=\"300\" srcset=\"http:\/\/www.salondulivre-pyreneen.fr\/wp-content\/uploads\/2010\/06\/RACONTE-PYRENEES_15.jpg 300w, http:\/\/www.salondulivre-pyreneen.fr\/wp-content\/uploads\/2010\/06\/RACONTE-PYRENEES_15-150x150.jpg 150w\" sizes=\"auto, (max-width: 300px) 100vw, 300px\" \/><br \/>\n<em><strong>Raconte-moi les Pyr\u00e9n\u00e9es<\/strong><\/em><br \/>\n<strong>De Pascale Breysse (illustrations) et Patrice Tesseire-Dufour<\/strong><br \/>\n<em>Ed. Cairn, 2014, 48 p.<\/em><br \/>\nUn documentaire destin\u00e9 aux 8-10 ans, o\u00f9 les Pyr\u00e9n\u00e9es sont d\u00e9crites et illustr\u00e9es sous des aspects aussi diff\u00e9rents que les l\u00e9gendes, l&#8217;Histoire, la flore ou le sport.<\/p>\n<p>&nbsp;<\/p>\n<p><img loading=\"lazy\" decoding=\"async\" class=\"alignnone size-full wp-image-2150\" src=\"http:\/\/www.salondulivre-pyreneen.fr\/wp-content\/uploads\/2010\/06\/toupi-le-petit-ourson-de-la-ferme_15.jpg\" alt=\"toupi-le-petit-ourson-de-la-ferme_15\" width=\"300\" height=\"300\" srcset=\"http:\/\/www.salondulivre-pyreneen.fr\/wp-content\/uploads\/2010\/06\/toupi-le-petit-ourson-de-la-ferme_15.jpg 300w, http:\/\/www.salondulivre-pyreneen.fr\/wp-content\/uploads\/2010\/06\/toupi-le-petit-ourson-de-la-ferme_15-150x150.jpg 150w\" sizes=\"auto, (max-width: 300px) 100vw, 300px\" \/><br \/>\n<em><strong>Toupi, le petit ourson de la ferme &#8211; Tome 1<\/strong><\/em><br \/>\n<strong>Thierry Goursau<\/strong><br \/>\n<em>Ed. Les guides Goursau, 2014, 34 p.<\/em><br \/>\nComment un ourson des Pyr\u00e9n\u00e9es, perdu dans la for\u00eat, se retrouve dans une \u00e9table en compagnie des animaux de la ferme qui vont l&#8217;aider \u00e0 retrouver une maman.<\/p>\n<p>&nbsp;<\/p>\n<p><img loading=\"lazy\" decoding=\"async\" class=\"alignnone size-full wp-image-2151\" src=\"http:\/\/www.salondulivre-pyreneen.fr\/wp-content\/uploads\/2010\/06\/O\u00f4_15-.jpg\" alt=\"O\u00f4_15\" width=\"200\" height=\"300\" \/><br \/>\n<em><strong>La vall\u00e9e d&#8217;O\u00f4. Le long du lac et de la Neste d&#8217;O\u00f4.<\/strong><\/em><br \/>\n<strong>Tim Bateman<\/strong><br \/>\n<em>Ed. AeCiel, 2015, 80 p.<\/em><br \/>\nPetit guide richement illustr\u00e9 sur la vall\u00e9e d&#8217;O\u00f4, ses richesses culturelles, naturelles et paysag\u00e8res. Sans oublier le poids de l&#8217;hydro\u00e9lectricit\u00e9.<\/p>\n<p>&nbsp;<\/p>\n<p><img loading=\"lazy\" decoding=\"async\" class=\"alignnone size-full wp-image-2153\" src=\"http:\/\/www.salondulivre-pyreneen.fr\/wp-content\/uploads\/2010\/06\/aritz-hegoa_15.jpg\" alt=\"aritz hegoa_15\" width=\"357\" height=\"300\" srcset=\"http:\/\/www.salondulivre-pyreneen.fr\/wp-content\/uploads\/2010\/06\/aritz-hegoa_15.jpg 357w, http:\/\/www.salondulivre-pyreneen.fr\/wp-content\/uploads\/2010\/06\/aritz-hegoa_15-300x252.jpg 300w\" sizes=\"auto, (max-width: 357px) 100vw, 357px\" \/><br \/>\n<b><i>Aritz et Hegoa<br \/>\n<\/i>Marina Trounday<br \/>\n<\/b><em>Ed.\u00a0Arteaz (\u00e9dition bilingue Fran\u00e7ais\/Basque), 2015, 40 p.<\/em><br \/>\nLa petite Hegoa a perdu son p\u00e8re , disparu en montagne. Elle d\u00e9cide de partir \u00e0 la recherche d&#8217;Aritz , l&#8217;enfant du conte qui parle aux oiseaux et fait souffler le vent par ses chants\u2026 Pourra t il l&#8217;aider \u00e0 le retrouver ?<\/p>\n<p>&nbsp;<\/p>\n<p><img loading=\"lazy\" decoding=\"async\" class=\"alignnone size-full wp-image-2156\" src=\"http:\/\/www.salondulivre-pyreneen.fr\/wp-content\/uploads\/2010\/06\/petite-souris_15.jpg\" alt=\"petite souris_15\" width=\"420\" height=\"300\" srcset=\"http:\/\/www.salondulivre-pyreneen.fr\/wp-content\/uploads\/2010\/06\/petite-souris_15.jpg 420w, http:\/\/www.salondulivre-pyreneen.fr\/wp-content\/uploads\/2010\/06\/petite-souris_15-300x214.jpg 300w\" sizes=\"auto, (max-width: 420px) 100vw, 420px\" \/><br \/>\n<b><i>La famille de la petite souris<br \/>\n<\/i>Nathalie Bernad<br \/>\n<\/b><em>Ed. Vox Scriba, 2015, 42 p.<\/em><br \/>\nLa famille Souris habite une vieille ferme dans le village de Pyr\u00e9n\u00e9us. Le soir, \u00e0 la veill\u00e9e,\u00a0chacun y va de sa petite histoire : on y rencontre un ours, un agneau, une horloge, et m\u00eame des perles de ros\u00e9e&#8230;<\/p>\n<p>&nbsp;<\/p>\n<p><img loading=\"lazy\" decoding=\"async\" class=\"alignnone size-full wp-image-2158\" src=\"http:\/\/www.salondulivre-pyreneen.fr\/wp-content\/uploads\/2010\/06\/Prophetie-euprocte_15.jpg\" alt=\"Prophetie euprocte_15\" width=\"216\" height=\"300\" \/><br \/>\n<b><i>La Proph\u00e9tie de l&#8217;Euprocte<br \/>\n<\/i>Dany Chevalier-Consola<br \/>\n<\/b><em>Ed. Le pas d&#8217;oiseau, 2015, 112\u00a0p.<br \/>\n<\/em>Une l\u00e9gende racont\u00e9e dans les Pyr\u00e9n\u00e9es ari\u00e9geoises va trouver une suite inattendue et tout aussi f\u00e9erique quand le fermier Hippolyte dispara\u00eet pr\u00e8s du torrent qui s&#8217;engouffre dans la grotte souterraine o\u00f9 vivent les Euproctes\u2026 Un peu de magie et beaucoup de solidarit\u00e9 vont nous conduire \u00e0 la solution de l&#8217;\u00e9nigme.<\/p>\n<p>&nbsp;<\/p>\n<p><img loading=\"lazy\" decoding=\"async\" class=\"alignnone size-full wp-image-2159\" src=\"http:\/\/www.salondulivre-pyreneen.fr\/wp-content\/uploads\/2010\/06\/rando-ht-aragon_15.jpg\" alt=\"rando ht aragon_15\" width=\"193\" height=\"300\" \/><br \/>\n<b><i>Randonn\u00e9es dans le Haut-Aragon et en vall\u00e9e des Nestes, Sobrarbe, Aure et Louron, 30 itin\u00e9raires<br \/>\n<\/i>Bruno Mat\u00e9o<br \/>\n<\/b><em>Ed. Version Originale, 2015, 82\u00a0p.<br \/>\n<\/em>Guide pr\u00e9sentant 30 itin\u00e9raires d\u00e9taill\u00e9s entre Sobrarbe, Aure et Louron. Les randonn\u00e9es sont d\u00e9crites avec pr\u00e9cision et illustr\u00e9s de\u00a0nombreuses images\u00a0auxquelles s&#8217;ajoutent des cartes-croquis. Sur chacune d&#8217;entre elle, s&#8217;y ajoute un encadr\u00e9 pr\u00e9sentant un \u00e9lement culturel <em>(histoire, faune, flore, g\u00e9ologie&#8230;)<\/em>.<\/p>\n<p>&nbsp;<\/p>\n<p><img loading=\"lazy\" decoding=\"async\" class=\"alignnone size-full wp-image-2160\" src=\"http:\/\/www.salondulivre-pyreneen.fr\/wp-content\/uploads\/2010\/06\/Rando-mt-perdu_15.jpg\" alt=\"Rando mt perdu_15\" width=\"193\" height=\"300\" \/><br \/>\n<b><i>Randonn\u00e9es\u00a0autour du Mont-Perdu. Gavarnie, Ordesa. Tours des cirques et canyons<br \/>\n<\/i>Olivier Guix<br \/>\n<\/b><em>Ed. Version Originale, 2015, 96\u00a0p.<br \/>\n<\/em>Guide pr\u00e9sentant\u00a0de nombreux itin\u00e9raire dans le massif calcaire. Les randonn\u00e9es sont d\u00e9crites avec pr\u00e9cision et illustr\u00e9es de nombreuses images et de cartes-croquis. L&#8217;auteur nous propose de d\u00e9couvrir le massif \u00e0 travers des ascensions vers des belv\u00e9d\u00e8res, mais aussi d&#8217;atteindre les plus hauts sommets, avec de nombreuses variantes propos\u00e9es.<\/p>\n<p>&nbsp;<\/p>\n<p><img loading=\"lazy\" decoding=\"async\" class=\"alignnone size-full wp-image-2161\" src=\"http:\/\/www.salondulivre-pyreneen.fr\/wp-content\/uploads\/2010\/06\/violette-mirgue_15.jpg\" alt=\"violette-mirgue_15\" width=\"300\" height=\"300\" srcset=\"http:\/\/www.salondulivre-pyreneen.fr\/wp-content\/uploads\/2010\/06\/violette-mirgue_15.jpg 300w, http:\/\/www.salondulivre-pyreneen.fr\/wp-content\/uploads\/2010\/06\/violette-mirgue_15-150x150.jpg 150w\" sizes=\"auto, (max-width: 300px) 100vw, 300px\" \/><br \/>\n<b><i>Violette Mirgue : un ours \u00e0 r\u00e9veiller dans les Pyr\u00e9n\u00e9es<br \/>\n<\/i>Marie-Constance Mallard<br \/>\n<\/b><em>Ed. Privat, 2015, 32\u00a0p.<br \/>\n<\/em>L&#8217;Ours des Pyr\u00e9n\u00e9es est malade :il reste endormi et le printemps n&#8217;est pas l\u00e0\u2026 Qu&#8217;\u00e0 cela ne tienne, Violette Mirgue, la souris astucieuse , va chercher les moyens de le r\u00e9veiller et s&#8217;embarque \u00e0 la d\u00e9couverte des Pyr\u00e9n\u00e9es en toutes saisons.<\/p>\n<p>&nbsp;<\/p>\n<p><img loading=\"lazy\" decoding=\"async\" class=\"alignnone size-full wp-image-2166\" src=\"http:\/\/www.salondulivre-pyreneen.fr\/wp-content\/uploads\/2010\/06\/blanche-sur-le-somport_15.jpg\" alt=\"Couv.DeLaBlancheSurLeSomport.indd\" width=\"200\" height=\"300\" \/><br \/>\n<b><i>De la blanche sur le Somport<br \/>\n<\/i>Claude Cast\u00e9ran<br \/>\n<\/b><em>Ed. Cairn, 2014, 228\u00a0p.<br \/>\n<\/em>Le road movie \u00e0 travers les Pyr\u00e9n\u00e9es d&#8217;un jeune d\u00e9linquant pris dans l&#8217;engrenage du mensonge, entre la mafia et les douanes.<\/p>\n<p>&nbsp;<\/p>\n<p><img loading=\"lazy\" decoding=\"async\" class=\"alignnone size-full wp-image-2167\" src=\"http:\/\/www.salondulivre-pyreneen.fr\/wp-content\/uploads\/2010\/06\/crii-aiglon_15.jpg\" alt=\"crii aiglon_15\" width=\"218\" height=\"300\" \/><br \/>\n<b><i>Criii ! l&#8217;aiglon<br \/>\n<\/i>Xavier Sa\u00fct<br \/>\n<\/b><em>Auto-\u00e9dition, 2015, 30\u00a0p.<br \/>\n<\/em>Les rivalit\u00e9s et les turbulentes aventures de deux aiglons face \u00e0 l&#8217;apprentissage de la vie.<\/p>\n<p>&nbsp;<\/p>\n<p><img loading=\"lazy\" decoding=\"async\" class=\"alignnone size-full wp-image-2168\" src=\"http:\/\/www.salondulivre-pyreneen.fr\/wp-content\/uploads\/2010\/06\/mangeuses-hommes_15.jpg\" alt=\"mangeuses hommes_15\" width=\"204\" height=\"300\" \/><br \/>\n<b><i>Mangeuses d&#8217;hommes. L&#8217;\u00e9pop\u00e9e des mines de Bentaillou et de Bulard en Ari\u00e8ge<br \/>\n<\/i>Claude Dubois<br \/>\n<\/b><em>Editions Privat, 2015, 356\u00a0p.<br \/>\n<\/em>L&#8217;histoire de l&#8217;exploitation entre 1853 et 1953 des mines de zinc et, accessoirement de Plomb, de Bentaillou et du mail de Bulard (1902-1918) au-dessus de Seintein (Couserans). Dense, l&#8217;ouvrage montre l&#8217;importance de ces mines pour la production nationale malgr\u00e9 leur faible rentabilit\u00e9 \u00e9conomique qui n&#8217;interdit pas des jeux financiers fructueux, en \u00e9voquant les conditions de travail et de vie des mineurs.<\/p>\n<p>&nbsp;<\/p>\n<p><img loading=\"lazy\" decoding=\"async\" class=\"alignnone size-full wp-image-2169\" src=\"http:\/\/www.salondulivre-pyreneen.fr\/wp-content\/uploads\/2010\/06\/passages_15.jpg\" alt=\"couv\" width=\"213\" height=\"300\" \/><br \/>\n<b><i>Passages, les Pyr\u00e9n\u00e9es du nord au sud et r\u00e9ciproquement<br \/>\n<\/i>Marie Bruneau, Bertrand Genier<br \/>\n<\/b><em>Editions Cairn, 2014, 304\u00a0p.<br \/>\n<\/em>La fronti\u00e8re pyr\u00e9n\u00e9enne est vari\u00e9e, n&#8217;est pas faite que de &#8220;grands ports&#8221; sur les cr\u00eates dont elle s&#8217;\u00e9loigne parfois. Les auteurs nous pr\u00e9sentent ici des passages de la fronti\u00e8re avec leurs caract\u00e9ristiques historiques, g\u00e9ographiques et politiques propres, depuis la Bidassoa jusqu&#8217;\u00e0 Banyuls \u00a0&#8211; Port-Bou, en passant par Tuquerouye ou la gare de La-Tour-de-Carol.<\/p>\n<p>&nbsp;<\/p>\n<p><img loading=\"lazy\" decoding=\"async\" class=\"alignnone size-full wp-image-2170\" src=\"http:\/\/www.salondulivre-pyreneen.fr\/wp-content\/uploads\/2010\/06\/zoe-fourmi_15.jpg\" alt=\"zoe fourmi_15\" width=\"435\" height=\"300\" srcset=\"http:\/\/www.salondulivre-pyreneen.fr\/wp-content\/uploads\/2010\/06\/zoe-fourmi_15.jpg 435w, http:\/\/www.salondulivre-pyreneen.fr\/wp-content\/uploads\/2010\/06\/zoe-fourmi_15-300x207.jpg 300w\" sizes=\"auto, (max-width: 435px) 100vw, 435px\" \/><br \/>\n<b><i>La naissance de Zo\u00e9 la fourmi (tome 1)<br \/>\n<\/i>Xavier Sa\u00fct<br \/>\n<\/b><em>Auto-\u00e9dition, 2015, 46\u00a0p.<br \/>\n<\/em>La vie des fourmis et leurs secrets vue par Zo\u00e9, une petite fourmi pas comme les autres.<\/p>\n<p>&nbsp;<\/p>\n<p><img loading=\"lazy\" decoding=\"async\" class=\"alignnone size-full wp-image-2174\" src=\"http:\/\/www.salondulivre-pyreneen.fr\/wp-content\/uploads\/2010\/06\/couv-geo-ariege_15.jpg\" alt=\"couv-geo-ariege_15\" width=\"199\" height=\"300\" \/><br \/>\n<b><i>G\u00e9ographie amoureuse de l&#8217;Ari\u00e8ge. L&#8217;eldoradeau<br \/>\n<\/i>Michel S\u00e9bastien<br \/>\n<\/b><em>Editions Le Pas d&#8217;oiseau, 2015, 158 p.<br \/>\n<\/em>Face au changement climatique, l&#8217;Ari\u00e8ge va devenir un ch\u00e2teau d&#8217;eau salvateur si on sait faire les grands am\u00e9nagements aquatique que l&#8217;auteur propose depuis des ann\u00e9es. Un essai de futurologie \u00e0 discuter\u2026<\/p>\n<p>&nbsp;<\/p>\n<p><img loading=\"lazy\" decoding=\"async\" class=\"alignnone size-full wp-image-2178\" src=\"http:\/\/www.salondulivre-pyreneen.fr\/wp-content\/uploads\/2010\/06\/si-massat-metait-conte_15.jpg\" alt=\"si massat m'etait conte_15\" width=\"210\" height=\"300\" \/><br \/>\n<b><i>Si Massat m&#8217;\u00e9tait cont\u00e9&#8230;<br \/>\n<\/i>Isabelle Piquemal<br \/>\n<\/b><em>Editions Vox Scriba, d\u00e9c.\u00a02014, 101 p.<br \/>\n<\/em>Des petites histoires, portraits de Massat, du d\u00e9but du si\u00e8cle \u00e0 nos jours. Et aussi, le r\u00e9cit de l&#8217;aventure automobile qu&#8217;est la route de Massat, depuis la porte de Kerkabanac&#8230;<\/p>\n<p>&nbsp;<\/p>\n<p><img loading=\"lazy\" decoding=\"async\" class=\"alignnone size-full wp-image-2179\" src=\"http:\/\/www.salondulivre-pyreneen.fr\/wp-content\/uploads\/2010\/06\/touche-pas-a-mon-reve_15.jpg\" alt=\"touche pas a mon reve_15\" width=\"197\" height=\"300\" \/><br \/>\n<b><i>Touche pas \u00e0 mon r\u00eave<br \/>\n<\/i>Roland Forgues<br \/>\n<\/b><em>Editions Edilivre, mai 2015, 310 p.<br \/>\n<\/em>Le mai 68 d&#8217;un \u00e9tudiant pyr\u00e9n\u00e9en \u00e0 Dijon, et l&#8217;histoire d&#8217;une revenant, L&#8217;Africain, qui perturbe le quotidien de son village, ravivant les histoires extraconjugales de ce petit monde, dans une ambiance de meurtres inexpliqu\u00e9s.<\/p>\n<p>&nbsp;<\/p>\n<p><img loading=\"lazy\" decoding=\"async\" class=\"alignnone size-full wp-image-2184\" src=\"http:\/\/www.salondulivre-pyreneen.fr\/wp-content\/uploads\/2010\/06\/Clement-Sans_15.jpg\" alt=\"Clement-Sans_15\" width=\"209\" height=\"300\" \/><br \/>\n<b><i>Cl\u00e9ment Sans. Un pr\u00e9curseur ari\u00e9geois dans l&#8217;art photographique<br \/>\n<\/i>Claude Artigue<br \/>\n<\/b><em>Editions Vox Scriba, 2015, 130 p.<br \/>\n<\/em>Cl\u00e9ment Sans (1834-1911) est un pr\u00e9curseur m\u00e9connu de la photographie pyr\u00e9n\u00e9enne, coll\u00e8gue d&#8217;Eug\u00e8ne Trutat. Ce petit livre permet de d\u00e9couvrir la carri\u00e8re de cet ari\u00e9geois de Saurat et son \u0153uvre, o\u00f9 la carte postale tient une place importante.<\/p>\n<p>&nbsp;<\/p>\n<p><img loading=\"lazy\" decoding=\"async\" class=\"alignnone size-full wp-image-2185\" src=\"http:\/\/www.salondulivre-pyreneen.fr\/wp-content\/uploads\/2010\/06\/Esberit-tournoi-5-villes_15.jpg\" alt=\"Esberit tournoi 5 villes_15\" width=\"443\" height=\"300\" srcset=\"http:\/\/www.salondulivre-pyreneen.fr\/wp-content\/uploads\/2010\/06\/Esberit-tournoi-5-villes_15.jpg 443w, http:\/\/www.salondulivre-pyreneen.fr\/wp-content\/uploads\/2010\/06\/Esberit-tournoi-5-villes_15-300x203.jpg 300w\" sizes=\"auto, (max-width: 443px) 100vw, 443px\" \/><br \/>\n<b><i>Esberit et le tournoi des cinq villes<br \/>\n<\/i>Lydie Martin et Jean Capdevielle<br \/>\n<\/b><em>Editions Osolasba, 2015, 64 p.<br \/>\n<\/em>Le stade d&#8217;Oloron est en liesse , on y retrouve Esberit , le taureau b\u00e9arnais et son \u00e9quipe, pr\u00eats \u00e0 affronter parisiens, bordelais , am\u00e9ricains et \u00e9cossais , dans un tournoi hom\u00e9rique ou la garbure et les haricots tarbais vont jouer un r\u00f4le capital.<\/p>\n<p>&nbsp;<\/p>\n<p><img loading=\"lazy\" decoding=\"async\" class=\"alignnone size-full wp-image-2186\" src=\"http:\/\/www.salondulivre-pyreneen.fr\/wp-content\/uploads\/2010\/06\/etoile-petit-berger_15.jpg\" alt=\"etoile petit berger_15\" width=\"443\" height=\"300\" srcset=\"http:\/\/www.salondulivre-pyreneen.fr\/wp-content\/uploads\/2010\/06\/etoile-petit-berger_15.jpg 443w, http:\/\/www.salondulivre-pyreneen.fr\/wp-content\/uploads\/2010\/06\/etoile-petit-berger_15-300x203.jpg 300w\" sizes=\"auto, (max-width: 443px) 100vw, 443px\" \/><br \/>\n<b><i>L&#8217;\u00e9toile du petit berger<br \/>\n<\/i>Estelle Loiseau<br \/>\n<\/b><em>Auto \u00e9dition, 2015, 55 p.<br \/>\n<\/em>Une \u00e9toile tomb\u00e9e du ciel rencontre un petit berger, l&#8217;un et l&#8217;autre vont avancer sur le chemin de leurs r\u00eaves.<\/p>\n<p>&nbsp;<\/p>\n<p><img loading=\"lazy\" decoding=\"async\" class=\"alignnone size-full wp-image-2187\" src=\"http:\/\/www.salondulivre-pyreneen.fr\/wp-content\/uploads\/2010\/06\/TARBES-collaboration_15.jpg\" alt=\"TARBES collaboration_15\" width=\"320\" height=\"300\" srcset=\"http:\/\/www.salondulivre-pyreneen.fr\/wp-content\/uploads\/2010\/06\/TARBES-collaboration_15.jpg 320w, http:\/\/www.salondulivre-pyreneen.fr\/wp-content\/uploads\/2010\/06\/TARBES-collaboration_15-300x281.jpg 300w\" sizes=\"auto, (max-width: 320px) 100vw, 320px\" \/><br \/>\n<b><i>Tarbes et les Hautes-Pyr\u00e9n\u00e9es. Collaboration, r\u00e9sistance, lib\u00e9ration<br \/>\n<\/i>Jos\u00e9 Cub\u00e9ro, Marie Fernandez, Thomas Ferrer<br \/>\n<\/b><em>Ed. Cairn, 2015, 294 p.<br \/>\n<\/em>Le panorama historique et richement illustr\u00e9 de la vie et des \u00e9v\u00e9nement du d\u00e9partement pendant la guerre de 39 \u2013 45, ses ant\u00e9c\u00e9dents et sa m\u00e9moire. Les illustrations, tir\u00e9s de nombreux fonds, \u00e9clairent un texte accessible \u00e0 tous.<\/p>\n<p>&nbsp;<\/p>\n<p><img loading=\"lazy\" decoding=\"async\" class=\"alignnone size-full wp-image-2194\" src=\"http:\/\/www.salondulivre-pyreneen.fr\/wp-content\/uploads\/2010\/06\/balades-raquettes_15.jpg\" alt=\"balades raquettes_15\" width=\"195\" height=\"300\" \/><br \/>\n<b><i>Les Hautes Pyr\u00e9n\u00e9es en raquettes (Aure, Louron et Adour)<br \/>\n<\/i>Olivier Guix<br \/>\n<\/b><em>Editions Version Originale, 2015, 96 p.<br \/>\n<\/em>Guide pr\u00e9sentant une s\u00e9lection de 35 itin\u00e9raires couvrant la partie Est des Hautes Pyr\u00e9n\u00e9es, o\u00f9 chacun peut trouver une sortie adapt\u00e9e \u00e0 son niveau. Les descriptions sont pr\u00e9cises , illustr\u00e9es de photos ou de cartes-croquis et les parcours propos\u00e9s, d&#8217;une grande diversit\u00e9.<\/p>\n<p>&nbsp;<\/p>\n<p><img loading=\"lazy\" decoding=\"async\" class=\"alignnone size-full wp-image-2195\" src=\"http:\/\/www.salondulivre-pyreneen.fr\/wp-content\/uploads\/2010\/06\/cochon_15.jpg\" alt=\"Mise en page 1\" width=\"195\" height=\"300\" \/><br \/>\n<b><i>Histoires de cochons<br \/>\n<\/i>Abdelkader Djema\u00ef<br \/>\n<\/b><em>ed. Michalon, 2015, 176 p.<br \/>\n<\/em>Croisant all\u00e8grement anecdotes personnelles, donn\u00e9es historico-scientifiques et consid\u00e9rations philosophiques, Abdelkader Djema\u00ef nous livre un ouvrage sur le cochon, animal souvent pol\u00e9mique. Un voyage gustatif, litt\u00e9raire et historique en joviale Cochonnerie, notamment bigourdanne.<\/p>\n<p>&nbsp;<\/p>\n<p><img loading=\"lazy\" decoding=\"async\" class=\"alignnone size-full wp-image-2196\" src=\"http:\/\/www.salondulivre-pyreneen.fr\/wp-content\/uploads\/2010\/06\/mulat-barbe_15.jpg\" alt=\"mulat barbe_15\" width=\"209\" height=\"300\" \/><br \/>\n<b><i>Mulat Barbe, Contes de Bigorre<br \/>\n<\/i>Sylvie Latrille et Marie Legrand<br \/>\n<\/b><em>S&#8217;\u00e9ditions, 2015, 64 p.<br \/>\n<\/em>Cinq contes traditionnels, illustr\u00e9s en noir et blanc, qui m\u00e8nent le lecteur dans une randonn\u00e9e imaginaire \u00e0 travers les sentiers de la Bigorre.<\/p>\n<p>&nbsp;<\/p>\n<h3 id=\"archives\">Archives de l&#8217;\u00e9dition 2014<\/h3>\n<p>Les laur\u00e9ats <span style=\"color: #993300;\"><strong>2014 <\/strong><\/span>:<\/p>\n<h4>Prix du Livre Pyr\u00e9n\u00e9en<\/h4>\n<p><em><strong>Entre cimes et ab\u00eemes. L&#8217;empreinte des mineurs pyr\u00e9n\u00e9ens<\/strong><\/em>, de <strong>Leah BOSQUET<\/strong>\u00a0(photographies) et <strong>Claude DUBOIS<\/strong>\u00a0(texte) (<em>Editions Pas d&#8217;Oiseau<\/em>)<\/p>\n<h4>Prix Litt\u00e9rature Pyr\u00e9n\u00e9es<\/h4>\n<p><em><strong>Personne ne parlera de nous lorsque nous serons morts<\/strong><\/em>, de\u00a0<strong>Gil\u00a0GRAFF<\/strong>\u00a0(<em>Editions Ultima Necat<\/em>)<\/p>\n<h4>Prix Jeunesse<\/h4>\n<p><em><strong>La Transhumance ou les jolies colonies de vacances<\/strong><\/em>, de <strong>Philippe VILLETTE<\/strong>, <strong>Rapha\u00eblle JESSIC<\/strong> (textes) et <strong>Laurent GAULHIAC<\/strong> (illustrations)\u00a0(<em>Editions De Plaines en Vall\u00e9es<\/em>)<\/p>\n<p>&nbsp;<\/p>\n<h3 id=\"archives\">Archives de l&#8217;\u00e9dition 2013<\/h3>\n<p>La remise des prix 2013 a eu lieu le samedi 5 octobre 2013 \u00e0 17h30. <a href=\"http:\/\/blog.salondulivre-pyreneen.fr\/remise-des-prix-2013-du-salon-du-livre-pyreneen\">Lire l&#8217;article sur le blog du Salon &gt;&gt;<\/a><\/p>\n<p>Les laur\u00e9ats <span style=\"color: #993300;\"><strong>2013 <\/strong><\/span>:<\/p>\n<h4>Prix du Livre Pyr\u00e9n\u00e9en<\/h4>\n<p><em><a href=\"http:\/\/www.trabucaire.com\/index.php?page=shop.product_details&amp;flypage=bookshop-flypage.tpl&amp;product_id=276&amp;category_id=5&amp;manufacturer_id=1&amp;option=com_virtuemart&amp;Itemid=5\" target=\"_blank\">Les f\u00eates de l\u2019Ours en Vallespir<\/a><\/em>, de <strong>Robert BOSCH<\/strong> (texte) et <strong>No\u00ebl HAUTEMANI\u00c8RE<\/strong> (photographies) (\u00e9d. Trabucaire)<\/p>\n<h4>Prix Litt\u00e9rature Pyr\u00e9n\u00e9es<\/h4>\n<p><em><a href=\"http:\/\/www.gypaete.com\/marmcaillou.html\" target=\"_blank\">Un caillou dans la chaussure<\/a><\/em>, de <strong>Pierre MORA<\/strong> (\u00c9ditions Gypa\u00e8te, collection Les Marmottes hibernent aussi)<\/p>\n<h4>Prix du Guide Pyr\u00e9n\u00e9en<\/h4>\n<p><em>Les Pyr\u00e9n\u00e9es en faces, tome 2<\/em>, de <strong>Laurent LAFFORGUE<\/strong> (\u00c9ditions Version Originale, collection Hors Sentiers)<\/p>\n<p><a href=\"http:\/\/www.salondulivre-pyreneen.fr\/programme\/ouvrages-concourant-aux-prix\/edition-2013\/\">Tous les livres en lice pour les Prix 2013<\/a><\/p>\n<p>&nbsp;<\/p>\n<h3>Archives de l&#8217;\u00e9dition 2012<\/h3>\n<p>La remise des prix 2012 a eu lieu le dimanche 7 octobre 2012 \u00e0 17h45 lors de la cl\u00f4ture du Salon du Livre Pyr\u00e9n\u00e9en.<\/p>\n<p>Les laur\u00e9ats <span style=\"color: #993300;\"><strong>2012 <\/strong><\/span>:<\/p>\n<h4>Prix du Livre Pyr\u00e9n\u00e9en<\/h4>\n<p><em>Enl\u00e0 de la p\u00e0tria \/ Au dela de la patrie<\/em>, de <strong>Christine Lang\u00e9<\/strong> et <strong>Magali Rieu<\/strong> (\u00e9d. Trabucaire \/ Archives D\u00e9partementales des Pyr\u00e9n\u00e9es Orientales)<\/p>\n<h4>Prix du Guide Pyr\u00e9n\u00e9en<\/h4>\n<p><em>Atlas des oiseaux nicheurs de Midi-Pyr\u00e9n\u00e9es<\/em>, coordonn\u00e9 par <strong>Sylvain Fr\u00e9maux<\/strong> et <strong>Jean Rami\u00e8re<\/strong> (\u00e9d. Delachaux et Niestl\u00e9 \/ Nature Midi-Pyr\u00e9n\u00e9es)<\/p>\n<h4>Prix Litt\u00e9rature Pyr\u00e9n\u00e9es<\/h4>\n<p><em>Mon enfance sauvage<\/em>,\u00a0 de <strong>Djalla-Maria Longa<\/strong> (\u00e9d. Gl\u00e9nat)<\/p>\n<p><a href=\"http:\/\/www.salondulivre-pyreneen.fr\/programme\/ouvrages-concourant-aux-prix\/edition-2012\/\">Tous les livres en lice pour les Prix 2012<\/a><\/p>\n<p>&nbsp;<\/p>\n<h3>Archives de l&#8217;\u00e9dition 2011<\/h3>\n<p>La <a href=\"http:\/\/blog.salondulivre-pyreneen.fr\/remise-des-prix-2011-salon-du-livre-pyreneen\">remise des prix 2011<\/a> a eu lieu le dimanche 8 octobre 2011 \u00e0 18h lors de la cl\u00f4ture du Salon du Livre Pyr\u00e9n\u00e9en.<\/p>\n<p>Les laur\u00e9ats <span style=\"color: #993300;\"><strong>2011 <\/strong><\/span>:<\/p>\n<h4>Prix du Livre Pyr\u00e9n\u00e9en :<\/h4>\n<p><em>Gavarnie, histoire d\u2019un grand site<\/em>, de Alain Bourneton &amp; <em>Le voisin et le migrant: Hommes et circulation dans les Pyr\u00e9n\u00e9es modernes (XVIe-XIXe si\u00e8cle)<\/em> de <strong>Patrice Poujade<\/strong><\/p>\n<h4>Prix du Guide Pyr\u00e9n\u00e9en :<\/h4>\n<p><em>Guide arch\u00e9ologique de Midi-Pyr\u00e9n\u00e9es : 1000 av. J.C. \/ 1000 ap. J.C.<\/em>, sous la direction de <strong>Robert Sablayrolles<\/strong> avec la collaboration de <strong>Marie Laure Maraval<\/strong><\/p>\n<h4>Prix Litt\u00e9rature Pyr\u00e9n\u00e9es :<\/h4>\n<p><em>Glac\u00e9<\/em>, de <strong>Bernard Minier<\/strong><\/p>\n<h4>Prix Jeunesse Pyr\u00e9n\u00e9es :<\/h4>\n<p><em>Laurent le Berger<\/em>, texte <strong>Rapha\u00eblle Jessic<\/strong>, illustrations de <strong>Laurent Gaulhiac<\/strong><br \/>\n<a href=\"http:\/\/www.salondulivre-pyreneen.fr\/programme\/ouvrages-concourant-aux-prix\/edition-2011\/\"><br \/>\nTous les livres en lice pour les Prix 2011<\/a><\/p>\n<p>&nbsp;<\/p>\n<h3>Archives de l&#8217;\u00e9dition 2010<\/h3>\n<p>La <a href=\"http:\/\/blog.salondulivre-pyreneen.fr\/remise-prix-salon-du-livre-pyreneen-2010\">remise des prix 2010<\/a> a eu lieu le dimanche 3 octobre 2010 \u00e0 17h45 lors de la cl\u00f4ture du Salon du Livre Pyr\u00e9n\u00e9en.<\/p>\n<p>Les laur\u00e9ats <span style=\"color: #993300;\"><strong>2010 <\/strong><\/span>:<\/p>\n<h4>Prix du Livre Pyr\u00e9n\u00e9en :<\/h4>\n<p><em>Les Pyr\u00e9n\u00e9es<\/em>, de <strong>Joseph Can\u00e9rot<\/strong><\/p>\n<h4>Prix du Guide Pyr\u00e9n\u00e9en :<\/h4>\n<p><em>Les f\u00eates des Pyr\u00e9n\u00e9es<\/em>, d&#8217;<strong>Olivier de Marliave<\/strong><\/p>\n<h4>Prix Litt\u00e9rature Pyr\u00e9n\u00e9es :<\/h4>\n<p><em>Tristes Montagnes<\/em>, de <strong>Severino Pallaruelo<\/strong><\/p>\n<p><a href=\"http:\/\/www.salondulivre-pyreneen.fr\/programme\/ouvrages-concourant-aux-prix\/edition-2010\/\">Tous les livres en lice pour les Prix 2010<\/a><\/p>\n<p>http:\/\/www.editionspinacrochets.com\/livre.php?ind=45<\/p>\n","protected":false},"excerpt":{"rendered":"<p>Liste 2015 en cours d&#8217;\u00e9laboration. Du sang pour une rivi\u00e8re (Donde duermen las aguas) Lorenzo Mediano, Charles M\u00e9rigot (traduction) \u00c9ditions la ramonda, 2014, 340 p. Pyr\u00e9n\u00e9es aragonaises, ann\u00e9es 1980, l\u2019Espagne est en pleine transition et les projets d\u2019am\u00e9nagement, largement financ\u00e9s par l\u2019Union Europ\u00e9enne, ne s\u2019embarrassent pas des populations locales encore recluses au bout d\u2019une piste. [&hellip;]<\/p>\n","protected":false},"author":1,"featured_media":0,"parent":0,"menu_order":0,"comment_status":"closed","ping_status":"closed","template":"","meta":{"footnotes":""},"class_list":["post-2292","page","type-page","status-publish","hentry"],"_links":{"self":[{"href":"http:\/\/www.salondulivre-pyreneen.fr\/index.php?rest_route=\/wp\/v2\/pages\/2292","targetHints":{"allow":["GET"]}}],"collection":[{"href":"http:\/\/www.salondulivre-pyreneen.fr\/index.php?rest_route=\/wp\/v2\/pages"}],"about":[{"href":"http:\/\/www.salondulivre-pyreneen.fr\/index.php?rest_route=\/wp\/v2\/types\/page"}],"author":[{"embeddable":true,"href":"http:\/\/www.salondulivre-pyreneen.fr\/index.php?rest_route=\/wp\/v2\/users\/1"}],"replies":[{"embeddable":true,"href":"http:\/\/www.salondulivre-pyreneen.fr\/index.php?rest_route=%2Fwp%2Fv2%2Fcomments&post=2292"}],"version-history":[{"count":4,"href":"http:\/\/www.salondulivre-pyreneen.fr\/index.php?rest_route=\/wp\/v2\/pages\/2292\/revisions"}],"predecessor-version":[{"id":4216,"href":"http:\/\/www.salondulivre-pyreneen.fr\/index.php?rest_route=\/wp\/v2\/pages\/2292\/revisions\/4216"}],"wp:attachment":[{"href":"http:\/\/www.salondulivre-pyreneen.fr\/index.php?rest_route=%2Fwp%2Fv2%2Fmedia&parent=2292"}],"curies":[{"name":"wp","href":"https:\/\/api.w.org\/{rel}","templated":true}]}}