{"id":3396,"date":"2019-01-23T18:23:53","date_gmt":"2019-01-23T16:23:53","guid":{"rendered":"http:\/\/www.salondulivre-pyreneen.fr\/?page_id=3396"},"modified":"2021-05-20T15:22:28","modified_gmt":"2021-05-20T13:22:28","slug":"livres-concours-2018","status":"publish","type":"page","link":"http:\/\/www.salondulivre-pyreneen.fr\/?page_id=3396","title":{"rendered":"Livres pr\u00e9sent\u00e9s au concours 2018"},"content":{"rendered":"<p>&nbsp;<\/p>\n<h3>En 2018, 72 ouvrages ont \u00e9t\u00e9 re\u00e7us pour concourir<\/h3>\n<p><strong>aux prix du Livre Pyr\u00e9n\u00e9en<\/strong>. Le jury a <strong>pr\u00e9-selectionn\u00e9<\/strong> les ouvrages suivants :<\/p>\n<p>&nbsp;<\/p>\n<p>Pour le <strong>PRIX DU LIVRE PYR\u00c9N\u00c9EN &#8211; CONNAISSANCES<\/strong> :<\/p>\n<p>&nbsp;<\/p>\n<p><img loading=\"lazy\" decoding=\"async\" class=\"alignnone size-full wp-image-3132\" src=\"http:\/\/www.salondulivre-pyreneen.fr\/wp-content\/uploads\/2017\/03\/quand-la-pauvrete-etait-un-crime_w.jpg\" alt=\"quand la pauvrete etait un crime_w\" width=\"197\" height=\"300\" \/><br \/>\n<b><i>Quand la pauvret\u00e9 \u00e9tait un crime. Les gueux dans le Sud-Ouest au si\u00e8cle des Lumi\u00e8res (1763-1789)<br \/>\n<\/i><\/b><strong>Fran\u00e7oise Froelhy<br \/>\n<\/strong><em>Cairn, 2018, 188 p.<br \/>\n<\/em>A la veille de la R\u00e9volution, la pauvret\u00e9 se r\u00e9pand, se d\u00e9veloppe dans le Sud-Ouest. R\u00e9alit\u00e9s, r\u00e9ponses de l\u2019\u00c9tat et discours sont ici examin\u00e9s. &#8220;Mauvais pauvre&#8221; face au &#8220;bon pauvre&#8221;\u2026 &#8220;D\u00e9cid\u00e9ment, la pr\u00e9sent s\u2019ancre pleinement dans le pass\u00e9&#8221;, conclut l\u2019auteure.<\/p>\n<p>&nbsp;<\/p>\n<p><img loading=\"lazy\" decoding=\"async\" class=\"alignnone size-full wp-image-3172\" src=\"http:\/\/www.salondulivre-pyreneen.fr\/wp-content\/uploads\/2017\/03\/histoire-nationalisme-basque_w.jpg\" alt=\"histoire nationalisme basque_w\" width=\"224\" height=\"300\" \/><br \/>\n<b><i>Histoire du nationalisme basque : le PNV 1893-1980<br \/>\n<\/i><\/b><strong>Jean Claude Larronde<br \/>\n<\/strong><em>Elkar, 2017, 236 p.<br \/>\n<\/em>Une exploration du nationalisme basque de 1893 \u00e0 1980 men\u00e9e avec une dynamique chronologique comme fil directeur. Une d\u00e9marche bien probl\u00e9matis\u00e9e, bien contextualis\u00e9e et structur\u00e9e. Une approche tr\u00e8s compl\u00e8te du mouvement basque avec des photos, des notes de bas de page bien plac\u00e9es.<\/p>\n<p>&nbsp;<\/p>\n<p><img loading=\"lazy\" decoding=\"async\" class=\"alignnone size-full wp-image-3171\" src=\"http:\/\/www.salondulivre-pyreneen.fr\/wp-content\/uploads\/2017\/03\/Eglises-de-la-terre_w.jpg\" alt=\"Eglises de la terre_w\" width=\"205\" height=\"300\" \/><br \/>\n<b><i>Les \u00e9glises de la Terre. Les communaut\u00e9s paysannes du Val d\u2019Aran et des Pyr\u00e9n\u00e9es centrales, XIIIe-XVIIe si\u00e8cle.<br \/>\n<\/i><\/b><strong>Serge Brunet<br \/>\n<\/strong><em>Privat, 2018, 508 p.<br \/>\n<\/em>Le Val d\u2019Aran, une situation singuli\u00e8re : pour son administration eccl\u00e9siale il d\u00e9pend de l\u2019\u00e9v\u00each\u00e9 du Comminges, mais il d\u00e9pend des souverains aragonais. A travers l\u2019histoire des communaut\u00e9s de pr\u00eatres \u00ab portionnaires \u00bb se dessine celle de l\u2019autonomie pr\u00e9serv\u00e9e de cette vall\u00e9e, sa vie sociale et politique. Une histoire anthropologique en miroir avec celle des vall\u00e9es voisines, des espaces plus lointains pour r\u00e9inscrire les organisations cl\u00e9ricales dans les quotidiens des communaut\u00e9s rurales.<\/p>\n<p>&nbsp;<\/p>\n<p><img loading=\"lazy\" decoding=\"async\" class=\"alignnone size-full wp-image-3230\" src=\"http:\/\/www.salondulivre-pyreneen.fr\/wp-content\/uploads\/2017\/03\/opera-catalan_w.jpg\" alt=\"opera catalan_w\" width=\"191\" height=\"300\" \/><br \/>\n<b><i>L&#8217;Op\u00e9ra catalan, la Fada. Aux sources d\u2019une \u0153uvre moderniste<br \/>\n<\/i><\/b><strong>direction de Fran\u00e7oise Mignon<br \/>\n<\/strong><em>\u00e9ditions du Trabucaire, 2018, 192 p.<br \/>\n<\/em>Le livret de cet op\u00e9ra de la &#8220;Renaixanca&#8221;, est l\u2019occasion de mettre \u00e0 jour les trames profondes qui relient l\u2019excursionnisme, la culture traditionnelle comme la plus contemporaine (un lien avec Wagner se profile), la d\u00e9fense et modernisation de la langue catalane\u2026<\/p>\n<p>&nbsp;<\/p>\n<p><img loading=\"lazy\" decoding=\"async\" class=\"alignnone size-full wp-image-3188\" src=\"http:\/\/www.salondulivre-pyreneen.fr\/wp-content\/uploads\/2017\/03\/EMIGRATION_DES_PYRENEENS_w.jpg\" alt=\"EMIGRATION_DES_PYRENEENS_w\" width=\"216\" height=\"300\" \/><br \/>\n<b><i>L\u2019Emigration des Pyr\u00e9n\u00e9ens aux Am\u00e9riques. Basques, B\u00e9arnais, Bigourdans, Gascons.<br \/>\n<\/i><\/b><strong>Pierre Accoce<br \/>\n<\/strong><em>Cairn, 2018, 180 p.<br \/>\n<\/em>D\u2019une famille protestante originaire du Sud-Ouest, le britannique Samuel Fischer Lafone, install\u00e9 en Uruguay organise, avec des agents recrut\u00e9s tant au Pays -Basque qu\u2019en B\u00e9arn et Bigorre, l\u2019\u00e9migration massive des \u00ab grands b\u00e9rets \u00bb pendant le XIXe si\u00e8cle. Et ce \u00e0 la demande du gouvernement uruguayen. Cette histoire croise aussi celle des pays de destination, leurs crises et leurs conflits.<\/p>\n<p>&nbsp;<\/p>\n<p><img loading=\"lazy\" decoding=\"async\" class=\"alignnone size-full wp-image-3203\" src=\"http:\/\/www.salondulivre-pyreneen.fr\/wp-content\/uploads\/2017\/03\/Sortir-de-la-guerre_w.jpg\" alt=\"Sortir de la guerre_w\" width=\"206\" height=\"300\" \/><br \/>\n<b><i>1 Sortir de la guerre : tumultes, chaos et mises en cause. Les Hautes-Pyr\u00e9n\u00e9es (1944-1952)<br \/>\n<\/i><\/b><strong>Jos\u00e9 Cub\u00e9ro<br \/>\n<\/strong><em>Cairn, 2018, 228 p.<br \/>\n<\/em>Comme d\u2019autres d\u00e9partements, peut-\u00eatre avec des particularit\u00e9s s\u2019interroge l\u2019auteur, les Hautes-Pyr\u00e9n\u00e9es ont v\u00e9cu la p\u00e9riode de l\u2019\u00e9puration et des d\u00e9buts de la reconstruction \u00e0 partir de leur lib\u00e9ration en ao\u00fbt 1944. Avec pr\u00e9cision l\u2019auteur retrace cette p\u00e9riode dans sa globalit\u00e9 (\u00e9puration, vie politique, \u00e9conomique, sociale\u2026), jusqu\u2019en 1952. Un dernier chapitre sur la construction de la m\u00e9moire d\u00e9partementale prolonge ce livre jusqu\u2019\u00e0 nos jours.<\/p>\n<p>&nbsp;<\/p>\n<p>Pour le <strong>PRIX DU LIVRE PYR\u00c9N\u00c9EN &#8211; LITT\u00c9RATURE<\/strong> :<\/p>\n<p>&nbsp;<\/p>\n<p><img loading=\"lazy\" decoding=\"async\" class=\"alignnone size-full wp-image-3126\" src=\"http:\/\/www.salondulivre-pyreneen.fr\/wp-content\/uploads\/2017\/03\/ou-allons-nous.jpg\" alt=\"ou-allons-nous\" width=\"181\" height=\"300\" \/><br \/>\n<b><i>O\u00f9 allons-nous ?<br \/>\n<\/i><\/b><strong>Ana Tena Puy<br \/>\n<\/strong><em>Gara ediziones &#8211; La Ramonda, 2017, 132 p.<br \/>\n<\/em>Complainte nostalgique d\u2019un vieil homme qui voit dispara\u00eetre son monde, son village mourir, se d\u00e9peupler, et de nouvelles pratiques se d\u00e9velopper avec ses petits enfants&#8230;<\/p>\n<p>&nbsp;<\/p>\n<p><img loading=\"lazy\" decoding=\"async\" class=\"alignnone size-full wp-image-3194\" src=\"http:\/\/www.salondulivre-pyreneen.fr\/wp-content\/uploads\/2017\/03\/Le-Cheptel_w.jpg\" alt=\"Le Cheptel_w\" width=\"196\" height=\"300\" \/><br \/>\n<b><i>Le Cheptel<br \/>\n<\/i><\/b><strong>C\u00e9line Denjean<br \/>\n<\/strong><em>Marabout, 2018, 656 p.<br \/>\n<\/em>Thriller o\u00f9 une Haute-Bigorre compl\u00e8tement redessin\u00e9e, mais avec une description pr\u00e9cise de Bagn\u00e8res, rec\u00e8le le n\u0153ud de crimes particuli\u00e8rement sordides, en rapport avec les d\u00e9rives sectaires d\u2019une entreprise originellement salvatrice. Sur ce territoire se rencontrent au final les protagonistes et leurs histoires qui au d\u00e9but ne semblaient pas avoir de liens.<\/p>\n<p>&nbsp;<\/p>\n<p><img loading=\"lazy\" decoding=\"async\" class=\"alignnone size-full wp-image-3175\" src=\"http:\/\/www.salondulivre-pyreneen.fr\/wp-content\/uploads\/2017\/03\/Montre_gousset_w.jpg\" alt=\"Montre_gousset_w\" width=\"185\" height=\"300\" \/><br \/>\n<b><i>La Montre \u00e0 gousset<br \/>\n<\/i><\/b><strong>Chus\u00e9 Inazio Nabarro<br \/>\n<\/strong><em>Gara d&#8217;\u00e9dizions et La Ramonda, 2017, 130 p.<br \/>\n<\/em>L\u2019\u00e9trange voyage autour du monde d\u2019un jeune aragonais du Sobrabre. Sa vision des singularit\u00e9s du monde se traduit, \u00e0 son retour au pays, par la d\u00e9couverte de sa langue : l\u2019aragonais.<\/p>\n<p>&nbsp;<\/p>\n<p><img loading=\"lazy\" decoding=\"async\" class=\"alignnone size-full wp-image-3212\" src=\"http:\/\/www.salondulivre-pyreneen.fr\/wp-content\/uploads\/2017\/03\/leurs-chemins_w1.jpg\" alt=\"leurs chemins_w\" width=\"221\" height=\"300\" \/><br \/>\n<b><i>Leurs chemins<br \/>\n<\/i><\/b><strong>Marie-H\u00e9l\u00e8ne Nunez<br \/>\n<\/strong><em>Az&#8217;art atelier \u00e9ditions, 2018, 284 p.<br \/>\n<\/em>La rencontre de deux \u00eatres, p\u00e9tris par leurs histoires familiales d\u2019o\u00f9 la retirada et l\u2019exil, la fuite, les migrations ne sont pas absents. Les Pyr\u00e9n\u00e9es, lieux de passages, de refuges, de ressourcements sont aussi un personnage fort de ce roman qui r\u00e9sonne avec notre actualit\u00e9.<\/p>\n<p>&nbsp;<\/p>\n<p><img loading=\"lazy\" decoding=\"async\" class=\"alignnone size-full wp-image-3116\" src=\"http:\/\/www.salondulivre-pyreneen.fr\/wp-content\/uploads\/2017\/03\/desordres-du-monde_w.jpg\" alt=\"desordres du monde_w\" width=\"187\" height=\"300\" \/><br \/>\n<b><i>Les D\u00e9sordres du monde<br \/>\n<\/i><\/b><strong>S\u00e9bastien Rongier<br \/>\n<\/strong><em>Pauvert, 2017, 216 p.<br \/>\n<\/em>&#8220;L\u2019oeuvrement&#8221; de Karavan en m\u00e9moire de l\u2019apatride Walter Benjamin, &#8220;Passages de Port-Bou est une exp\u00e9rience.&#8221; Exp\u00e9rience de l\u2019auteur dans les r\u00e9sonances entre l\u2019hier et l\u2019aujourd\u2019hui des r\u00e9alit\u00e9s \u00e9migr\u00e9es et des pens\u00e9es li\u00e9es \u00e0 Benjamin.<\/p>\n<p>&nbsp;<\/p>\n<p><img loading=\"lazy\" decoding=\"async\" class=\"alignnone size-full wp-image-3223\" src=\"http:\/\/www.salondulivre-pyreneen.fr\/wp-content\/uploads\/2017\/03\/terres-de-sel_w.jpg\" alt=\"terres de sel_w\" width=\"204\" height=\"300\" \/><br \/>\n<b><i>Terres de sel<br \/>\n<\/i><\/b><strong>Sylvie Anahory<br \/>\n<\/strong><em>Cairn, 2018, 250 p.<br \/>\n<\/em>A travers l\u2019histoire d\u2019une famille, ses tribulations, son positionnement face aux changements du monde, l\u2019auteure raconte aussi celle de Salies-du-B\u00e9arn, de sa fontaine sal\u00e9e, de sa transformation du petit village o\u00f9 seuls les habitants &#8220;portionnaires&#8221; ont le droit d\u2019exploiter le sel au XVIe si\u00e8cle, en ville d\u2019eaux mondaine au XIXe si\u00e8cle.<\/p>\n<p>&nbsp;<\/p>\n<p><img loading=\"lazy\" decoding=\"async\" class=\"alignnone size-full wp-image-3195\" src=\"http:\/\/www.salondulivre-pyreneen.fr\/wp-content\/uploads\/2017\/03\/Le-long-Silence-de-Veronica_w.jpeg\" alt=\"Le long Silence de Veronica_w\" width=\"210\" height=\"300\" \/><br \/>\n<b><i>Le long Silence de V\u00e9ronica<br \/>\n<\/i><\/b><strong>Patrick De Meerleer<br \/>\n<\/strong><em>Le Pas d\u2019oiseau, 2018, 208 p.<br \/>\n<\/em>Sur fond de Retirada, rappelant l\u2019histoire de la maternit\u00e9 d\u2019Elne (1939-1944), ce roman r\u00e9sonne des bruits et silences des origines familiales des rescap\u00e9s, des r\u00e9fugi\u00e9s espagnols et aussi de ceux des drames plus r\u00e9cents de l\u2019Indochine, du Rwanda.<\/p>\n<p>&nbsp;<\/p>\n<p>Pour le <strong>PRIX DU LIVRE PYR\u00c9N\u00c9EN &#8211; GUIDE<\/strong> :<\/p>\n<p>&nbsp;<\/p>\n<p><img loading=\"lazy\" decoding=\"async\" class=\"alignnone size-full wp-image-3127\" src=\"http:\/\/www.salondulivre-pyreneen.fr\/wp-content\/uploads\/2017\/03\/papillons-des-pyrenees.jpg\" alt=\"papillons des pyrenees\" width=\"203\" height=\"300\" \/><br \/>\n<b><i>Papillons des Pyr\u00e9n\u00e9es (t1)<br \/>\n<\/i><\/b><strong>Jean-Louis Four\u00e8s<br \/>\n<\/strong><em>\u00e9ditions de La Cassignole, 2017, 320 p.<br \/>\n<\/em>D\u00e9couvrir et conna\u00eetre les papillons des Pyr\u00e9n\u00e9es, tel est le but de cet ouvrage qui, tant dans les illustrations que les textes, rappelle les \u00e9motions que cette qu\u00eate procure, seul ou en famille.<\/p>\n<p>&nbsp;<\/p>\n<p><img loading=\"lazy\" decoding=\"async\" class=\"alignnone size-full wp-image-3220\" src=\"http:\/\/www.salondulivre-pyreneen.fr\/wp-content\/uploads\/2017\/03\/patrimoine-extraordinaire-chemins-de-fer_w.jpg\" alt=\"SCopieur Ko18051510350\" width=\"225\" height=\"300\" \/><br \/>\n<b><i>Patrimoine extraordinaire du chemin de fer dans les Pyr\u00e9n\u00e9es<br \/>\n<\/i><\/b><strong>Pascal Desmichel, Fr\u00e9d\u00e9ric Faucon<br \/>\n<\/strong><em>Bonneton, 2018, 175 p.<br \/>\n<\/em>Ce guide nous invite \u00e0 des d\u00e9couvertes insolites, \u00e0 voir les paysages pyr\u00e9n\u00e9ens avec et depuis leurs chemins de fer. Tout en d\u00e9couvrant l\u2019histoire, les r\u00f4les et l\u2019utilit\u00e9 des diff\u00e9rentes voies. Des patrimoines encore en activit\u00e9s c\u00f4toient des vieilles ruines qui rappellent une histoire de d\u00e9veloppement qui a tourn\u00e9 court.<\/p>\n<p>&nbsp;<\/p>\n<p><img loading=\"lazy\" decoding=\"async\" class=\"alignnone size-full wp-image-3140\" src=\"http:\/\/www.salondulivre-pyreneen.fr\/wp-content\/uploads\/2017\/03\/longitude-zero_w.jpg\" alt=\"longitude zero_w\" width=\"212\" height=\"300\" \/><br \/>\n<b><i>Pyr\u00e9n\u00e9es. Longitude z\u00e9ro. Une travers\u00e9e in\u00e9dite le long du m\u00e9ridien de Greenwich<br \/>\n<\/i><\/b><strong>Bruno Valcke<br \/>\n<\/strong><em>Rando \u00e9ditions, 2017, 168 p.<br \/>\n<\/em>Le m\u00e9ridien de Greenwich (longitude z\u00e9ro) traverse les Pyr\u00e9n\u00e9es, de Lourdes en Bigorre \u00e0 Alquezar en Aragon(\u00e0 peu pr\u00e8s). L\u2019auteur raconte son cheminement au plus pr\u00e8s de cette ligne et nous incite \u00e0 le suivre.<\/p>\n<p>&nbsp;<\/p>\n<p><img loading=\"lazy\" decoding=\"async\" class=\"alignnone size-full wp-image-3193\" src=\"http:\/\/www.salondulivre-pyreneen.fr\/wp-content\/uploads\/2017\/03\/lacs-des-pyenees_w.jpg\" alt=\"lacs des pyenees_w\" width=\"211\" height=\"300\" \/><br \/>\n<b><i>Lacs des Pyr\u00e9n\u00e9es (vol 1) les plus belles randonn\u00e9es : Luchonnais, val d\u2019Aran, Ari\u00e8ge , Andorre, Cerdagne, Capcir<br \/>\n<\/i><\/b><strong>Jean-Pierre Sir\u00e9jol<br \/>\n<\/strong><em>Rando \u00e9ditions, 2018, 192 p.<br \/>\n<\/em>Une proposition illustr\u00e9e de nombreuses photos pour d\u00e9couvrir une cinquantaine de lacs de l\u2019Est pyr\u00e9n\u00e9en, du Pays de Luchon \u00e0 la Cerdagne. Pr\u00e9sentation des lacs et balades, petites pr\u00e9sentations de curiosit\u00e9s ou particularit\u00e9s des vall\u00e9es parcourues.<\/p>\n<p>&nbsp;<\/p>\n<p><img loading=\"lazy\" decoding=\"async\" class=\"alignnone size-full wp-image-3236\" src=\"http:\/\/www.salondulivre-pyreneen.fr\/wp-content\/uploads\/2017\/03\/Escalades_givrees_aux_pyrenees_w.jpg\" alt=\"Escalades_givrees_aux_pyrenees_w\" width=\"423\" height=\"300\" srcset=\"http:\/\/www.salondulivre-pyreneen.fr\/wp-content\/uploads\/2017\/03\/Escalades_givrees_aux_pyrenees_w.jpg 423w, http:\/\/www.salondulivre-pyreneen.fr\/wp-content\/uploads\/2017\/03\/Escalades_givrees_aux_pyrenees_w-300x213.jpg 300w\" sizes=\"auto, (max-width: 423px) 100vw, 423px\" \/><br \/>\n<b><i>Escalades givr\u00e9es aux Pyr\u00e9n\u00e9es<br \/>\n<\/i><\/b><strong>Charles Perrin<br \/>\n<\/strong><em>auto-\u00e9dition, 2018, non pagin\u00e9<br \/>\n<\/em>Givr\u00e9es, peut-\u00eatre bien \u00e0 tous les sens du terme, car ce recueil propose de tr\u00e8s nombreuses voies hivernales qui, si elles attirent les pratiquants, feront fr\u00e9mir les b\u00e9otiens en la mati\u00e8re avec leurs illustrations.<\/p>\n<p>&nbsp;<\/p>\n<p>Pour le <strong>PRIX DU LIVRE PYR\u00c9N\u00c9EN &#8211; BINAROS<\/strong> :<\/p>\n<p>&nbsp;<\/p>\n<p><img loading=\"lazy\" decoding=\"async\" class=\"alignnone size-full wp-image-3170\" src=\"http:\/\/www.salondulivre-pyreneen.fr\/wp-content\/uploads\/2017\/03\/Des-hommes-et-ds-recits_w.jpg\" alt=\"Des hommes et ds recits_w\" width=\"375\" height=\"300\" srcset=\"http:\/\/www.salondulivre-pyreneen.fr\/wp-content\/uploads\/2017\/03\/Des-hommes-et-ds-recits_w.jpg 375w, http:\/\/www.salondulivre-pyreneen.fr\/wp-content\/uploads\/2017\/03\/Des-hommes-et-ds-recits_w-300x240.jpg 300w\" sizes=\"auto, (max-width: 375px) 100vw, 375px\" \/><br \/>\n<b><i>Des hommes et des r\u00e9cits au pays de Luchon<br \/>\n<\/i><\/b><strong>Jean Garcia<br \/>\n<\/strong><em>auto-\u00e9dition, 2017, non pagin\u00e9<br \/>\n<\/em>Des anciens du pays de Luchon ont accept\u00e9 de se faire photographier dans leur environnement quotidien par Jean Garcia. Ils rappellent par de courts r\u00e9cits les moments important de leur vie. Un t\u00e9moignage qui par petite touche recr\u00e9e le quotidien et les ruptures \u00e9conomiques et sociales du XXe si\u00e8cle.<\/p>\n<p>&nbsp;<\/p>\n<p><img loading=\"lazy\" decoding=\"async\" class=\"alignnone size-full wp-image-3118\" src=\"http:\/\/www.salondulivre-pyreneen.fr\/wp-content\/uploads\/2017\/03\/filmer-pyrenees_w.jpg\" alt=\"memoire_filmique_4\" width=\"221\" height=\"300\" \/><br \/>\n<b><i>Filmer les Pyr\u00e9n\u00e9es<br \/>\n<\/i><\/b><strong>Collectif, sous la direction de Michel Cad\u00e9<br \/>\n<\/strong><em>Trabuca\u00efre, cin\u00e9math\u00e8que de toulouse, Institut Jean Vigo, 2017, 127 p., et un DVD, r\u00e9alisation Cl\u00e9mentine Carri\u00e9<br \/>\n<\/em>D\u00e9marche originale et inaugurale sur le patrimoine filmique des Pyr\u00e9n\u00e9es. Les collections d\u2019amateurs sont ici privil\u00e9gi\u00e9es, &#8220;surprenant gel du pr\u00e9sent au coeur du pass\u00e9&#8221;. Les contributions des diff\u00e9rents auteurs contextualisent le film pr\u00e9sent\u00e9, et l\u2019interview des fr\u00e8res Larrieu ouvre d\u2019autres horizons.<\/p>\n<p>&nbsp;<\/p>\n<p><img loading=\"lazy\" decoding=\"async\" class=\"alignnone size-full wp-image-3228\" src=\"http:\/\/www.salondulivre-pyreneen.fr\/wp-content\/uploads\/2017\/03\/carnets-vall-d-oubly_w.jpg\" alt=\"carnets vall d oubly_w\" width=\"300\" height=\"300\" srcset=\"http:\/\/www.salondulivre-pyreneen.fr\/wp-content\/uploads\/2017\/03\/carnets-vall-d-oubly_w.jpg 300w, http:\/\/www.salondulivre-pyreneen.fr\/wp-content\/uploads\/2017\/03\/carnets-vall-d-oubly_w-150x150.jpg 150w\" sizes=\"auto, (max-width: 300px) 100vw, 300px\" \/><br \/>\n<b><i>Les Carnets du Vall d\u2019Oubly<br \/>\n<\/i><\/b><strong>Albert Lemant<br \/>\n<\/strong><em>Plume de carotte \u2013 Cairn, 2018, 102 p.<br \/>\n<\/em>Conte original pour adultes et enfants qui nous fait entrer dans le monde merveilleux et souvent invers\u00e9 du dessinateur-illustrateur Albert Lemant. Qu\u2019est-ce qui change derri\u00e8re le rideau d\u2019eau de la cascade\u2026 \u00e0 la fois si peu et si profond\u00e9ment !<\/p>\n<p>&nbsp;<\/p>\n<p><img loading=\"lazy\" decoding=\"async\" class=\"alignnone size-full wp-image-3222\" src=\"http:\/\/www.salondulivre-pyreneen.fr\/wp-content\/uploads\/2017\/03\/Style-Gomez_w.jpg\" alt=\"Style Gomez_w\" width=\"240\" height=\"300\" \/><br \/>\n<b><i>Le Style Gomez (Louis et Benjamin)<br \/>\n<\/i><\/b><strong>Isabelle Saphore<br \/>\n<\/strong><em>Atlantica, 2017, 623 p.<br \/>\n<\/em>Ce &#8220;tandem d\u2019exception&#8221; dont les cr\u00e9ations architecturales s\u2019entendent sur la premi\u00e8re moiti\u00e9 du XXe si\u00e8cle, a propos\u00e9 un style qui allie tradition et modernit\u00e9 : n\u00e9or\u00e9gionaliste basque. Benjamin (1885-1959), d\u2019ailleurs tr\u00e8s impliqu\u00e9 dans la vie politique et culturelle de Bayonne (cr\u00e9ateur en somme des &#8220;f\u00eates de Bayone&#8221;), est plut\u00f4t d\u00e9corateur et cr\u00e9e notamment des meubles, pendant que Louis (1876-1940) r\u00e9alise les b\u00e2timents. La cr\u00e9ation du front de mer d\u2019Hossegor reste une de leurs \u0153uvre majeure et toujours visible dans son unit\u00e9.<\/p>\n<p>&nbsp;<\/p>\n<p>Les autres <strong>ouvrages 2018<\/strong> :<\/p>\n<p>&nbsp;<\/p>\n<p><img loading=\"lazy\" decoding=\"async\" class=\"alignnone size-full wp-image-3091\" src=\"http:\/\/www.salondulivre-pyreneen.fr\/wp-content\/uploads\/2017\/03\/a-la-conqu\u00eate-des-plantes-du-Roussillon_w.jpg\" alt=\"a la conqu\u00eate des plantes du Roussillon_w\" width=\"257\" height=\"300\" \/><br \/>\n<b><i>A la conqu\u00eate des plantes du Roussillon. A parfun, aromatiques et m\u00e9dicinales<br \/>\n<\/i><\/b><strong>Alain Pottier (direction ouvrage) Michel Castillo (photographe), Paul Schramm (illustrateur)<br \/>\n<\/strong><em>Editions du Trabucaire, 2017, 190 p.<br \/>\n<\/em>Le Roussillon est un pays de cultures d\u2019aromatiques et m\u00e9dicinales\u2026 On d\u00e9couvre les plantes, les exploitations et les transformateurs.<\/p>\n<p>&nbsp;<\/p>\n<p><img loading=\"lazy\" decoding=\"async\" class=\"alignnone size-full wp-image-3094\" src=\"http:\/\/www.salondulivre-pyreneen.fr\/wp-content\/uploads\/2017\/03\/A-lier_w.jpg\" alt=\"A lier_w\" width=\"202\" height=\"300\" \/><br \/>\n<b><i>A lier<br \/>\n<\/i><\/b><strong>Juan Milhau-Blay<br \/>\n<\/strong><em>Mare-Nostrum, 2017, 328 p.<br \/>\n<\/em>&#8220;Roman noir radical&#8221; autour du golfe du Lion, dans les secrets de famille\u2026 tr\u00e8s noir !<\/p>\n<p>&nbsp;<\/p>\n<p><img loading=\"lazy\" decoding=\"async\" class=\"alignnone size-full wp-image-3101\" src=\"http:\/\/www.salondulivre-pyreneen.fr\/wp-content\/uploads\/2017\/03\/A-travers-les-mailles-du-filet_w.jpg\" alt=\"A travers les mailles du filet_w\" width=\"212\" height=\"300\" \/><br \/>\n<b><i>A travers les mailles du filet. La fuite des juifs \u00e0 travers les Pyr\u00e9n\u00e9es pendant la seconde guerre mondiale 1939-1945<br \/>\n<\/i><\/b><strong>Francis Aquila<br \/>\n<\/strong><em>\u00e9ditions Vox Scriba, 2017, 150 p.<br \/>\n<\/em>Des informations historiques pr\u00e9cises sur des passeurs qui ont aid\u00e9 les juifs \u00e0 traverser les Pyr\u00e9n\u00e9es ari\u00e9geoises.<\/p>\n<p>&nbsp;<\/p>\n<p><img loading=\"lazy\" decoding=\"async\" class=\"alignnone size-full wp-image-3104\" src=\"http:\/\/www.salondulivre-pyreneen.fr\/wp-content\/uploads\/2017\/03\/balades-basques_w.jpg\" alt=\"balades basques_w\" width=\"234\" height=\"300\" \/><br \/>\n<b><i>Balades Basques. Guide. 6 circuits d\u2019une journ\u00e9e.<br \/>\n<\/i><\/b><strong>Thierry Lambillard<br \/>\n<\/strong><em>La D\u00e9couvrance, 2017, 178 p.<br \/>\n<\/em>Itin\u00e9raires en Pays Basque nord et sud. Circuits d\u2019une journ\u00e9e de voiture\u2026<\/p>\n<p>&nbsp;<\/p>\n<p><img loading=\"lazy\" decoding=\"async\" class=\"alignnone size-full wp-image-3106\" src=\"http:\/\/www.salondulivre-pyreneen.fr\/wp-content\/uploads\/2017\/03\/catalans-malgre-tout_w.jpg\" alt=\"catalans malgre tout_w\" width=\"199\" height=\"300\" \/><br \/>\n<b><i>Catalans malgr\u00e9 tout. L\u2019exil catalan en France au XXe si\u00e8cle. Histoire et m\u00e9moire<br \/>\n<\/i><\/b><strong>Phryn\u00e9 Pigenet<br \/>\n<\/strong><em>Trabuca\u00efre, 2017, 288 p.<br \/>\n<\/em>Etude historique et sociologique des mouvements de la population catalane avant, pendant et apr\u00e8s la guerre civile espagnole. Les espoirs et illusions de l\u2019exil : le franquisme qui dure et interdit le retour et la r\u00e9publique ; l\u2019action culturelle catalane&#8230;<\/p>\n<p>&nbsp;<\/p>\n<p><img loading=\"lazy\" decoding=\"async\" class=\"alignnone size-full wp-image-3112\" src=\"http:\/\/www.salondulivre-pyreneen.fr\/wp-content\/uploads\/2017\/03\/catalogne-dans-tous-ses-etats_w.jpg\" alt=\"catalogne dans tous ses etats_w\" width=\"189\" height=\"300\" \/><br \/>\n<b><i>La Catalogne dans tous ses \u00e9tats.<br \/>\n<\/i><\/b><strong>Christian Hoarau<br \/>\n<\/strong><em>L\u2019Harmattan, 2017, 340 p.<br \/>\n<\/em>Analyse exhaustive du fait catalan qui part de l&#8217;histoire de cette nation jusqu&#8217;\u00e0 l&#8217;aspiration \u00e0 l&#8217;Ind\u00e9pendance ; une v\u00e9ritable radiographie du pays (son identit\u00e9, les institutions, l&#8217;\u00e9conomie, la politique&#8230;) qui \u00e9claire sur le cheminement des Catalans au cours de l&#8217;histoire et plante la probl\u00e9matique de la viabilit\u00e9 juridique et \u00e9conomique d&#8217;un \u00e9tat ind\u00e9pendant.<\/p>\n<p>&nbsp;<\/p>\n<p><img loading=\"lazy\" decoding=\"async\" class=\"alignnone size-full wp-image-3115\" src=\"http:\/\/www.salondulivre-pyreneen.fr\/wp-content\/uploads\/2017\/03\/curiosites-et-merveilles-pau-bearn_w.jpg\" alt=\"curiosites et merveilles pau bearn_w\" width=\"204\" height=\"300\" \/><br \/>\n<b><i>Curiosit\u00e9s et merveilles de Pau et du B\u00e9arn<br \/>\n<\/i><\/b><strong>Marc Ollivier<br \/>\n<\/strong><em>Le Festin, 2017, 224 p.<br \/>\n<\/em>Chroniques parues dans la presse sur la grande et petite histoire de la ville et de la r\u00e9gion.<\/p>\n<p>&nbsp;<\/p>\n<p><img loading=\"lazy\" decoding=\"async\" class=\"alignnone size-full wp-image-3117\" src=\"http:\/\/www.salondulivre-pyreneen.fr\/wp-content\/uploads\/2017\/03\/En-descendant-de-la-montagne_w.jpg\" alt=\"En descendant de la montagne_w\" width=\"184\" height=\"300\" \/><br \/>\n<b><i>En descendant de la montagne<br \/>\n<\/i><\/b><strong>Djalla-Maria Longa<br \/>\n<\/strong><em>\u00e9ditions Roc du Ker, 2017, 330 p.<br \/>\n<\/em>Une enfance au milieu de parents en marge de la soci\u00e9t\u00e9 qui vivent en totale autarcie avec huit enfants, l&#8217;auteur vit en symbiose totale avec la nature, devient g\u00e9rante d&#8217;une location de VTT, d\u00e9couvre l&#8217;\u00e9criture, les \u00e9missions t\u00e9l\u00e9vis\u00e9es et cr\u00e9e sa maison d&#8217;\u00e9dition.<\/p>\n<p>&nbsp;<\/p>\n<p><img loading=\"lazy\" decoding=\"async\" class=\"alignnone size-full wp-image-3139\" src=\"http:\/\/www.salondulivre-pyreneen.fr\/wp-content\/uploads\/2017\/03\/Je-n-irai-nulle-part-sans-toi_w.jpg\" alt=\"Je n irai nulle part sans toi_w\" width=\"216\" height=\"300\" \/><br \/>\n<b><i>Je n\u2019irai nulle part sans toi<br \/>\n<\/i><\/b><strong>Antonio Vila Bielsa<br \/>\n<\/strong><em>association Livres en Bigorre, 2017, 224 p.<br \/>\n<\/em>Nouvelles, tant\u00f4t r\u00e9alistes, tant\u00f4t fantastiques. L\u00e9gendes d\u2019hier et d\u2019aujourd\u2019hui dans le Sobrabre de l\u2019auteur.<\/p>\n<p>&nbsp;<\/p>\n<p><img loading=\"lazy\" decoding=\"async\" class=\"alignnone size-full wp-image-3119\" src=\"http:\/\/www.salondulivre-pyreneen.fr\/wp-content\/uploads\/2017\/03\/La-bergere-et-lours_w.jpg\" alt=\"La bergere et l'ours_w\" width=\"211\" height=\"300\" \/><br \/>\n<b><i>La Berg\u00e8re et l\u2019Ours<br \/>\n<\/i><\/b><strong>Catherine Brunet<br \/>\n<\/strong><em>Vox Scriba, 2017, 192 p.<br \/>\n<\/em>T\u00e9moignage d\u2019une berg\u00e8re engag\u00e9e pour que l\u2019ours soit accept\u00e9 par les \u00e9leveurs. Une vie de lutte, parfois violente. Un v\u00e9cu qu\u2019il ne faut pas oublier.<\/p>\n<p>&nbsp;<\/p>\n<p><img loading=\"lazy\" decoding=\"async\" class=\"alignnone size-full wp-image-3120\" src=\"http:\/\/www.salondulivre-pyreneen.fr\/wp-content\/uploads\/2017\/03\/Lexique-amoureux-des-Pyrenees_w.jpg\" alt=\"Lexique-amoureux-des-Pyrenees_w\" width=\"207\" height=\"300\" \/><br \/>\n<b><i>Lexique amoureux des Pyr\u00e9n\u00e9es<br \/>\n<\/i><\/b><strong>Sous la direction de Jean-Fran\u00e7ois Le Nail et Jean-Fran\u00e7ois Soulet<br \/>\n<\/strong><em>Cairn \u00e9ditions, 2017, 292 p.<br \/>\n<\/em>Avec 80 entr\u00e9es, onze collaborateurs, cet ouvrage invite \u00e0 une d\u00e9couverte ou red\u00e9couverte singuli\u00e8re des Pyr\u00e9n\u00e9es. Des points des vues, des choix \u00ab amoureux \u00bb et non un traitement exhaustif.<\/p>\n<p>&nbsp;<\/p>\n<p><img loading=\"lazy\" decoding=\"async\" class=\"alignnone size-full wp-image-3121\" src=\"http:\/\/www.salondulivre-pyreneen.fr\/wp-content\/uploads\/2017\/03\/mon-reve-dor-et-de-neige_w.jpg\" alt=\"mon reve d'or et de neige_w\" width=\"197\" height=\"300\" \/><br \/>\n<b><i>Mon r\u00eave d\u2019or et de neige<br \/>\n<\/i><\/b><strong>Martin Fourcade ; Jean Issartel (contributeur)<br \/>\n<\/strong><em>Marabouth, 2017, 219 p.<br \/>\n<\/em>Le champion raconte sa d\u00e9marche, sa recherche, ses d\u00e9buts pyr\u00e9n\u00e9ens et le d\u00e9part n\u00e9cessaire pour r\u00e9ussir.<\/p>\n<p>&nbsp;<\/p>\n<p><img loading=\"lazy\" decoding=\"async\" class=\"alignnone size-full wp-image-3125\" src=\"http:\/\/www.salondulivre-pyreneen.fr\/wp-content\/uploads\/2017\/03\/mont-Valier_w.jpg\" alt=\"mont Valier_w\" width=\"204\" height=\"300\" \/><br \/>\n<b><i>Le mont Valier, seigneur du Couserans<br \/>\n<\/i><\/b><strong>Alain Bourneton, Patrice Teisseire-Dufour<br \/>\n<\/strong><em>Le pas d\u2019oiseau, 2017, 224 p.<br \/>\n<\/em>Accessible \u00e0 tous, l\u2019ouvrage, richement illustr\u00e9, pr\u00e9sente la chronique du Valier des temps de l\u2019ascension du saint \u00e9ponyme jusqu\u2019aux r\u00e9cits de nos contemporains. Sans oublier ses richesses naturelles&#8230;<\/p>\n<p>&nbsp;<\/p>\n<p><img loading=\"lazy\" decoding=\"async\" class=\"alignnone size-full wp-image-3128\" src=\"http:\/\/www.salondulivre-pyreneen.fr\/wp-content\/uploads\/2017\/03\/Parc-national-des-pyrenees-les-belles-randonnees_w.jpg\" alt=\"Parc-national-des-pyrenees-les + belles-randonnees_w\" width=\"187\" height=\"300\" \/><br \/>\n<b><i>Parc national des Pyr\u00e9n\u00e9es. Les plus belles randonn\u00e9es<br \/>\n<\/i><\/b><strong>Didier Castagnet, Erik Nevery<br \/>\n<\/strong><em>Rando \u00e9ditions, 2018, 168 p.<br \/>\n<\/em>Guide classique des &#8220;50 plus belles randonn\u00e9es&#8221; du Parc national des Pyr\u00e9n\u00e9es class\u00e9es par difficult\u00e9.<\/p>\n<p>&nbsp;<\/p>\n<p><img loading=\"lazy\" decoding=\"async\" class=\"alignnone size-full wp-image-3129\" src=\"http:\/\/www.salondulivre-pyreneen.fr\/wp-content\/uploads\/2017\/03\/Partitions-pyreneennes_w.jpg\" alt=\"Partitions pyreneennes_w\" width=\"212\" height=\"300\" \/><br \/>\n<b><i>Partitions pyr\u00e9n\u00e9ennes<br \/>\n<\/i><\/b><strong>Fran\u00e7oise Fabre-Rodes<br \/>\n<\/strong><em>\u00e9ditions Amalth\u00e9e, 2017, 66 p.<br \/>\n<\/em>Un hymne vibrant \u00e0 la beaut\u00e9 des montagnes qui peut-\u00eatre sauvera le monde.<\/p>\n<p>&nbsp;<\/p>\n<p><img loading=\"lazy\" decoding=\"async\" class=\"alignnone size-full wp-image-3130\" src=\"http:\/\/www.salondulivre-pyreneen.fr\/wp-content\/uploads\/2017\/03\/patria_w.jpg\" alt=\"patria_w\" width=\"181\" height=\"300\" \/><br \/>\n<b><i>Patria<br \/>\n<\/i><\/b><strong>Fernando Aramburu<br \/>\n<\/strong><em>Actes sud, 2018, 617 p.<br \/>\n<\/em>Une vingtaine d\u2019ann\u00e9e apr\u00e8s l\u2019ex\u00e9cution par ETA de son mari, le retour dans son village de la veuve en perturbe l\u2019\u00e9quilibre. A travers le destin de deux familles profond\u00e9ment li\u00e9es et oppos\u00e9es, se dessine toute l\u2019histoire r\u00e9cente de la soci\u00e9t\u00e9 basque, la pr\u00e9gnance de l\u2019organisation ind\u00e9pendantiste et de sa violence sur le quotidien des habitants. Un livre au seuil des espoirs suscit\u00e9 par les annonces et les actions de paix, voire de r\u00e9conciliation r\u00e9centes.<\/p>\n<p>&nbsp;<\/p>\n<p><img loading=\"lazy\" decoding=\"async\" class=\"alignnone size-full wp-image-3131\" src=\"http:\/\/www.salondulivre-pyreneen.fr\/wp-content\/uploads\/2017\/03\/Pyrenees-la-grande-traversee_w.jpg\" alt=\"Pyrenees la grande traversee_w\" width=\"200\" height=\"300\" \/><br \/>\n<b><i>Pyr\u00e9n\u00e9es. La grande travers\u00e9e.<br \/>\n<\/i><\/b><strong>Christophe Houdaille<br \/>\n<\/strong><em>Transbor\u00e9al, 2017, 209 p.<br \/>\n<\/em>Les Pyr\u00e9n\u00e9es d\u2019Ouest en Est, par un marin. D\u00e9couverte des paysages et d\u2019une vie terrestre r\u00e9duite aux besoins essentiels.<\/p>\n<p>&nbsp;<\/p>\n<p><img loading=\"lazy\" decoding=\"async\" class=\"alignnone size-full wp-image-3133\" src=\"http:\/\/www.salondulivre-pyreneen.fr\/wp-content\/uploads\/2017\/03\/Quelques-pas-dans-la-neige_w.jpg\" alt=\"Quelques pas dans la neige_w\" width=\"196\" height=\"300\" \/><br \/>\n<b><i>Quelques pas dans la neige<br \/>\n<\/i><\/b><strong>Georges-Patrick Gleize<br \/>\n<\/strong><em>Calmann-L\u00e9vy, 2017, 350 p.<br \/>\n<\/em>Roman d\u2019histoire et de suspens qui contient une mine d\u2019informations, de d\u00e9tails sur l\u2019Ari\u00e8ge en mutation pendant les sixties.<\/p>\n<p>&nbsp;<\/p>\n<p><img loading=\"lazy\" decoding=\"async\" class=\"alignnone size-full wp-image-3134\" src=\"http:\/\/www.salondulivre-pyreneen.fr\/wp-content\/uploads\/2017\/03\/terroirs-marins_w.jpg\" alt=\"_\" width=\"414\" height=\"300\" srcset=\"http:\/\/www.salondulivre-pyreneen.fr\/wp-content\/uploads\/2017\/03\/terroirs-marins_w.jpg 414w, http:\/\/www.salondulivre-pyreneen.fr\/wp-content\/uploads\/2017\/03\/terroirs-marins_w-300x217.jpg 300w\" sizes=\"auto, (max-width: 414px) 100vw, 414px\" \/><br \/>\n<b><i>Terroirs marins<br \/>\n<\/i><\/b><strong>Pascal Borell<br \/>\n<\/strong><em>Les Escales Catalanes, 2017, 132 p.<br \/>\n<\/em>Les recettes tr\u00e8s maritimes de Pascal Borrell, chef \u00e0 Banyuls. Ouvrage trilingue (fran\u00e7ais, catala ; english), riche en photos, pour l\u2019eau \u00e0 la bouche !<\/p>\n<p>&nbsp;<\/p>\n<p><img loading=\"lazy\" decoding=\"async\" class=\"alignnone size-full wp-image-3135\" src=\"http:\/\/www.salondulivre-pyreneen.fr\/wp-content\/uploads\/2017\/03\/vallee-du-mensonge_w.jpg\" alt=\"vallee du mensonge_w\" width=\"191\" height=\"300\" \/><br \/>\n<b><i>Ossau, la vall\u00e9e du mensonge<br \/>\n<\/i><\/b><strong>Marie-Claude Arist\u00e9gui<br \/>\n<\/strong><em>Terres de l\u2019Ouest, 2017, 278 p.<br \/>\n<\/em>Roman policier tr\u00e8s ancr\u00e9 dans le territoire. Comme son titre l\u2019indique, la v\u00e9rit\u00e9 est difficile \u00e0 trouver.<\/p>\n<p>&nbsp;<\/p>\n<p><img loading=\"lazy\" decoding=\"async\" class=\"alignnone size-full wp-image-3136\" src=\"http:\/\/www.salondulivre-pyreneen.fr\/wp-content\/uploads\/2017\/03\/vautours-de-bugarach_w.jpg\" alt=\"vautours-de-bugarach_w\" width=\"184\" height=\"300\" \/><br \/>\n<b><i>Les Vautours de Bugarach<br \/>\n<\/i><\/b><strong>Daniel Hernandez<br \/>\n<\/strong><em>TDO, 2017, 348 p.<br \/>\n<\/em>Roman policier qui met en sc\u00e8ne le commissaire f\u00e9tiche de l\u2019auteur, Jepe Llense, dans le cadre de cette montagne et des \u00e9sot\u00e9rismes qui l\u2019entourent et se l\u2019approprient.<\/p>\n<p>&nbsp;<\/p>\n<p><img loading=\"lazy\" decoding=\"async\" class=\"alignnone size-full wp-image-3168\" src=\"http:\/\/www.salondulivre-pyreneen.fr\/wp-content\/uploads\/2017\/03\/Baronnies-clocher-en-clocher_w.jpg\" alt=\"Baronnies clocher en clocher_w\" width=\"216\" height=\"300\" \/><br \/>\n<b><i>Les Baronnies de clocher en clocher<br \/>\n<\/i><\/b><strong>Marie Claire Thuron<br \/>\n<\/strong><em>Le Solitaire, 2018, 100 p.<br \/>\n<\/em>Une pr\u00e9sentation, un inventaire des patrimoines religieux et culturel des Baronnies : la construction des \u00e9glises , les chapelles, les oratoires, les clochers et les cloches, le mobilier liturgique, les croix, les f\u00eates , l&#8217;impact de la loi de 1905. Illustrations de Micka\u00ebl Th\u00e9bault (dessins, aquarelles).<\/p>\n<p>&nbsp;<\/p>\n<p><img loading=\"lazy\" decoding=\"async\" class=\"alignnone size-full wp-image-3173\" src=\"http:\/\/www.salondulivre-pyreneen.fr\/wp-content\/uploads\/2017\/03\/Jaizquibel_w.jpg\" alt=\"Jaizquibel_w\" width=\"441\" height=\"300\" srcset=\"http:\/\/www.salondulivre-pyreneen.fr\/wp-content\/uploads\/2017\/03\/Jaizquibel_w.jpg 441w, http:\/\/www.salondulivre-pyreneen.fr\/wp-content\/uploads\/2017\/03\/Jaizquibel_w-300x204.jpg 300w\" sizes=\"auto, (max-width: 441px) 100vw, 441px\" \/><br \/>\n<b><i>Jaizquibel. Villa de guerre !<br \/>\n<\/i><\/b><strong>Jacques Brianti<br \/>\n<\/strong><em>Arcane 17, 2017, 293 p.<br \/>\n<\/em>Le questionnement de la fronti\u00e8re dans toutes leurs dimensions, de l\u2019intime au politique, hante le travail de Jacques Brianti. Ce livre, ce carnet du travail de penser, &#8220;c\u2019est du parl\u00e9-\u00e9crit-illustr\u00e9&#8221;, le r\u00e9v\u00e8le dans son foisonnement&#8230;<\/p>\n<p>&nbsp;<\/p>\n<p><img loading=\"lazy\" decoding=\"async\" class=\"alignnone size-full wp-image-3176\" src=\"http:\/\/www.salondulivre-pyreneen.fr\/wp-content\/uploads\/2017\/03\/Pays-pyreneens-cols-en-vallees_w.jpg\" alt=\"Pays pyreneens cols en vallees_w\" width=\"211\" height=\"300\" \/><br \/>\n<b><i>Pays Pyr\u00e9n\u00e9ens de cols en vall\u00e9es. D\u00e9couvertes intimes et insolites<br \/>\n<\/i><\/b><strong>G\u00e9rard Caubet<br \/>\n<\/strong><em>Rando-\u00e9ditions, 2018, 192 p.<br \/>\n<\/em>L\u2019auteur reprend un format classique depuis les ann\u00e9es 1930, une description touristique des mondes pyr\u00e9n\u00e9ens en suivant la route qui relie St-Jean-de-Luz sur l\u2019Atlantique \u00e0 Cerb\u00e8re sur la m\u00e9diterran\u00e9e, en passant par les cols. Sans s\u2019interdire des \u00e9carts, m\u00eame p\u00e9destres parfois.<\/p>\n<p>&nbsp;<\/p>\n<p><img loading=\"lazy\" decoding=\"async\" class=\"alignnone size-full wp-image-3177\" src=\"http:\/\/www.salondulivre-pyreneen.fr\/wp-content\/uploads\/2017\/03\/Pyrenees-bearnaises_w.jpg\" alt=\"Pyrenees bearnaises_w\" width=\"236\" height=\"300\" \/><br \/>\n<b><i>Les Pyr\u00e9n\u00e9es b\u00e9arnaises en 101 sites et monuments : Le 2017<br \/>\n<\/i><\/b><strong><br \/>\n<\/strong><em>hors s\u00e9rie, 2017, 128 p.<br \/>\n<\/em>Sites et monuments du B\u00e9arn et des vall\u00e9es adjacentes. Des classiques et des d\u00e9couvertes.<\/p>\n<p>&nbsp;<\/p>\n<p><img loading=\"lazy\" decoding=\"async\" class=\"alignnone size-full wp-image-3183\" src=\"http:\/\/www.salondulivre-pyreneen.fr\/wp-content\/uploads\/2017\/03\/Dans-la-douleur-du-si\u00e8cle_w.jpg\" alt=\"Dans la douleur du si\u00e8cle_w\" width=\"171\" height=\"300\" \/><br \/>\n<b><i>Dans la douleur du si\u00e8cle<br \/>\n<\/i><\/b><strong>Gilles Vincent<br \/>\n<\/strong><em>\u00e9ditions IN8, 2018, 244 p.<br \/>\n<\/em>1944, la colonie d\u2019enfants juifs de Lestelle-B\u00e9tharam est rafl\u00e9e. Le fils de l\u2019unique survivant, des d\u00e9cennies plus tard, recherche avec Marie, fille du d\u00e9nonciateur pr\u00e9sum\u00e9, ce qui s\u2019est pass\u00e9. M\u00e9moire enfouie des familles et de villageois qui ressurgissent ouvrant d\u2019autres devenir aux descendants.<\/p>\n<p>&nbsp;<\/p>\n<p><img loading=\"lazy\" decoding=\"async\" class=\"alignnone size-full wp-image-3187\" src=\"http:\/\/www.salondulivre-pyreneen.fr\/wp-content\/uploads\/2017\/03\/Des-Pyre\u0301ne\u0301es.-Vue-dauteurs_w.jpg\" alt=\"Des Pyre\u0301ne\u0301es. Vue d'auteurs_w\" width=\"210\" height=\"300\" \/><br \/>\n<b><i>Des Pyr\u00e9n\u00e9es, vues d\u2019auteurs. Les temps changent et nous aussi\u2026<br \/>\n<\/i><\/b><strong>Jean-Pierre Crassus<br \/>\n<\/strong><em>auto-\u00e9dition, 2018, 418 p.<br \/>\n<\/em>Comment lier les Pyr\u00e9n\u00e9es, les exp\u00e9riences et les sentiments qu\u2019elles suscitent avec les auteurs qu\u2019on aime, qu\u2019on conna\u00eet. C\u2019est la gageure que rel\u00e8ve l\u2019auteur, en proposant de courts textes qui font r\u00e9f\u00e9rence, par le biais de citations, \u00e0 ces \u00e9crivains souvent sans rapport avec les Pyr\u00e9n\u00e9es comme Hom\u00e8re, Proust et bien d\u2019autres&#8230;<\/p>\n<p>&nbsp;<\/p>\n<p><img loading=\"lazy\" decoding=\"async\" class=\"alignnone size-full wp-image-3189\" src=\"http:\/\/www.salondulivre-pyreneen.fr\/wp-content\/uploads\/2017\/03\/Galeux_w.jpg\" alt=\"Galeux_w\" width=\"200\" height=\"300\" \/><br \/>\n<b><i>Galeux<br \/>\n<\/i><\/b><strong>Bruno Jacquin<br \/>\n<\/strong><em>Cairn, 2017, 270 p.<br \/>\n<\/em>Qui \u00e9tait son p\u00e8re, victime collat\u00e9rale ou etarra ? Qui l\u2019a tu\u00e9 ? L\u2019attentat contre son grand-p\u00e8re en mai 2005, entra\u00eene In\u00e8s \u00e0 chercher. Rencontrant t\u00e9moins et acteurs, elle d\u00e9couvre le r\u00f4le du GAL, groupe terroriste qui, dans les ann\u00e9es 80, \u00e9limine les ind\u00e9pendantistes li\u00e9es plus ou moins \u00e0 ETA. Ses liens troubles avec les appareils d\u2019\u00e9tat espagnols et fran\u00e7ais. Polar politique et histoire de famille fractur\u00e9e par le conflit basque&#8230;<\/p>\n<p>&nbsp;<\/p>\n<p><img loading=\"lazy\" decoding=\"async\" class=\"alignnone size-full wp-image-3190\" src=\"http:\/\/www.salondulivre-pyreneen.fr\/wp-content\/uploads\/2017\/03\/Jean-Errecart_w.jpg\" alt=\"Jean Errecart_w\" width=\"219\" height=\"300\" \/><br \/>\n<b><i>Jean Errecart, La grande mutation.<br \/>\n<\/i><\/b><strong>Aguxtin Errotabehere<br \/>\n<\/strong><em>Elkar, 2017, 149 p.<br \/>\n<\/em>Jean Errecart (1909-1971), fils de m\u00e9tayer du pays de Mixe, devient des ann\u00e9es 30 \u00e0 sa mort un acteur \u00e9conomique et politique qui favorise l\u2019am\u00e9nagement et la modernisation du monde rural, la mise en \u0153uvre d\u2019une agriculture &#8220;comp\u00e9titive&#8221;. Il participe en tant que dirigeant au d\u00e9but de la coop\u00e9rative Lur-Berri. Un visage des &#8220;trente glorieuses&#8221;&#8230;<\/p>\n<p>&nbsp;<\/p>\n<p><img loading=\"lazy\" decoding=\"async\" class=\"alignnone size-full wp-image-3192\" src=\"http:\/\/www.salondulivre-pyreneen.fr\/wp-content\/uploads\/2017\/03\/La-Memoire-ecrasee_w.jpg\" alt=\"La Memoire ecrasee_w\" width=\"181\" height=\"300\" \/><br \/>\n<b><i>La M\u00e9moire \u00e9cras\u00e9e.<br \/>\n<\/i><\/b><strong>Wanda Kom\u00e9za<br \/>\n<\/strong><em>L\u2019Harmattan, 2018, 294 p.<br \/>\n<\/em>Josefa raconte difficilement ce qu\u2019elle a\u2026 sur les bords du Gave \u00e0 Argel\u00e8s. Parole lib\u00e9ratrice qui lui permet de gu\u00e9rir et de retrouver sa libert\u00e9.<\/p>\n<p>&nbsp;<\/p>\n<p><img loading=\"lazy\" decoding=\"async\" class=\"alignnone size-full wp-image-3196\" src=\"http:\/\/www.salondulivre-pyreneen.fr\/wp-content\/uploads\/2017\/03\/le-marcheur_w.jpg\" alt=\"le-marcheur_w\" width=\"211\" height=\"300\" \/><br \/>\n<b><i>Le marcheur<br \/>\n<\/i><\/b><strong>Guilhem Rulh<br \/>\n<\/strong><em>Les Plumes de l&#8217;ours, 2018, 180 p.<br \/>\n<\/em>P\u00e9r\u00e9grination d\u2019un homme \u00e0 travers le d\u00e9sert et les montagnes, p\u00e9r\u00e9grination d\u2019une femme dans les rues d\u2019une ville littorale. P\u00e9r\u00e9grinations po\u00e9tiques qui se combinent, se compl\u00e8tent progressivement. Pas de rep\u00e8res g\u00e9ographiques pr\u00e9cis ou de bornes spatiales d\u2019o\u00f9 une r\u00e9elle invitation \u00e0 la r\u00e9flexion sur les passages et les voyages multiformes.<\/p>\n<p>&nbsp;<\/p>\n<p><img loading=\"lazy\" decoding=\"async\" class=\"alignnone size-full wp-image-3197\" src=\"http:\/\/www.salondulivre-pyreneen.fr\/wp-content\/uploads\/2017\/03\/Mauvaises-Mines_w.jpg\" alt=\"Mauvaises Mines_w\" width=\"183\" height=\"300\" \/><br \/>\n<b><i>Mauvaises Mines. Combattre l\u2019industrie mini\u00e8re en France et dans le monde.<br \/>\n<\/i><\/b><strong>Mathieu Brier, Na\u00efk\u00e9 Desquesnes<br \/>\n<\/strong><em>Z \u2013 les amis-e-s de Clark Kent, 2018, 150 p.<br \/>\n<\/em>Le projet de r\u00e9ouverture de la mine de tungst\u00e8ne de Salau en Ari\u00e8ge est un des trois exemples qui illustrent les propos de cet ouvrage bien r\u00e9f\u00e9renc\u00e9. Ouvrage qui pose, au-del\u00e0 des agressions environnementales directes des mines, la question de nos modes de vie, de consommation, dans les Pyr\u00e9n\u00e9es comme ailleurs.<\/p>\n<p>&nbsp;<\/p>\n<p><img loading=\"lazy\" decoding=\"async\" class=\"alignnone size-full wp-image-3209\" src=\"http:\/\/www.salondulivre-pyreneen.fr\/wp-content\/uploads\/2017\/03\/oeuf-de-la-haine_w1.jpg\" alt=\"oeuf de la haine_w\" width=\"199\" height=\"300\" \/><br \/>\n<b><i>L \u2018Oeuf de la haine et de la vengeance<br \/>\n<\/i><\/b><strong>Pierre Olhagaray<br \/>\n<\/strong><em>Cairn, 2018, 446 p.<br \/>\n<\/em>Si le coeur de l\u2019action est la vall\u00e9e de Lantabat, c\u2019est dans un pays basque tr\u00e8s contemporain que se d\u00e9roule ce r\u00e9cit noir qui rappelle combien les blessures de l\u2019enfance ne se referment peut-\u00eatre pas toujours et parfois qu\u2019au prix de vengeances sanglantes&#8230;<\/p>\n<p>&nbsp;<\/p>\n<p><img loading=\"lazy\" decoding=\"async\" class=\"alignnone size-full wp-image-3199\" src=\"http:\/\/www.salondulivre-pyreneen.fr\/wp-content\/uploads\/2017\/03\/Parc-national-des-Pyrenees-histoire-pour-demain_w.jpg\" alt=\"Parc national des Pyrenees, histoire pour demain_w\" width=\"215\" height=\"300\" \/><br \/>\n<b><i>Parc National des Pyr\u00e9n\u00e9es. Une histoire pour demain<br \/>\n<\/i><\/b><strong>collectif<br \/>\n<\/strong><em>Privat, 2017, 266 p.<br \/>\n<\/em>Le livre bilan des 50 ans d\u2019existence du Parc National des Pyr\u00e9n\u00e9es (PNP). Histoire de la cr\u00e9ation, des actions men\u00e9es tant scientifiques qu\u2019\u00e9ducatives, des accompagnements mis en \u0153uvre pour soutenir la vie des vall\u00e9es. Des r\u00e9sistances et des conflits qui ont marqu\u00e9 son histoire, comme r\u00e9cemment le refus de nombreuses communes b\u00e9arnaises d\u2019adh\u00e9rer \u00e0 la Charte du PNP\u2026 Le tout richement illustr\u00e9, un livre d\u2019anniversaire !<\/p>\n<p>&nbsp;<\/p>\n<p><img loading=\"lazy\" decoding=\"async\" class=\"alignnone size-full wp-image-3210\" src=\"http:\/\/www.salondulivre-pyreneen.fr\/wp-content\/uploads\/2017\/03\/Pas-des-isards_w.jpg\" alt=\"Mise en page 1\" width=\"179\" height=\"300\" \/><br \/>\n<b><i>Le Pas des isards<br \/>\n<\/i><\/b><strong>Thibault Bertrand<br \/>\n<\/strong><em>Gypa\u00e8te, 2017, 162 p.<br \/>\n<\/em>Un thriller pyr\u00e9n\u00e9iste dont l\u2019action se d\u00e9roule entre Gavarnie, Astazou et Vignemale. Une s\u00e9rie d&#8217;actes criminels nous plongent dans les ambiances de tout ce petit monde de la montagne, ses acteurs et ses professionnels, leurs complicit\u00e9s, leurs rivalit\u00e9s, leurs solitudes&#8230;<\/p>\n<p>&nbsp;<\/p>\n<p><img loading=\"lazy\" decoding=\"async\" class=\"alignnone size-full wp-image-3201\" src=\"http:\/\/www.salondulivre-pyreneen.fr\/wp-content\/uploads\/2017\/03\/Passage-violettes-a-edelweiss_w.jpg\" alt=\"Passage violettes a edelweiss_w\" width=\"214\" height=\"300\" \/><br \/>\n<b><i>Passage de la violette \u00e0 l\u2019edelweiss<br \/>\n<\/i><\/b><strong>Fran\u00e7oise Deixonne<br \/>\n<\/strong><em>V\u00e9rone \u00e9ditions, 2017, 118 p.<br \/>\n<\/em>R\u00e9cit d\u2019un retour \u00e0 la montagne assum\u00e9 et d\u00e9sir\u00e9. Partie de Toulouse, avec sa fille et sa m\u00e8re, l\u2019auteure s\u2019installe dans l\u2019Ari\u00e8ge de ses origines. Elles y retrouvent un vrai sens de la vie.<\/p>\n<p>&nbsp;<\/p>\n<p><img loading=\"lazy\" decoding=\"async\" class=\"alignnone size-full wp-image-3202\" src=\"http:\/\/www.salondulivre-pyreneen.fr\/wp-content\/uploads\/2017\/03\/Pyrenees_w.jpg\" alt=\"Pyrenees_w\" width=\"215\" height=\"300\" \/><br \/>\n<b><i>Pyr\u00e9n\u00e9es<br \/>\n<\/i><\/b><strong>Hortense Riou<br \/>\n<\/strong><em>CEM, 2018, non pagin\u00e9<br \/>\n<\/em>Tout est dans le titre. (Livre de po\u00e9sie graphique.)<\/p>\n<p>&nbsp;<\/p>\n<p><img loading=\"lazy\" decoding=\"async\" class=\"alignnone size-full wp-image-3204\" src=\"http:\/\/www.salondulivre-pyreneen.fr\/wp-content\/uploads\/2017\/03\/Souvenirs-des-Pyrenees_w.jpg\" alt=\"Souvenirs des Pyrenees_w\" width=\"202\" height=\"300\" \/><br \/>\n<b><i>Souvenirs des Pyr\u00e9n\u00e9es. Objets d\u2019histoire et histoires d\u2019hommes.<br \/>\n<\/i><\/b><strong>Brigitte Gaston-Lagorre<br \/>\n<\/strong><em>Le Pas d&#8217;oiseau, 2018, 224 p.<br \/>\n<\/em>Nombreux sont les objets qui \u00e9voquent les Pyr\u00e9n\u00e9es, la vie et les productions. En partant de son grenier et des objets-souvenirs, m\u00e9moire de famille, l\u2019auteure fait le tour de ces bibelots, outils, colifichets&#8230;, connus de tous, qui peu ou prou se trouvent dans nos habitations, et que nous avons tendance \u00e0 occulter. Alors qu\u2019ils peuvent dire tant de choses&#8230;<\/p>\n<p>&nbsp;<\/p>\n<p><img loading=\"lazy\" decoding=\"async\" class=\"alignnone size-full wp-image-3205\" src=\"http:\/\/www.salondulivre-pyreneen.fr\/wp-content\/uploads\/2017\/03\/VersaillesEtLesMarbresDOccitanie_w.jpg\" alt=\"VersaillesEtLesMarbresD'Occitanie_w\" width=\"218\" height=\"300\" \/><br \/>\n<b><i>Versailles et les marbres d&#8217;Occitanie<br \/>\n<\/i><\/b><strong>Suzanne Raynaud, Ren\u00e9 Fabre<br \/>\n<\/strong><em>\u00e9ditions du Pounjadou, 2017, 272 p.<br \/>\n<\/em>Versailles pr\u00e9sente une collection de marbres pyr\u00e9n\u00e9ens (Campan, Sarrancolin, St-B\u00e9at, du Couserans), plus largement occitans de premi\u00e8re classe. Collection en \u0153uvre dans les chemin\u00e9es, les salons, les plaquages, les d\u00e9corations, les jardins\u2026 L\u2019ouvrage explique aussi la formation des marbres et les caract\u00e9ristiques, carri\u00e8re apr\u00e8s carri\u00e8re.<\/p>\n<p>&nbsp;<\/p>\n<p><img loading=\"lazy\" decoding=\"async\" class=\"alignnone size-full wp-image-3216\" src=\"http:\/\/www.salondulivre-pyreneen.fr\/wp-content\/uploads\/2017\/03\/dancing-casino_w.jpg\" alt=\"dancing casino_w\" width=\"212\" height=\"300\" \/><br \/>\n<b><i>Dancing Casino 1942<br \/>\n<\/i><\/b><strong>Ang\u00e9lique Comet<br \/>\n<\/strong><em>Vox Scriba, 2018, 168 p.<br \/>\n<\/em>Dans une station thermale des Pyr\u00e9n\u00e9es, l\u2019arriv\u00e9e des forces d\u2019occupation fin 1942 bouleverse la protection dont jouissait les r\u00e9fugi\u00e9s juifs. La vedette parisienne, Lia d\u2019Orval se retrouve impliqu\u00e9 dans ce th\u00e9\u00e2tre malfaisant&#8230;<\/p>\n<p>&nbsp;<\/p>\n<p><img loading=\"lazy\" decoding=\"async\" class=\"alignnone size-full wp-image-3218\" src=\"http:\/\/www.salondulivre-pyreneen.fr\/wp-content\/uploads\/2017\/03\/eric-et-solen-au-pays-de-lours_w.jpg\" alt=\"eric et solen au pays de l'ours_w\" width=\"209\" height=\"300\" \/><br \/>\n<b><i>Eric et Solen au pays de l&#8217;Ours<br \/>\n<\/i><\/b><strong>Isabelle Lopez<br \/>\n<\/strong><em>Vox Scriba, 2018, 66 p.<br \/>\n<\/em>Un conte de notre temps qui m\u00eale voyages en vacances et monde merveilleux o\u00f9 une enfant conna\u00eet le langage des animaux pour sauver le dernier desman des Pyr\u00e9n\u00e9es victime de la canicule.<\/p>\n<p>&nbsp;<\/p>\n<p><img loading=\"lazy\" decoding=\"async\" class=\"alignnone size-full wp-image-3219\" src=\"http:\/\/www.salondulivre-pyreneen.fr\/wp-content\/uploads\/2017\/03\/nuages-plein-la-tete_w.jpg\" alt=\"nuages plein la tete_w\" width=\"186\" height=\"300\" \/><br \/>\n<b><i>Des Nuages plein la t\u00eate. Un p\u00e2tre en qu\u00eate d\u2019absolu.<br \/>\n<\/i><\/b><strong>Brice Delsouiller<br \/>\n<\/strong><em>Michel Lafon, 2018, 254 p.<br \/>\n<\/em>R\u00e9cit d\u2019un p\u00e2tre ari\u00e9geois aupr\u00e8s de ses vaches, 7 mois par an. Se d\u00e9voilant comme un qui n\u2019est pas comme les autres, l\u2019auteur raconte sa relation \u00e0 ses vaches, aux hommes, \u00e0 la soci\u00e9t\u00e9 et \u00e0 son corps car il est aussi &#8220;coureur de cimes&#8221;.<\/p>\n<p>&nbsp;<\/p>\n<p><img loading=\"lazy\" decoding=\"async\" class=\"alignnone size-full wp-image-3221\" src=\"http:\/\/www.salondulivre-pyreneen.fr\/wp-content\/uploads\/2017\/03\/sport-dans-les-pyrenees_w.jpg\" alt=\"sport dans les pyrenees_w\" width=\"274\" height=\"300\" \/><br \/>\n<b><i>Le Sport dans les Pyr\u00e9n\u00e9es de mes grands-parents<br \/>\n<\/i><\/b><strong>Jean-Paul Abadie<br \/>\n<\/strong><em>Cairn, 2017, 204 p.<br \/>\n<\/em>A partir des photographies du fonds Alix, l\u2019auteur fait le tour des activit\u00e9s sportives et de loisirs qui se d\u00e9roulaient et se pratiquaient dans les Pyr\u00e9n\u00e9es, essentiellement centrales, des ann\u00e9es 50 aux ann\u00e9es 70 du si\u00e8cle pr\u00e9c\u00e9dent. Rugby, Tour de France, boxe&#8230;<\/p>\n<p>&nbsp;<\/p>\n<p><img loading=\"lazy\" decoding=\"async\" class=\"alignnone size-full wp-image-3226\" src=\"http:\/\/www.salondulivre-pyreneen.fr\/wp-content\/uploads\/2017\/03\/Bigorre-mysterieuse_w.jpg\" alt=\"Bigorre mysterieuse_w\" width=\"196\" height=\"300\" \/><br \/>\n<b><i>Bigorre myst\u00e9rieuse. Les douze heures de l\u2019horloge vibratoire pyr\u00e9n\u00e9enne<br \/>\n<\/i><\/b><strong>Ren\u00e9 Descazeaux<br \/>\n<\/strong><em>\u00e9ditions Gascogne, 2017, 316 p.<br \/>\n<\/em>L\u2019auteur explore les liens entre les forces telluriques et l\u2019histoire de la Bigorre, de ses lieux, de ses hommes.<\/p>\n<p>&nbsp;<\/p>\n<p><img loading=\"lazy\" decoding=\"async\" class=\"alignnone size-full wp-image-3229\" src=\"http:\/\/www.salondulivre-pyreneen.fr\/wp-content\/uploads\/2017\/03\/linteaux-basques_w.jpg\" alt=\"linteaux basques_w\" width=\"378\" height=\"300\" srcset=\"http:\/\/www.salondulivre-pyreneen.fr\/wp-content\/uploads\/2017\/03\/linteaux-basques_w.jpg 378w, http:\/\/www.salondulivre-pyreneen.fr\/wp-content\/uploads\/2017\/03\/linteaux-basques_w-300x238.jpg 300w\" sizes=\"auto, (max-width: 378px) 100vw, 378px\" \/><br \/>\n<b><i>Euskal atalburuak = Les linteaux basques<br \/>\n<\/i><\/b><strong>Kepa Etchandy, Michel Duvert<br \/>\n<\/strong><em>Elkar, 2017, 95 p.<br \/>\n<\/em>Histoire et photos des linteaux de maisons et autres \u00e9difices du pays basque nord, d\u2019hier \u00e0 aujourd\u2019hui.<\/p>\n<p>&nbsp;<\/p>\n<p><img loading=\"lazy\" decoding=\"async\" class=\"alignnone size-full wp-image-3231\" src=\"http:\/\/www.salondulivre-pyreneen.fr\/wp-content\/uploads\/2017\/03\/Ossau-3-refuges_w.jpg\" alt=\"Ossau 3 refuges_w\" width=\"300\" height=\"300\" srcset=\"http:\/\/www.salondulivre-pyreneen.fr\/wp-content\/uploads\/2017\/03\/Ossau-3-refuges_w.jpg 300w, http:\/\/www.salondulivre-pyreneen.fr\/wp-content\/uploads\/2017\/03\/Ossau-3-refuges_w-150x150.jpg 150w\" sizes=\"auto, (max-width: 300px) 100vw, 300px\" \/><br \/>\n<b><i>Ossau, les 3 refuges. Ar\u00e9moulit \u2013 Ayous- Pombie<br \/>\n<\/i><\/b><strong>Jean-Marc Cotta<br \/>\n<\/strong><em>auto-\u00e9dition, 2017, non pagin\u00e9<br \/>\n<\/em>Le photographe-auteur propose de nous faire voir la vie des trois refuges gard\u00e9s de la vall\u00e9e d\u2019Ossau, le quotien illustr\u00e9 des gardiennes et gardiens.<\/p>\n<p>&nbsp;<\/p>\n<p><img loading=\"lazy\" decoding=\"async\" class=\"alignnone size-full wp-image-3232\" src=\"http:\/\/www.salondulivre-pyreneen.fr\/wp-content\/uploads\/2017\/03\/quand-passent-les-chocards_w.jpg\" alt=\"quand-passent-les-chocards_w\" width=\"200\" height=\"300\" \/><br \/>\n<b><i>Quand passent les Chocards<br \/>\n<\/i><\/b><strong>Michel Brome-Tonne<br \/>\n<\/strong><em>Cairn, 2017, 320 p.<br \/>\n<\/em>Polar alpinistique bien ancr\u00e9 dans les Pyr\u00e9n\u00e9es avec force descriptions des lieux et de l&#8217;environnement.<\/p>\n<p>&nbsp;<\/p>\n<p><img loading=\"lazy\" decoding=\"async\" class=\"alignnone size-full wp-image-3237\" src=\"http:\/\/www.salondulivre-pyreneen.fr\/wp-content\/uploads\/2017\/03\/Grrr_Ourson_w.jpg\" alt=\"Grrr!_Ourson_w\" width=\"215\" height=\"300\" \/><br \/>\n<b><i>Grrr! l&#8217;ourson<br \/>\n<\/i><\/b><strong>Xavier Sa\u00fct<br \/>\n<\/strong><em>auto-\u00e9dition, 2017, 32 p.<br \/>\n<\/em>Un livre pour les petits, simple qui raconte la sortie hivernale d\u2019un petit ourson\u2026 L\u2019auteur-dessinateur montre comment dessiner simplement un ourson.<\/p>\n<p>&nbsp;<\/p>\n<p><img loading=\"lazy\" decoding=\"async\" class=\"alignnone size-full wp-image-3238\" src=\"http:\/\/www.salondulivre-pyreneen.fr\/wp-content\/uploads\/2017\/03\/hors-sentier_w.jpg\" alt=\"hors sentier_w\" width=\"213\" height=\"300\" \/><br \/>\n<b><i>Hors Sentier. Le vrai monde.<br \/>\n<\/i><\/b><strong>Andr\u00e9 Page<br \/>\n<\/strong><em>Le Lys bleu, 2018, 290 p.<br \/>\n<\/em>Le lac du Paradis en vall\u00e9e d\u2019Ossau est au coeur de ce roman de\u2026 Long r\u00e9cit o\u00f9 la nature permet \u00e0 l\u2019humain de se reconstruire.<\/p>\n<p>&nbsp;<\/p>\n<p><img loading=\"lazy\" decoding=\"async\" class=\"alignnone size-full wp-image-3239\" src=\"http:\/\/www.salondulivre-pyreneen.fr\/wp-content\/uploads\/2017\/03\/secret-haut-bearn_w.jpg\" alt=\"secret haut bearn_w\" width=\"219\" height=\"300\" \/><br \/>\n<b><i>Le secret du Haut B\u00e9arn<br \/>\n<\/i><\/b><strong>Jean Capdevielle<br \/>\n<\/strong><em>Osolasba, 2017, 267 p.<br \/>\n<\/em>Une \u00e9nigme qui traverse les si\u00e8cles, avec ses crois\u00e9s, cagots et autres radeleurs, autour d\u2019un cadavre d\u00e9couvert en 2015 dans le gave \u00e0 Oloron-Ste-Marie.<\/p>\n<p>&nbsp;<\/p>\n<p><img loading=\"lazy\" decoding=\"async\" class=\"alignnone size-full wp-image-3242\" src=\"http:\/\/www.salondulivre-pyreneen.fr\/wp-content\/uploads\/2017\/03\/Trames_et_Territoires_w.jpg\" alt=\"Trames_et_Territoires_w\" width=\"212\" height=\"300\" \/><br \/>\n<b><i>Trames et territoires, une d\u00e9marche de 1977 \u00e0 2017<br \/>\n<\/i><\/b><strong>collectif, sous dir. Fran\u00e7ois de Barros<br \/>\n<\/strong><em>CAUE Hautes-Pyr\u00e9n\u00e9es, 2017, 108 p.<br \/>\n<\/em>Ce catalogue d\u2019exposition incite \u00e0 r\u00e9fl\u00e9chir sur le devenir de nos territoires o\u00f9 le construit, &#8220;l\u2019artificiel&#8221; s\u2019\u00e9tend. A travers les \u00e9l\u00e9ments, les trames comme l\u2019eau, les paysages, le rural, l\u2019urbain, le sensible c\u2019est l\u2019environnement quotidien et ses logiques qui est revisit\u00e9.<\/p>\n<p>&nbsp;<\/p>\n<p>&nbsp;<\/p>\n","protected":false},"excerpt":{"rendered":"<p>&nbsp; En 2018, 72 ouvrages ont \u00e9t\u00e9 re\u00e7us pour concourir aux prix du Livre Pyr\u00e9n\u00e9en. Le jury a pr\u00e9-selectionn\u00e9 les ouvrages suivants : &nbsp; Pour le PRIX DU LIVRE PYR\u00c9N\u00c9EN &#8211; CONNAISSANCES : &nbsp; Quand la pauvret\u00e9 \u00e9tait un crime. Les gueux dans le Sud-Ouest au si\u00e8cle des Lumi\u00e8res (1763-1789) Fran\u00e7oise Froelhy Cairn, 2018, 188 [&hellip;]<\/p>\n","protected":false},"author":1,"featured_media":0,"parent":0,"menu_order":0,"comment_status":"closed","ping_status":"closed","template":"","meta":{"footnotes":""},"class_list":["post-3396","page","type-page","status-publish","hentry"],"_links":{"self":[{"href":"http:\/\/www.salondulivre-pyreneen.fr\/index.php?rest_route=\/wp\/v2\/pages\/3396","targetHints":{"allow":["GET"]}}],"collection":[{"href":"http:\/\/www.salondulivre-pyreneen.fr\/index.php?rest_route=\/wp\/v2\/pages"}],"about":[{"href":"http:\/\/www.salondulivre-pyreneen.fr\/index.php?rest_route=\/wp\/v2\/types\/page"}],"author":[{"embeddable":true,"href":"http:\/\/www.salondulivre-pyreneen.fr\/index.php?rest_route=\/wp\/v2\/users\/1"}],"replies":[{"embeddable":true,"href":"http:\/\/www.salondulivre-pyreneen.fr\/index.php?rest_route=%2Fwp%2Fv2%2Fcomments&post=3396"}],"version-history":[{"count":2,"href":"http:\/\/www.salondulivre-pyreneen.fr\/index.php?rest_route=\/wp\/v2\/pages\/3396\/revisions"}],"predecessor-version":[{"id":3399,"href":"http:\/\/www.salondulivre-pyreneen.fr\/index.php?rest_route=\/wp\/v2\/pages\/3396\/revisions\/3399"}],"wp:attachment":[{"href":"http:\/\/www.salondulivre-pyreneen.fr\/index.php?rest_route=%2Fwp%2Fv2%2Fmedia&parent=3396"}],"curies":[{"name":"wp","href":"https:\/\/api.w.org\/{rel}","templated":true}]}}