{"id":5394,"date":"2021-12-01T21:42:19","date_gmt":"2021-12-01T19:42:19","guid":{"rendered":"http:\/\/www.salondulivre-pyreneen.fr\/?page_id=5394"},"modified":"2021-12-01T21:45:33","modified_gmt":"2021-12-01T19:45:33","slug":"concours-2021-historique","status":"publish","type":"page","link":"http:\/\/www.salondulivre-pyreneen.fr\/?page_id=5394","title":{"rendered":"Concours Prix 2021 Historique"},"content":{"rendered":"<p style=\"text-align: left;\"><span style=\"color: #ff0000;\"><strong>\u00a0LIVRES RECUS POUR LE CONCOURS 2021\u00a0\u00a0<\/strong><\/span><\/p>\n<p><strong>D\u00e9couvrez progressivement la liste des ouvrages envoy\u00e9s par les auteurs et \u00e9diteurs .<\/strong><\/p>\n<p><span style=\"color: #ff0000;\">Pour\u00a0concourir<\/span> \u00e0 l&#8217;un des Prix 2021 du Salon du Livre Pyr\u00e9n\u00e9en (<a href=\"http:\/\/www.salondulivre-pyreneen.fr\/?page_id=2707\">plus d&#8217;info sur les Prix<\/a>)<\/p>\n<p>Les notices ci-dessous sont r\u00e9dig\u00e9es par les membres du comit\u00e9 de lecture.<\/p>\n<p>&nbsp;<\/p>\n<p style=\"text-align: center;\"><img loading=\"lazy\" decoding=\"async\" class=\"alignnone size-full wp-image-4972\" src=\"http:\/\/www.salondulivre-pyreneen.fr\/wp-content\/uploads\/2017\/03\/Des-patrimoines-en-action-T.jpg\" alt=\"Des patrimoines en action T\" width=\"184\" height=\"300\" \/><\/p>\n<h3><strong><em>Des patrimoines en action. Mise en m\u00e9moire des activit\u00e9s scientifiques 1880-2016<\/em><\/strong><\/h3>\n<p><strong>(dir) Muriel Lefebvre, Anne-Claire Jolivet<\/strong><br \/>\n<strong>2020, Presses universitaires du midi, 302 p.<\/strong><br \/>\nCe travail collectif autour du patrimoine scientifique en lien avec le centre universitaire toulousain interroge la notion de patrimoine et son \u00e9volution, s\u2019appuie sur des exemples pyr\u00e9n\u00e9ens comme le Mas d\u2019Azil, l\u2019observatoire du Pic du midi ou des figures comme Henri Gaussen. Les Pyr\u00e9n\u00e9es participent pleinement d\u2019un patrimoine scientifique en action.<\/p>\n<p>&nbsp;<\/p>\n<p style=\"text-align: center;\"><img loading=\"lazy\" decoding=\"async\" class=\"alignnone size-full wp-image-5103\" src=\"http:\/\/www.salondulivre-pyreneen.fr\/wp-content\/uploads\/2017\/03\/Face\u0301ties-T.jpg\" alt=\"Face\u0301ties T\" width=\"198\" height=\"300\" \/><\/p>\n<h3><strong><em>Fac\u00e9ties et paysages cont\u00e9s en Pyr\u00e9n\u00e9es-orientales.<\/em><\/strong><\/h3>\n<p><strong>Caroline Chemarin<\/strong><br \/>\n<strong style=\"text-align: justify;\">2020, Les presses litt\u00e9raires, 130 p.<\/strong><br \/>\nUn livre pour enfants ? Pour adultes ? Pour paisibles personnes \u00e2g\u00e9es aimant l\u2019esprit d\u2019enfance ? L\u2019auteur propose 19 \u00ab promenades \u00bb dans des lieux pr\u00e9cis, dans une r\u00e9gion qu\u2019elle aime et o\u00f9 elle a v\u00e9cu, les Pyr\u00e9n\u00e9es-Orientales. Sous forme de contes qui m\u00ealent mythologie ancienne ou m\u00e9di\u00e9vale, faunes et f\u00e9es, animaux dou\u00e9s de parole, invention et toponymie, ce petit livre facile est agr\u00e9ment\u00e9 de dessins.<\/p>\n<p>&nbsp;<\/p>\n<p style=\"text-align: center;\"><img loading=\"lazy\" decoding=\"async\" class=\"alignnone size-full wp-image-5006\" src=\"http:\/\/www.salondulivre-pyreneen.fr\/wp-content\/uploads\/2017\/03\/Euskal-Herria-T.jpg\" alt=\"Euskal Herria T\" width=\"190\" height=\"300\" \/><\/p>\n<h3><strong><em>Euskal Herria. Les sept provinces du Pays Basque. Les plus belles randonn\u00e9es.<\/em><\/strong><\/h3>\n<p><strong>Pierre Macia<\/strong><br \/>\n<strong style=\"text-align: justify;\">2021, Rando \u00e9ditions, 191 p.<\/strong><br \/>\nUn guide de randonn\u00e9es, souvent faciles, parfois o\u00f9 les mains sont plus qu\u2019indispensables, qui invite \u00e0 la d\u00e9couverte d\u2019Euskal Herria, d\u2019un pays Basque non limit\u00e9 par la fronti\u00e8re franco-espagnole. Le tout agr\u00e9ment\u00e9 de conseils pour apercevoir l\u2019identit\u00e9 d\u2019un patrimoine culturel toujours tr\u00e8s vivant.<\/p>\n<p>&nbsp;<\/p>\n<p style=\"text-align: center;\"><img loading=\"lazy\" decoding=\"async\" class=\"alignnone size-full wp-image-5049\" src=\"http:\/\/www.salondulivre-pyreneen.fr\/wp-content\/uploads\/2017\/03\/La-valse-des-tulipes-T.jpg\" alt=\"La valse des tulipes T\" width=\"182\" height=\"300\" \/><\/p>\n<h3><strong><em>La valse des tulipes.<\/em><\/strong><\/h3>\n<p style=\"text-align: justify;\"><strong>Ibon Martin<\/strong><br \/>\n<strong>Traduction Claude Bleton<\/strong><br \/>\n<strong>2020, Actes sud, 478 p.<\/strong><br \/>\n2018 autour de Gernika, dans l\u2019estuaire d\u2019Urdaibai, des meurtres \u00e9tranges sign\u00e9es d\u2019une tulipe rouge. Petit \u00e0 petit les enqu\u00eatrices et enqu\u00eateur de l\u2019ertzaintza, la police autonome basque, d\u00e9vide un fil aux multiples ramifications qui les conduits aux heures sombre des adoptions d\u2019enfants organis\u00e9es par une partie de l\u2019\u00c9glise, avec Lourdes comme lien entre les victimes, dans les relents de la morale conservatrice franquiste&#8230;<\/p>\n<p>&nbsp;<\/p>\n<p style=\"text-align: center;\"><img loading=\"lazy\" decoding=\"async\" class=\"alignnone size-full wp-image-5050\" src=\"http:\/\/www.salondulivre-pyreneen.fr\/wp-content\/uploads\/2017\/03\/Berge\u0300reT.jpg\" alt=\"Berge\u0300reT\" width=\"221\" height=\"300\" \/><\/p>\n<h3><strong><em>Berg\u00e8re.<\/em><\/strong><\/h3>\n<p style=\"text-align: justify;\"><strong>Florence Debove<\/strong><br \/>\n<strong>2021, Transbor\u00e9al, 200 p.<\/strong><br \/>\nMatoul et Nok\u00e9, chat et chienne, accompagnent Florence, berg\u00e8re d\u2019un \u00e9t\u00e9 au-dessus d\u2019Arrens-Marsous. Les brebis deviennent ses amies ; elle s\u2019en occupe, apprend, saisit leurs singularit\u00e9s.Son quotidien : contempler, r\u00e9fl\u00e9chir et surtout agir. Orages, soins, conduite, ours, le travail est important. Agr\u00e9ment\u00e9 de ses dessins, ce carnet est la traduction de son introspection le temps d\u2019une estive.<\/p>\n<p>&nbsp;<\/p>\n<p style=\"text-align: center;\"><img loading=\"lazy\" decoding=\"async\" class=\"alignnone size-full wp-image-4331\" src=\"http:\/\/www.salondulivre-pyreneen.fr\/wp-content\/uploads\/2017\/03\/Pays-Basque-insoliteT.jpg\" alt=\"Pays Basque insoliteT\" width=\"168\" height=\"300\" \/><\/p>\n<h3><strong><em>Pays basque insolite et secret<\/em><\/strong><\/h3>\n<p style=\"text-align: justify;\"><strong>Olivia Gemain, Bernard Maymou<\/strong><br \/>\n<strong>2021, \u00e9d. Jonglez, 347 p.<\/strong><br \/>\nNouvelle \u00e9dition de ce petit guide du Pays Basque nord, propose, pays par pays, des d\u00e9couvertes ou des red\u00e9couvertes aux secrets toujours relatifs.<\/p>\n<p>&nbsp;<\/p>\n<p style=\"text-align: center;\"><img loading=\"lazy\" decoding=\"async\" class=\"alignnone size-full wp-image-5077\" src=\"http:\/\/www.salondulivre-pyreneen.fr\/wp-content\/uploads\/2017\/03\/Fungus-T.jpg\" alt=\"Fungus T\" width=\"181\" height=\"300\" \/><\/p>\n<h3><strong><em>Fungus. Le roi des Pyr\u00e9n\u00e9es<\/em><\/strong><\/h3>\n<p style=\"text-align: justify;\"><strong>Albert Sanchez-Pignol-(traduit du catalan par Marianne Millon)<\/strong><br \/>\n<strong>2021, Actes sud, 368 p.<\/strong><br \/>\nConte philosophique, de veine fantastique, o\u00f9 certains champignons s\u2019animent et deviennent l\u2019arm\u00e9e de l\u2019anarchisant, &#8211; mais l\u2019est-il vraiment ? &#8211; Ric-Ric. Gr\u00e2ce \u00e0 ces \u00e9tranges cr\u00e9atures \u00ab fungiques \u00bb, ce vilain petit bonhomme va chercher \u00e0 conqu\u00e9rir la belle Ma\u00eflis, laisser cours \u00e0 ses ressentiments, \u00e0 ses penchants tristement humains\u2026 Le pouvoir, une sale fable !<\/p>\n<p>&nbsp;<\/p>\n<p style=\"text-align: center;\"><img loading=\"lazy\" decoding=\"async\" class=\"alignnone size-full wp-image-4981\" src=\"http:\/\/www.salondulivre-pyreneen.fr\/wp-content\/uploads\/2017\/03\/Montaigu-T.jpg\" alt=\"Montaigu T\" width=\"336\" height=\"300\" srcset=\"http:\/\/www.salondulivre-pyreneen.fr\/wp-content\/uploads\/2017\/03\/Montaigu-T.jpg 336w, http:\/\/www.salondulivre-pyreneen.fr\/wp-content\/uploads\/2017\/03\/Montaigu-T-300x268.jpg 300w\" sizes=\"auto, (max-width: 336px) 100vw, 336px\" \/><\/p>\n<h3><strong><em>Le Montaigu. Montagne pastorale de Bigorre, g\u00e9ohistoire d\u2019un espace d\u2019altitude.<\/em><\/strong><\/h3>\n<p style=\"text-align: justify;\"><strong>Alain Cazenave-Piarrot, Gilbert Peyrot<\/strong><br \/>\n<strong>2021, \u00e9ditions Loubati\u00e8res, 169 p.<\/strong><br \/>\nUne montagne, c\u2019est \u00e0 dire un espace pastoral, \u00e9tudi\u00e9e dans sa dynamique d\u2019hier \u00e0 aujourd\u2019hui. Autour de ce sommet singulier, les auteurs font la g\u00e9ohistoire de l\u2019utilisation et de la repr\u00e9sentation des espaces, et nous invitent \u00e0 compl\u00e9ter la lecture en proposant onze itin\u00e9raires de d\u00e9couvertes.<\/p>\n<p>&nbsp;<\/p>\n<p style=\"text-align: center;\"><img loading=\"lazy\" decoding=\"async\" class=\"alignnone size-full wp-image-4955\" src=\"http:\/\/www.salondulivre-pyreneen.fr\/wp-content\/uploads\/2017\/03\/La-Valle\u0301e-des-secrets-T.jpg\" alt=\"La Valle\u0301e des secrets T\" width=\"192\" height=\"300\" \/><\/p>\n<h3><strong><em>La vall\u00e9e des secrets<\/em><\/strong><\/h3>\n<p style=\"text-align: justify;\"><strong>Gloria Carreno<\/strong><br \/>\n<strong>2021, auto-\u00e9dition, 166 p.<\/strong><br \/>\nUn temps troubl\u00e9, des bruits de bottes, les vall\u00e9es pyr\u00e9n\u00e9ennes sont \u00e0 deux pas de la libert\u00e9. Une \u0153uvre de fiction inspir\u00e9 de faits r\u00e9el, qui raconte la r\u00e9sistance de deux villages pyr\u00e9n\u00e9ene face \u00e0 l\u2019oppresseur nazi&#8230;<\/p>\n<p>&nbsp;<\/p>\n<p style=\"text-align: center;\"><img loading=\"lazy\" decoding=\"async\" class=\"alignnone size-full wp-image-5005\" src=\"http:\/\/www.salondulivre-pyreneen.fr\/wp-content\/uploads\/2017\/03\/Tous-les-vers-a\u0300-soie-T.jpg\" alt=\"Tous les vers a\u0300 soie T\" width=\"182\" height=\"300\" \/><\/p>\n<h3><strong><em>Tous les vers \u00e0 soie<\/em><\/strong><\/h3>\n<p style=\"text-align: justify;\"><strong>Estela Puyuelo-(traduit du castillan par Nathalie de Courson)<\/strong><br \/>\n<strong>2021, La Ramonda, 102 p.<\/strong><br \/>\nRecueil de po\u00e8mes d\u2019une jeune po\u00e9tesse aragonaise, qui \u00e0 travers le cycle de vie du vers \u00e0 soie et de son papillon, tisse les temps qui changent, la vitalit\u00e9 et la libert\u00e9 qui nous devraient nous fa\u00e7onner.<\/p>\n<p>&nbsp;<\/p>\n<p style=\"text-align: center;\"><img loading=\"lazy\" decoding=\"async\" class=\"alignnone size-full wp-image-5007\" src=\"http:\/\/www.salondulivre-pyreneen.fr\/wp-content\/uploads\/2017\/03\/Vers-la-beaute\u0301toujours-T.jpg\" alt=\"Vers la beaute\u0301,toujours! T\" width=\"198\" height=\"300\" \/><\/p>\n<h3><strong><em>Vers la beaut\u00e9, toujours !<\/em><\/strong><\/h3>\n<p style=\"text-align: justify;\"><strong>Pascal Dessaint<\/strong><br \/>\n<strong>2020, La Salamandre, 144 p.<\/strong><br \/>\nMarcheur, Pascal Dessaint, s\u2019\u00e9merveille tout autant des rencontres avec les autres vivants, de leurs traces que des grandes vues paysag\u00e8res immortalis\u00e9es. Il donne ici un aper\u00e7u de ses mani\u00e8res d\u2019\u00eatre en montagne, en nature, et avec ses complices en voyage vers la beaut\u00e9.<\/p>\n<p>&nbsp;<\/p>\n<p style=\"text-align: center;\"><img loading=\"lazy\" decoding=\"async\" class=\"alignnone size-full wp-image-4956\" src=\"http:\/\/www.salondulivre-pyreneen.fr\/wp-content\/uploads\/2017\/03\/Mystiques-Me\u0301diterrane\u0301ennes-T.jpg\" alt=\"Mystiques Me\u0301diterrane\u0301ennes T\" width=\"198\" height=\"300\" \/><\/p>\n<h3><strong><em>Mystiques m\u00e9diterran\u00e9ennes et autres nouvelles historiques.<\/em><\/strong><\/h3>\n<p style=\"text-align: justify;\"><strong>Thierry Grillet<\/strong><br \/>\n<strong>2021, Les presses litt\u00e9raires, 186 p.<\/strong><br \/>\nA travers de nombreux textes courts, l\u2019auteur rappelle les richesses humaines, les temps \u0153cum\u00e9nisme religieux comme philosophiques mais aussi les temps plus troubles d\u2019o\u00f9 \u00e9mergent certaines figures, pour inscrire les Pyr\u00e9n\u00e9es m\u00e9diterran\u00e9ennes dans un ensemble plus vaste.<\/p>\n<p>&nbsp;<\/p>\n<p style=\"text-align: center;\"><img loading=\"lazy\" decoding=\"async\" class=\"alignnone size-full wp-image-4871\" src=\"http:\/\/www.salondulivre-pyreneen.fr\/wp-content\/uploads\/2017\/03\/Mission-divine-2-T.jpg\" alt=\"Mission divine 2 T\" width=\"220\" height=\"300\" \/><\/p>\n<h3><strong><em>Mission divine<\/em><\/strong><\/h3>\n<p style=\"text-align: justify;\"><strong>St\u00e9phane Durand-Souffland<\/strong><br \/>\n<strong>2021, L\u2019iconoclaste, 260 p.<\/strong><br \/>\nSa majest\u00e9 et le Roi d\u2019Australie, dingues peut-\u00eatre pas aussi doux que \u00e7a, au court de leur \u00ab mission divine \u00bb qui les conduit d\u2019un d\u00e9partement \u00e0 l\u2019autre, croise un petit gar\u00e7on sur son v\u00e9lo rouge. Fait divers&#8230;<\/p>\n<p>&nbsp;<\/p>\n<p style=\"text-align: center;\"><img loading=\"lazy\" decoding=\"async\" class=\"alignnone size-full wp-image-4970\" src=\"http:\/\/www.salondulivre-pyreneen.fr\/wp-content\/uploads\/2017\/03\/Vie-sauvage-T.jpg\" alt=\"Vie sauvage T\" width=\"188\" height=\"300\" \/><\/p>\n<h3><strong><em>Vie sauvage, mode d\u2019emploi.<\/em><\/strong><\/h3>\n<p style=\"text-align: justify;\"><strong>Jacob Karhu<\/strong><br \/>\n<strong>2021, Flammarion, 280 p.<\/strong><br \/>\nParti, comme David Thoreau cit\u00e9 en exergue, pendant un an vivre dans l\u2019isolement d\u2019une cabane sur le plateau de Beille, Jacob Karhu raconte son exp\u00e9rience, ses difficult\u00e9s, ses frayeurs nocturnes et ses joies.<\/p>\n<p>&nbsp;<\/p>\n<p style=\"text-align: center;\"><img loading=\"lazy\" decoding=\"async\" class=\"alignnone size-full wp-image-5004\" src=\"http:\/\/www.salondulivre-pyreneen.fr\/wp-content\/uploads\/2017\/03\/La-paloma-T.jpg\" alt=\"La paloma T\" width=\"213\" height=\"300\" \/><\/p>\n<h3><strong><em>La paloma<\/em><\/strong><\/h3>\n<p style=\"text-align: justify;\"><strong>Chantal P\u00e0mies<\/strong><br \/>\n<strong>2021, France Libris, 180 p.<\/strong><br \/>\nSur fond de r\u00e9sistance libertaire, le livre raconte l\u2019amiti\u00e9 qui, n\u00e9e d\u2019un coup de destin malheureux par ailleurs, se noue entre le vieil exil\u00e9 et la petite fille devenue solitaire.<\/p>\n<p>&nbsp;<\/p>\n<p style=\"text-align: center;\"><img loading=\"lazy\" decoding=\"async\" class=\"alignnone size-full wp-image-4953\" src=\"http:\/\/www.salondulivre-pyreneen.fr\/wp-content\/uploads\/2017\/03\/La-Chasse-T.jpg\" alt=\"La Chasse T\" width=\"192\" height=\"300\" \/><\/p>\n<h3><strong><em>La chasse<\/em><\/strong><\/h3>\n<p style=\"text-align: justify;\"><strong>Bernard Minier<\/strong><br \/>\n<strong>2021, Xo \u00e9ditions, 476 p.<\/strong><br \/>\nDans ce roman fleuve, Martin Servaz \u00e0 nouveau sur une enqu\u00eate complexe, o\u00f9 les espaces naturels, ici principalement la for\u00eat, sont particuli\u00e8rement pr\u00e9sents, se trouve au centre des violences, d\u2019agissements qui refl\u00e8tent notre \u00e9poque.<\/p>\n<p>&nbsp;<\/p>\n<p style=\"text-align: center;\"><img loading=\"lazy\" decoding=\"async\" class=\"alignnone size-full wp-image-4770\" src=\"http:\/\/www.salondulivre-pyreneen.fr\/wp-content\/uploads\/2017\/03\/GranitopolisW.jpg\" alt=\"GranitopolisW\" width=\"201\" height=\"300\" \/><\/p>\n<h3><strong><em>Granitopolis. La cit\u00e9 ruiniforme du granite du Conflent.<\/em><\/strong><\/h3>\n<p style=\"text-align: justify;\"><strong>Henri Salvayre<\/strong><br \/>\n<strong>2020, Balzac \u00e9diteur, 158 p.<\/strong><br \/>\nCe guide nous propose de d\u00e9couvrir cette particularit\u00e9 g\u00e9ologique qu\u2019est cette pr\u00e9sence granitique en Conflent, au contact des deux plaques qui poussent vers le haut les Pyr\u00e9n\u00e9es. G\u00e9ologie, min\u00e9ralogie bien-s\u00fbr, mais ce sont toutes les caract\u00e9ristiques de ce petit espace, fr\u00e9quent\u00e9 depuis des temps imm\u00e9moriaux par les humains, qui sont pr\u00e9sent\u00e9e<\/p>\n<p>&nbsp;<\/p>\n<p style=\"text-align: center;\"><img loading=\"lazy\" decoding=\"async\" class=\"alignnone size-full wp-image-4950\" src=\"http:\/\/www.salondulivre-pyreneen.fr\/wp-content\/uploads\/2017\/03\/Histoires-de-mulesT.jpg\" alt=\"Histoires de mulesT\" width=\"380\" height=\"300\" srcset=\"http:\/\/www.salondulivre-pyreneen.fr\/wp-content\/uploads\/2017\/03\/Histoires-de-mulesT.jpg 380w, http:\/\/www.salondulivre-pyreneen.fr\/wp-content\/uploads\/2017\/03\/Histoires-de-mulesT-300x237.jpg 300w\" sizes=\"auto, (max-width: 380px) 100vw, 380px\" \/><\/p>\n<h3><strong><em>Histoires de mules<\/em><\/strong><\/h3>\n<p style=\"text-align: justify;\"><strong>Olivier Courthiade \u2013 Illustrations : Bruno Gras\u00a0<\/strong><br \/>\n<strong>2021, Le pas d\u2019oiseau \u00e9ditions, 120 p.<\/strong><br \/>\n\u00ab Il \u00e9tait grand temps d\u2019accorder de l\u2019attention \u00e0 ces \u00e9tranges animaux \u00bb que sont les mules. 10 lettres \u00e9crites par l\u2019auteur \u00e0 un cocher flamand afin de pr\u00e9senter au plus pr\u00e8s de l\u2019exp\u00e9rience du terrain mais aussi des nombreuses lectures sp\u00e9cialis\u00e9es, cette race fort m\u00e9connue et pourtant si importante pour l\u2019homme. Vous en profiterez pour d\u00e9couvrir les 10 recettes de cuisine pyr\u00e9n\u00e9enne qui concluent chacune des lettres qui composent le livre. Le tout illustr\u00e9 de dessins des diff\u00e9rents types de mulets et de leur harnachement.<\/p>\n<p>&nbsp;<\/p>\n<p style=\"text-align: center;\"><img loading=\"lazy\" decoding=\"async\" class=\"alignnone size-full wp-image-4995\" src=\"http:\/\/www.salondulivre-pyreneen.fr\/wp-content\/uploads\/2017\/03\/Le-Guide-en-montagne-T.jpg\" alt=\"Le Guide en montagne T\" width=\"207\" height=\"300\" \/><\/p>\n<h3><strong><em>Le guide des loisirs et tourisme sportifs en montagne.<\/em><\/strong><\/h3>\n<p style=\"text-align: justify;\"><strong>Estelle Vincent<\/strong><br \/>\n<strong>2019, Nomadine \u00e9ditions, 544 p.<\/strong><br \/>\nDes adresses, des contacts, pour aller pratiquer dans les Pyr\u00e9n\u00e9es et ailleurs les 36 activit\u00e9s, pr\u00e9sent\u00e9es au d\u00e9but de l\u2019ouvrage, de loisirs sportifs en montagne.<\/p>\n<p>&nbsp;<\/p>\n<p style=\"text-align: center;\"><img loading=\"lazy\" decoding=\"async\" class=\"alignnone size-full wp-image-4997\" src=\"http:\/\/www.salondulivre-pyreneen.fr\/wp-content\/uploads\/2017\/03\/Pyre\u0301ne\u0301es-Randone\u0301es-insolites-T.jpg\" alt=\"Pyre\u0301ne\u0301es Randone\u0301es insolites T\" width=\"211\" height=\"300\" \/><\/p>\n<h3><strong><em>Pyr\u00e9n\u00e9es. Randonn\u00e9es insolites<\/em><\/strong><\/h3>\n<p style=\"text-align: justify;\"><strong>Etienne Follet, Santiago Mendieta<\/strong><br \/>\n<strong>2020, Rando \u00e9ditions 168 p.<\/strong><br \/>\nProposition de 21 randonn\u00e9es, d\u2019un c\u00f4t\u00e9 et de l\u2019autre de la fronti\u00e8re, de niveau et de dur\u00e9e variable. Insolites ou classiques ?<\/p>\n<p>&nbsp;<\/p>\n<p style=\"text-align: center;\"><img loading=\"lazy\" decoding=\"async\" class=\"alignnone size-full wp-image-4947\" src=\"http:\/\/www.salondulivre-pyreneen.fr\/wp-content\/uploads\/2017\/03\/Comme-des-be\u0302tesT.jpg\" alt=\"Comme des be\u0302tesT\" width=\"211\" height=\"300\" \/><\/p>\n<h3><strong><em>Comme des b\u00eates<\/em><\/strong><\/h3>\n<p style=\"text-align: justify;\"><strong>Violaine B\u00e9rot<\/strong><br \/>\n<strong>2021, Buchet Chastel, 148 p.<\/strong><br \/>\nA l&#8217;\u00e9cart d&#8217;un village isol\u00e9, Mariette vit avec son fils que tous les gens du village appellent l\u2019Ours tant sa carrure est forte et son caract\u00e8re asocial. S\u2019il craint la compagnie des hommes, il a un don pour communiquer avec les b\u00eates et les soigner. Muet et incapable d&#8217;interactions sociales, il est jet\u00e9 en prison pour avoir \u00e9t\u00e9 vu en compagnie d&#8217;une petite fille inconnue, \u00e0 proximit\u00e9 d&#8217;une grotte. Que s&#8217;est-il r\u00e9ellement pass\u00e9 ? Les villageois, \u00e0 tour de r\u00f4le, vont t\u00e9moigner sur l\u2019affaire aupr\u00e8s d\u2019un interlocuteur silencieux&#8230;<\/p>\n<p>&nbsp;<\/p>\n<p style=\"text-align: center;\"><img loading=\"lazy\" decoding=\"async\" class=\"alignnone size-full wp-image-4338\" src=\"http:\/\/www.salondulivre-pyreneen.fr\/wp-content\/uploads\/2017\/03\/Tre\u0301sors-BaroquesT.jpg\" alt=\"Tre\u0301sors BaroquesT\" width=\"349\" height=\"300\" srcset=\"http:\/\/www.salondulivre-pyreneen.fr\/wp-content\/uploads\/2017\/03\/Tre\u0301sors-BaroquesT.jpg 349w, http:\/\/www.salondulivre-pyreneen.fr\/wp-content\/uploads\/2017\/03\/Tre\u0301sors-BaroquesT-300x258.jpg 300w\" sizes=\"auto, (max-width: 349px) 100vw, 349px\" \/><\/p>\n<h3><strong><em>Tr\u00e9sors baroques.Tarbes Lourdes Pyr\u00e9n\u00e9es.<\/em><\/strong><\/h3>\n<p style=\"text-align: justify;\"><strong>Thibault de Rouvray, Laure Latanne-Bey, Michel Dieuzaide<\/strong><br \/>\n<strong>2021, Jours des arts, 132 p.<\/strong><br \/>\nApr\u00e8s une investigation du bestiaire des Hautes-Pyr\u00e9n\u00e9es dans les \u00e9glises, voici une pr\u00e9sentation de l\u2019Art baroque par deux auteurs historiens de l\u2019art religieux. Richesse du mobilier, affrontement entre R\u00e9forme protestante et Contre-R\u00e9forme catholique, Concile de Trente, mobilier religieux renouvel\u00e9 : retable, tabernacle, chaire, bois et dorures, personnages, ateliers d\u2019artistes. Les tr\u00e9sors d\u2019\u00e9glises bigourdanes d\u00e9filent devant nos yeux.<\/p>\n<p>&nbsp;<\/p>\n<p style=\"text-align: center;\"><img loading=\"lazy\" decoding=\"async\" class=\"alignnone size-full wp-image-4864\" src=\"http:\/\/www.salondulivre-pyreneen.fr\/wp-content\/uploads\/2017\/03\/He\u0302tres-2-T.jpg\" alt=\"(H)e\u0302tres 2 T\" width=\"210\" height=\"300\" \/><\/p>\n<h3><strong><em>(H)\u00eatres<\/em><\/strong><\/h3>\n<p style=\"text-align: justify;\"><strong>Jean-Baptiste Cordonnier<\/strong><br \/>\n<strong>2021, Le Pas d\u2019oiseau, 118 p.<\/strong><br \/>\nLes arbres d&#8217;une for\u00eat d&#8217;Ari\u00e8ge prennent la parole dans ce r\u00e9cit po\u00e9tique pour relater l&#8217;histoire de l&#8217;humanit\u00e9 et des paysages, leurs combats, leurs espoirs, leurs souffrances et leurs ambitions. C&#8217;est aux confidences des arbres que ce livre, plein de sensibilit\u00e9, nous invite. Ils livrent aussi quelques lois qui r\u00e9gissent la vie du syst\u00e8me forestier, o\u00f9 les champignons jouent pleinement leur r\u00f4le d&#8217;agents secrets.<\/p>\n<p>&nbsp;<\/p>\n<p style=\"text-align: center;\"><img loading=\"lazy\" decoding=\"async\" class=\"alignnone size-full wp-image-4867\" src=\"http:\/\/www.salondulivre-pyreneen.fr\/wp-content\/uploads\/2017\/03\/Almanach-2021Pyre\u0301ne\u0301es-T.jpg\" alt=\"Almanach 2021Pyre\u0301ne\u0301es T\" width=\"215\" height=\"300\" \/><\/p>\n<h3><strong><em>Almanach 2021. Les Pyr\u00e9n\u00e9es.<\/em><\/strong><\/h3>\n<p style=\"text-align: justify;\"><strong>Patrice Teisseire-Dufour<\/strong><br \/>\n<strong>2020, Cairn, 128 p.<\/strong><br \/>\nUn almanach, c\u2019est un peu du touche \u00e0 tout en d\u00e9sordre dans la chronologie et la g\u00e9ographie. On y trouve donc anecdotes, faits, recettes, conseils divers en tout genre\u2026 \u00e0 propos des Pyr\u00e9n\u00e9es.<\/p>\n<p>&nbsp;<\/p>\n<p style=\"text-align: center;\"><img loading=\"lazy\" decoding=\"async\" class=\"alignnone size-full wp-image-4971\" src=\"http:\/\/www.salondulivre-pyreneen.fr\/wp-content\/uploads\/2017\/03\/Jours-sauvages-T.jpg\" alt=\"Jours sauvages T\" width=\"206\" height=\"300\" \/><\/p>\n<h3><strong><em>Jours sauvages<\/em><\/strong><\/h3>\n<p style=\"text-align: justify;\"><strong>Claire Cantais<\/strong><br \/>\n<strong>2020, Syros, 275 p.<\/strong><br \/>\nIls ont entre 13 et 15 ans. Ils ne se connaissent pas. Mais ils sont inscrits ensemble \u00e0 un stage \u00ab bushcraft \u00bb dans les Pyr\u00e9n\u00e9es cet \u00e9t\u00e9. Le \u00ab bushcraft \u00bb, c\u2019est \u00ab l\u2019art de vivre dans les bois \u00bb. Sans toit, sans nourriture, sans rien. Certains sont pr\u00eats \u00e0 se donner \u00e0 fond, d\u2019autres feraient n\u2019importe quoi pour ne pas \u00eatre l\u00e0. Mais pour tous, un m\u00eame d\u00e9fi : d\u00e9passer ses limites. Indiff\u00e9rente \u00e0 tout \u00e7a la montagne r\u00e9v\u00e9lera la fin&#8230;<\/p>\n<p>&nbsp;<\/p>\n<p style=\"text-align: center;\"><img loading=\"lazy\" decoding=\"async\" class=\"alignnone size-full wp-image-4870\" src=\"http:\/\/www.salondulivre-pyreneen.fr\/wp-content\/uploads\/2017\/03\/Le\u0301Les-Pyre\u0301ne\u0301es-monts-et-vaux-1T.jpg\" alt=\"L'e\u0301Les Pyre\u0301ne\u0301es monts et vaux 1T\" width=\"325\" height=\"300\" srcset=\"http:\/\/www.salondulivre-pyreneen.fr\/wp-content\/uploads\/2017\/03\/Le\u0301Les-Pyre\u0301ne\u0301es-monts-et-vaux-1T.jpg 325w, http:\/\/www.salondulivre-pyreneen.fr\/wp-content\/uploads\/2017\/03\/Le\u0301Les-Pyre\u0301ne\u0301es-monts-et-vaux-1T-300x277.jpg 300w\" sizes=\"auto, (max-width: 325px) 100vw, 325px\" \/><\/p>\n<h3><strong><em>Les Pyr\u00e9n\u00e9es par monts et par mots<\/em><\/strong><\/h3>\n<p style=\"text-align: justify;\"><strong>Jean-Paul Azam<\/strong><br \/>\n<strong>2021, Latitudes sud, 155 p<\/strong><br \/>\nLes Pyr\u00e9n\u00e9es, d\u2019ouest en est, en images et dans les pas d\u2019\u00e9crivains depuis le d\u00e9but du 19\u00e8me si\u00e8cle. Jean Paul Azam associe la photographie d\u2019un lieu \u00e0 un texte historique tr\u00e8s succinct sur la pr\u00e9sence plus ou moins \u00e9ph\u00e9m\u00e8re d\u2019un artiste en cet endroit et \u00e0 la production \u00e9crite n\u00e9e de cette rencontre. Des textes \u00e9tonnants, parfois in\u00e9dits&#8230;<\/p>\n<p>&nbsp;<\/p>\n<p style=\"text-align: center;\"><img loading=\"lazy\" decoding=\"async\" class=\"alignnone size-full wp-image-4776\" src=\"http:\/\/www.salondulivre-pyreneen.fr\/wp-content\/uploads\/2017\/03\/Rue-Paillasse\u0300reW.jpg\" alt=\"Rue Paillasse\u0300reW\" width=\"190\" height=\"300\" \/><\/p>\n<h3><strong><em>Rue Paillass\u00e8re<\/em><\/strong><\/h3>\n<p style=\"text-align: justify;\"><strong>Janette ANANOS<\/strong><br \/>\n<strong>2020, Monh\u00e9lios, 215 p.<\/strong><br \/>\nN\u00e9e en 1946 ou 1948, Janette Ananos raconte sa jeunesse \u00e0 Arette et fait revivre sa famille, un village, une vie simple mais chaleureuse pas toujours indemne de soucis et tensions. Le tremblement de terre du 13 ao\u00fbt 1967, l\u2019usine de sandales, les travaux domestiques, les diff\u00e9rences sociales, ouvrent \u00e0 des r\u00e9flexions sur la m\u00e9moire, les souvenirs.<\/p>\n<p>&nbsp;<\/p>\n<p style=\"text-align: center;\"><img loading=\"lazy\" decoding=\"async\" class=\"alignnone size-full wp-image-4337\" src=\"http:\/\/www.salondulivre-pyreneen.fr\/wp-content\/uploads\/2017\/03\/Suite-Bigourdane-AT.jpg\" alt=\"Suite Bigourdane AT\" width=\"236\" height=\"300\" \/><\/p>\n<h3><strong><em>Suite bigourdane<\/em><\/strong><\/h3>\n<p style=\"text-align: justify;\"><strong>Pascal Pr\u00e9vost<\/strong><br \/>\n<strong>2020, Le solitaire, 134 p.<\/strong><br \/>\nCette \u00ab Suite bigourdane \u00bb, de Pascal Pr\u00e9vost, donne une s\u00e9rie de sept nouvelles inspir\u00e9es de faits r\u00e9els qui se sont d\u00e9roul\u00e9s dans les Hautes-Pyr\u00e9n\u00e9es, entre la premi\u00e8re moiti\u00e9 du XIXe et le d\u00e9but du XXe si\u00e8cle.<\/p>\n<p>&nbsp;<\/p>\n<p style=\"text-align: center;\"><img loading=\"lazy\" decoding=\"async\" class=\"alignnone size-full wp-image-4333\" src=\"http:\/\/www.salondulivre-pyreneen.fr\/wp-content\/uploads\/2017\/03\/Politique-ame\u0301nagement-PB-T.jpg\" alt=\"Politique ame\u0301nagement PB T\" width=\"197\" height=\"300\" \/><\/p>\n<h3><strong><em>La politique d\u2019am\u00e9nagement et de d\u00e9veloppement du Pays basque<\/em><\/strong><\/h3>\n<p style=\"text-align: justify;\"><strong>Eguzki Urteaga<\/strong><br \/>\n<strong>2020, L\u2019Harmattan, 232 p<\/strong><br \/>\nUne \u00e9tude sur l&#8217;\u00e9volution des politiques d&#8217;am\u00e9nagement et de d\u00e9veloppement territorial, depuis les ann\u00e9es 1990, notamment le contrat territorial et la Communaut\u00e9 d&#8217;agglom\u00e9ration du Pays basque. Cette \u00e9volution est analys\u00e9e dans un contexte tendu o\u00f9 le mod\u00e8le fond\u00e9 sur la concentration de l&#8217;activit\u00e9 productive et l&#8217;exploitation des ressources naturelles s&#8217;essouffle et n\u00e9cessite des mutations, mais aussi de relever de nombreux d\u00e9fis.<\/p>\n<p>&nbsp;<\/p>\n<p style=\"text-align: center;\"><img loading=\"lazy\" decoding=\"async\" class=\"alignnone size-full wp-image-4952\" src=\"http:\/\/www.salondulivre-pyreneen.fr\/wp-content\/uploads\/2017\/03\/Ille-sur-Tet-T.jpg\" alt=\"Ille sur Tet T\" width=\"194\" height=\"300\" \/><\/p>\n<h3><strong><em>La commune d\u2019Ille sur T\u00eat confront\u00e9e aux \u00e9v\u00e8nements d\u2019une p\u00e9riode tourment\u00e9e (1935 \u2013 1945)<\/em><\/strong><\/h3>\n<p style=\"text-align: justify;\"><strong>Dominique Benoit<\/strong><br \/>\n<strong>2020, Editions Paraules, 333 p.<\/strong><br \/>\nS\u2019appuyant sur le compte-rendu des d\u00e9lib\u00e9rations des s\u00e9ances de Conseils municipaux, la lecture des archives d\u00e9partementales et nationales, l\u2019analyse des articles de presse de l\u2019\u00e9poque, et l\u2019enregistrement de nombreux entretiens avec des Illoises et Illois l\u2019auteur retrace au quotidien la vie de cette petite ville de Catalogne dans ce qu\u2019il appelle \u00ab la p\u00e9riode noire 1935\/1945 \u00bb.<\/p>\n<p>&nbsp;<\/p>\n<p style=\"text-align: center;\"><img loading=\"lazy\" decoding=\"async\" class=\"alignnone size-full wp-image-4954\" src=\"http:\/\/www.salondulivre-pyreneen.fr\/wp-content\/uploads\/2017\/03\/La-dynastie-den-haut-T.jpg\" alt=\"La dynastie d'en haut T\" width=\"199\" height=\"300\" \/><\/p>\n<h3><strong><em>La dynastie d\u2019en haut.<\/em><\/strong><\/h3>\n<p style=\"text-align: justify;\"><strong>Anne Kurian<\/strong><br \/>\n<strong>2020, Editions Salvator, 253 p.<\/strong><br \/>\nSara, la jolie fille de la famille Mercier, habite le village alpin de Saint-Martin et aime Loup, l\u2019enfant adopt\u00e9. Amour et famille bris\u00e9s avec la fuite incompr\u00e9hensible de Loup. Sara d\u00e9cide de quitter les Alpes pour devenir institutrice dans un village pyr\u00e9n\u00e9en. Sara est fianc\u00e9e avec R\u00e9mi mais l\u2019arriv\u00e9e du beau directeur du centre de loisir de ce village remet tout en question\u2026<\/p>\n<p>&nbsp;<\/p>\n<p style=\"text-align: center;\"><img loading=\"lazy\" decoding=\"async\" class=\"alignnone size-full wp-image-4869\" src=\"http:\/\/www.salondulivre-pyreneen.fr\/wp-content\/uploads\/2017\/03\/Le\u0301pope\u0301e-des-sports-Luchon-2-T.jpg\" alt=\"L'e\u0301pope\u0301e des sports Luchon 2 T\" width=\"212\" height=\"300\" \/><\/p>\n<h3><strong><em>L\u2019\u00e9pop\u00e9e des sports d\u2019hivers \u00e0 Luchon &#8211; Superbagn\u00e8res<\/em><\/strong><\/h3>\n<p style=\"text-align: justify;\"><strong>Tristan Turlan<\/strong><br \/>\n<strong>2021, auto-\u00e9dition, 334 p.<\/strong><br \/>\nAu travers de nombreuses photos en noir et blanc (\u00e0 l\u2019exception de la couverture), l\u2019auteur nous donne l\u2019historique de l\u2019installation de l\u2019activit\u00e9 ski, avec ses formes sportives et culturelles tr\u00e8s vari\u00e9es, dans la ville de Luchon et de sa station embl\u00e9matique : Superbagn\u00e8res.<\/p>\n<p>&nbsp;<\/p>\n<p style=\"text-align: center;\"><img loading=\"lazy\" decoding=\"async\" class=\"alignnone size-full wp-image-4335\" src=\"http:\/\/www.salondulivre-pyreneen.fr\/wp-content\/uploads\/2017\/03\/Stations-ThermalesT.jpg\" alt=\"Stations ThermalesT\" width=\"214\" height=\"300\" \/><\/p>\n<h3><strong><em>Stations Thermales des Pyr\u00e9n\u00e9es B\u00e9arnaises<\/em><\/strong><\/h3>\n<p style=\"text-align: justify;\"><strong>Viviane Delpech et Mathilde Lamothe<\/strong><br \/>\n<strong>2020, Le Festin, 112 p.<\/strong><br \/>\nDu voyage pittoresque \u00e0 la cure thermale et au pyr\u00e9n\u00e9isme, les Pyr\u00e9n\u00e9es n\u2019ont cess\u00e9 de fasciner les monarques, artistes et, globalement, la soci\u00e9t\u00e9 depuis pr\u00e8s de deux si\u00e8cles. Aujourd\u2019hui, le patrimoine des stations b\u00e9arnaises est dans un \u00e9tat pr\u00e9occupant, malgr\u00e9 sa valeur historique et architecturale. Une \u00e9tude universitaire associant l\u2019Inventaire a permis cette publication qui, a\u0300 travers trois itin\u00e9raires, d\u00e9crit le patrimoine b\u00e2ti, mobilier et paysager, de l\u2019\u00e9tablissement de bains aux h\u00f4tels, du parc paysager aux villas de plaisance.<\/p>\n<p>&nbsp;<\/p>\n<p style=\"text-align: center;\"><img loading=\"lazy\" decoding=\"async\" class=\"alignnone size-full wp-image-4781\" src=\"http:\/\/www.salondulivre-pyreneen.fr\/wp-content\/uploads\/2017\/03\/Pyre\u0301ne\u0301es-instant-vole\u0301s-W.jpg\" alt=\"Pyre\u0301ne\u0301es instant vole\u0301s W\" width=\"395\" height=\"300\" srcset=\"http:\/\/www.salondulivre-pyreneen.fr\/wp-content\/uploads\/2017\/03\/Pyre\u0301ne\u0301es-instant-vole\u0301s-W.jpg 395w, http:\/\/www.salondulivre-pyreneen.fr\/wp-content\/uploads\/2017\/03\/Pyre\u0301ne\u0301es-instant-vole\u0301s-W-300x228.jpg 300w\" sizes=\"auto, (max-width: 395px) 100vw, 395px\" \/><\/p>\n<h3><strong><em>Pyr\u00e9n\u00e9es instants vol\u00e9s<\/em><\/strong><\/h3>\n<p style=\"text-align: justify;\"><strong>BEGAY Arnaud et LASSERRE-VERGNE Anne<\/strong><br \/>\n<strong>2020, \u00c9ditions Cairn, 158 p.<\/strong><br \/>\n\u00ab Que la beaut\u00e9 soit dans notre regard, et non dans la chose regard\u00e9e ! \u00bb, et la chose ici se nomme Pyr\u00e9n\u00e9es. C\u2019est entre litt\u00e9rature et photographie que l\u2019oscillation du lecteur se fera dans cet ouvrage.<\/p>\n<p>&nbsp;<\/p>\n<p style=\"text-align: center;\"><img loading=\"lazy\" decoding=\"async\" class=\"alignnone size-full wp-image-4783\" src=\"http:\/\/www.salondulivre-pyreneen.fr\/wp-content\/uploads\/2017\/03\/Alice-doit-mourir-W.jpg\" alt=\"Alice doit mourir W\" width=\"201\" height=\"300\" \/><\/p>\n<h3><strong><em>Alice doit mourir<\/em><\/strong><\/h3>\n<p style=\"text-align: justify;\"><strong>Diego Arrabal<\/strong><br \/>\n<strong>2021, \u00c9ditions Cairn, 334 p.<\/strong><br \/>\nPour r\u00e9gler la succession de sa grand-m\u00e8re qui vient de d\u00e9c\u00e9der, Alice revient dans le hameau des Pyr\u00e9n\u00e9es o\u00f9, petite, elle passait toutes ses vacances. Une fois sur place, prise de nostalgie et en proie \u00e0 une profonde remise en question, elle d\u00e9cide de s&#8217;installer. Commence alors une s\u00e9rie d&#8217;\u00e9v\u00e9nements \u00e9tranges, de plus en plus graves, dont certains voisins lui attribuent l&#8217;origine&#8230; L&#8217;entente au sein de la petite communaut\u00e9 vole en \u00e9clat, tandis qu&#8217;Alice est directement menac\u00e9e de mort par un \u00e9nigmatique corbeau.<\/p>\n<p>&nbsp;<\/p>\n<p style=\"text-align: center;\"><img loading=\"lazy\" decoding=\"async\" class=\"alignnone size-full wp-image-4773\" src=\"http:\/\/www.salondulivre-pyreneen.fr\/wp-content\/uploads\/2017\/03\/Livre-dor-du-ve\u0301loW.jpg\" alt=\"Livre d'or du ve\u0301loW\" width=\"233\" height=\"300\" \/><\/p>\n<h3><strong><em>Livre d\u2019or du v\u00e9lo dans les Pyr\u00e9n\u00e9es<\/em><\/strong><\/h3>\n<p style=\"text-align: justify;\"><strong>Jacques Roux<\/strong><br \/>\n<strong>2020, Altigraph, non pagin\u00e9<\/strong><br \/>\n\u00ab Journal personnel pour tous les cyclistes, amateurs de v\u00e9lo dans les Pyr\u00e9n\u00e9es \u00bb. A compl\u00e9ter&#8230;<\/p>\n<p>&nbsp;<\/p>\n<p style=\"text-align: center;\"><img loading=\"lazy\" decoding=\"async\" class=\"alignnone size-full wp-image-4768\" src=\"http:\/\/www.salondulivre-pyreneen.fr\/wp-content\/uploads\/2017\/03\/CADA-FuillaW.jpg\" alt=\"CADA FuillaW\" width=\"206\" height=\"300\" \/><\/p>\n<h3><strong><em>CADA Fuilla : Une Maison sans pr\u00e9c\u00e9dente<\/em><\/strong><\/h3>\n<p style=\"text-align: justify;\"><strong>Adams Olatayo Omolola<\/strong><br \/>\n<strong>2020, St-Honor\u00e9 \u00e9ditions, 90 p.<\/strong><br \/>\nCe centre d\u2019Accueil des Demandeurs d\u2019Asile (CADA) se trouve dans le village de Fuilla, dans les Pyr\u00e9n\u00e9es Orientales. Apr\u00e8s l\u2019a pr\u00e9sentation du village viennent les descriptions du centre, son lieu, les familles accueillies et leur quotidien. R\u00e9cit de leur int\u00e9gration parmi les habitants et de leurs coutumes partag\u00e9es. Les travailleurs sociaux et leurs qualit\u00e9s professionnelles sont relat\u00e9s au plus proche, avec des angles d\u2019\u00e9volution des pratiques.<\/p>\n<p>&nbsp;<\/p>\n<p style=\"text-align: center;\"><img loading=\"lazy\" decoding=\"async\" class=\"alignnone size-full wp-image-4765\" src=\"http:\/\/www.salondulivre-pyreneen.fr\/wp-content\/uploads\/2017\/03\/Du-Rififi-sous-la-tenteW.jpg\" alt=\"Du Rififi sous la tenteW\" width=\"251\" height=\"350\" srcset=\"http:\/\/www.salondulivre-pyreneen.fr\/wp-content\/uploads\/2017\/03\/Du-Rififi-sous-la-tenteW.jpg 251w, http:\/\/www.salondulivre-pyreneen.fr\/wp-content\/uploads\/2017\/03\/Du-Rififi-sous-la-tenteW-215x300.jpg 215w\" sizes=\"auto, (max-width: 251px) 100vw, 251px\" \/><\/p>\n<h3><strong><em>Du rififi sous la tente<\/em><\/strong><\/h3>\n<p style=\"text-align: justify;\"><strong>Jean-Louis Jouanneaud, illustrations : Katia Humbert.<\/strong><br \/>\n<strong>2020, Le Verger des Hesp\u00e9rides, 144 p.<\/strong><br \/>\nSherlock le chien et Lola la chatte partent en camping dans les Pyr\u00e9n\u00e9es avec leurs ma\u00eetres. Les vacances ne vont pourtant pas \u00eatre de tout repos : un ours rentre dans les campings pour y visiter les poubelles ! Est-ce r\u00e9ellement un ours ? Sherlock et Lola d\u00e9cident de mener leur enqu\u00eate.<\/p>\n<p>&nbsp;<\/p>\n<p style=\"text-align: center;\"><img loading=\"lazy\" decoding=\"async\" class=\"alignnone size-full wp-image-4330\" src=\"http:\/\/www.salondulivre-pyreneen.fr\/wp-content\/uploads\/2017\/03\/Maison-dAre-Louron-T.jpg\" alt=\"Maison d'Are &amp; Louron T\" width=\"287\" height=\"300\" \/><\/p>\n<h3><strong><em>Maison d\u2019Aure et du Louron<\/em><\/strong><\/h3>\n<p style=\"text-align: justify;\"><strong>Janine Guerraz-Colonel (textes), CAUE Hautes-Pyr\u00e9n\u00e9es (illustrations)<\/strong><br \/>\n<strong>2020, Cairn \u2013 Maison du patrimoine de St-Lary-Soulan, 134 p.<\/strong><br \/>\nL\u2019\u00e9tude de la maison des vall\u00e9es d\u2019Aure et du Louron a permis d\u2019appr\u00e9hender dans une approche pluridisciplinaire comment l\u2019humain a pu s\u2019installer dans tous les \u00e9tages de la montagne afin d\u2019y vivre. Adaptation \u00e0 la nature, au climat et au relief, le b\u00e2ti de pierre fait d\u2019ardoise et de bois est le symbole de l\u2019identit\u00e9 de ces vall\u00e9es.<\/p>\n<p>&nbsp;<\/p>\n<p style=\"text-align: center;\"><img loading=\"lazy\" decoding=\"async\" class=\"alignnone size-full wp-image-4779\" src=\"http:\/\/www.salondulivre-pyreneen.fr\/wp-content\/uploads\/2017\/03\/Pe\u0301re\u0301grinations-du-ze\u0301bu-W.jpg\" alt=\"Pe\u0301re\u0301grinations du ze\u0301bu W\" width=\"198\" height=\"300\" \/><\/p>\n<h3><strong><em>P\u00e9r\u00e9grinations du z\u00e9bu en Herri Banana. L\u2019\u00c9tat dans toutes ses justices<\/em><\/strong><\/h3>\n<p style=\"text-align: justify;\"><strong>Guy Aubertin<\/strong><br \/>\n<strong>2020, Fondation plan\u00e8te Alca, 238 p.<\/strong><br \/>\nDans un pays imagin\u00e9, au pied de \u00ab jeunes montagnes \u00bb travers\u00e9 par la rivi\u00e8re \u00ab Amour \u00bb, un z\u00e9bu parcourt le vert pays et rapporte les \u00e9pisodes des carambouilles et autres calembredaines qui font son quotidien. Comme un air connu, avec une volont\u00e9 humoristique, potache m\u00eame, affich\u00e9e.<\/p>\n<p>&nbsp;<\/p>\n<p style=\"text-align: center;\"><img loading=\"lazy\" decoding=\"async\" class=\"alignnone size-full wp-image-4789\" src=\"http:\/\/www.salondulivre-pyreneen.fr\/wp-content\/uploads\/2017\/03\/LArribe\u0300re-T.jpg\" alt=\"L'Arribe\u0300re T\" width=\"196\" height=\"300\" \/><\/p>\n<h3><strong><em>L\u2019Arrib\u00e8re. Ses villages et leur histoire.<\/em><\/strong><\/h3>\n<p style=\"text-align: justify;\"><strong>Monique Femenia<\/strong><br \/>\n<strong>2021, Cercle historique de l\u2019Arrib\u00e8re, 500 p.<\/strong><br \/>\nA travers cet ouvrage historique, nous d\u00e9couvrons dans un premier temps la r\u00e9gion du B\u00e9arn, ses origines et \u00e9volutions, pour ensuite approfondir la situation des 28 villages du bailiatge de Navarrenx, principalement de leurs \u00e9tablissements jusqu\u2019\u00e0 la R\u00e9volution fran\u00e7aise, et parfois m\u00eame au-del\u00e0 avec des photographies du patrimoine.<\/p>\n<p>&nbsp;<\/p>\n<p style=\"text-align: center;\"><img loading=\"lazy\" decoding=\"async\" class=\"alignnone size-full wp-image-4791\" src=\"http:\/\/www.salondulivre-pyreneen.fr\/wp-content\/uploads\/2017\/03\/Montagne-et-toutisme-T.jpg\" alt=\"Montagne et toutisme T\" width=\"196\" height=\"300\" \/><\/p>\n<h3><strong><em>Montagnes et tourisme. Essai sur la concurrence des territoires, des Alpes du Nord aux Pyr\u00e9n\u00e9es centrales.<\/em><\/strong><\/h3>\n<p style=\"text-align: justify;\"><strong>Andr\u00e9 Suchet<\/strong><br \/>\n<strong>2021, \u00c9ditions universitaires du sud, 176 p.<\/strong><br \/>\nCet ouvrage d\u00e9montre la concurrence du tourisme de montagne en France, en retra\u00e7ant la \u00abGrande \u00c9poque\u00bb du thermalisme dans les Pyr\u00e9n\u00e9es, l\u2019invention de \u00ab l\u2019ascensionnisme \u00bb, puis de l\u2019organisation des sports d\u2019hiver dans les Alpes du Nord. En pr\u00e9ambule, il propose un cadre th\u00e9orique des m\u00e9canismes par lesquels des acteurs ont fabriqu\u00e9, puis entretenu, la position avantageuse des Alpes du Nord, au d\u00e9triment des Pyr\u00e9n\u00e9es, dans la hi\u00e9rarchie territoriale des zones de montagne.<\/p>\n<p>&nbsp;<\/p>\n<p style=\"text-align: center;\"><img loading=\"lazy\" decoding=\"async\" class=\"alignnone size-full wp-image-4793\" src=\"http:\/\/www.salondulivre-pyreneen.fr\/wp-content\/uploads\/2017\/03\/Des-diables-et-des-saints-T300.jpg\" alt=\"Des diables et des saints T300\" width=\"220\" height=\"300\" \/><\/p>\n<h3><strong><em>Des diables et des saints<\/em><\/strong><\/h3>\n<p style=\"text-align: justify;\"><strong>Jean-Baptiste Andr\u00e9a<\/strong><br \/>\n<strong>2021, L\u2019iconoclaste, 414 p.<\/strong><br \/>\nJoseph est un vieil homme qui joue divinement du Beethoven sur les pianos publics. On le croise un jour dans une gare, un autre dans un a\u00e9roport. Il semble g\u00e2cher son talent de concertiste en se perdant parmi les voyageurs indiff\u00e9rents. Interpellant le passant, il semble attendre quelqu&#8217;un, mais qui et pourquoi ? Orphelin, l\u2019adolescent est plac\u00e9 dans une institution religieuse dans les Pyr\u00e9n\u00e9es, \u00ab Les Confins \u00bb. Un lieu qui recueille les abandonn\u00e9s, les demeur\u00e9s. Les journ\u00e9es y sont faites de routine, de corv\u00e9es et de maltraitances. Jusqu\u2019\u00e0 la rencontre avec Rose\u2026<\/p>\n<p>&nbsp;<\/p>\n<p style=\"text-align: center;\"><img loading=\"lazy\" decoding=\"async\" class=\"alignnone size-full wp-image-4787\" src=\"http:\/\/www.salondulivre-pyreneen.fr\/wp-content\/uploads\/2017\/03\/Bouquetins-et-Pyre\u0301ne\u0301es-T.jpg\" alt=\"Bouquetins et Pyre\u0301ne\u0301es T\" width=\"229\" height=\"300\" \/><\/p>\n<h3><strong><em>Bouquetins et Pyr\u00e9n\u00e9es, de la pr\u00e9histoire \u00e0 nos jours<\/em><\/strong><\/h3>\n<p style=\"text-align: justify;\"><strong>Aline Averbouh, Val\u00e9rie Feruglio, Fr\u00e9d\u00e9ric Passard, Geoges Sauvet <\/strong><br \/>\n<strong>2021, Presses Universitaires de Provence, 413 p.<\/strong><br \/>\nL\u2019aventure du bouquetin des Pyr\u00e9n\u00e9es, au cours de quelques mill\u00e9naires. Ce livre, rassemblant une cinquantaine de sp\u00e9cialistes, reste accessible au grand public en pr\u00e9sentant un panorama g\u00e9n\u00e9ral allant de l\u2019histoire fossile du bouquetin aux programmes actuels de r\u00e9introduction du \u00ab bouc \u00bb \u2026<\/p>\n<p>&nbsp;<\/p>\n<p style=\"text-align: center;\"><img loading=\"lazy\" decoding=\"async\" class=\"alignnone size-full wp-image-4760\" src=\"http:\/\/www.salondulivre-pyreneen.fr\/wp-content\/uploads\/2017\/03\/labe\u0301ce\u0301daire-350.jpg\" alt=\"l'abe\u0301ce\u0301daire 350\" width=\"262\" height=\"350\" srcset=\"http:\/\/www.salondulivre-pyreneen.fr\/wp-content\/uploads\/2017\/03\/labe\u0301ce\u0301daire-350.jpg 262w, http:\/\/www.salondulivre-pyreneen.fr\/wp-content\/uploads\/2017\/03\/labe\u0301ce\u0301daire-350-225x300.jpg 225w\" sizes=\"auto, (max-width: 262px) 100vw, 262px\" \/><\/p>\n<h3><strong><em>L\u2019ab\u00e9c\u00e9daire des Pyr\u00e9n\u00e9es<\/em><\/strong><\/h3>\n<p style=\"text-align: justify;\"><strong>B\u00e9n\u00e9dicte Boucays, Genevi\u00e8ve Laurent et R\u00e9mi Sallard<\/strong><br \/>\n<strong>2020, Privat, 52 p.<\/strong><br \/>\nD\u00e9couvrir la faune, la flore, des lieux et histoires embl\u00e9matiques des Pyr\u00e9n\u00e9es de A \u00e0 Z avec cet ab\u00e9c\u00e9daire illustr\u00e9, pour petits et grands.<\/p>\n<p>&nbsp;<\/p>\n<p style=\"text-align: center;\"><img loading=\"lazy\" decoding=\"async\" class=\"alignnone size-full wp-image-4822\" src=\"http:\/\/www.salondulivre-pyreneen.fr\/wp-content\/uploads\/2017\/03\/lUltime-Refuge-W.jpg\" alt=\"l'Ultime Refuge W\" width=\"211\" height=\"300\" \/><\/p>\n<h3><strong><em>2666 &#8211; L\u2019ultime refuge. Chroniques d\u2019un gardien de refuge ordinaire.<\/em><\/strong><\/h3>\n<p style=\"text-align: justify;\"><strong>Jean-Thomas Ara,<\/strong><br \/>\n<strong>2020, Anovi, 291 p.<\/strong><br \/>\nGardien du refuge des Oul\u00e8tes de Gaube puis d\u2019un refuge dans les Alpes, Jean-Thomas Ara livre ses impressions, son v\u00e9cu, ses propositions pour de meilleures prestations, ses coups de gueule, ses moments forts.<\/p>\n<p>&nbsp;<\/p>\n<p style=\"text-align: center;\"><img loading=\"lazy\" decoding=\"async\" class=\"alignnone size-full wp-image-4327\" src=\"http:\/\/www.salondulivre-pyreneen.fr\/wp-content\/uploads\/2017\/03\/Les-re\u0301publicains-espagnols-T.jpg\" alt=\"Les re\u0301publicains espagnols T\" width=\"201\" height=\"300\" \/><\/p>\n<h3><strong><em>Les r\u00e9publicains espagnols \u00e0 Rivesaltes<\/em><\/strong><\/h3>\n<p style=\"text-align: justify;\"><strong>Genevi\u00e8ve Dreyfus-Armand<\/strong><br \/>\n<strong>2020, \u00c9ditions Loubati\u00e8res, 238 p.<\/strong><br \/>\n<em><a href=\"http:\/\/www.loubatieres.fr\/\">\u00c9ditions Loubati\u00e8res<\/a><\/em>,<br \/>\nA partir de janvier 1941, des familles enti\u00e8res de r\u00e9publicains espagnols arrivent au camp de Rivesaltes. Longtemps m\u00e9connu, cet enfermement est ici pr\u00e9sent\u00e9 et remis en perspective par une brillante sp\u00e9cialiste des migrations espagnoles au XXe si\u00e8cle. Si les hommes sont incorpor\u00e9s dans les groupements de travailleurs \u00e9trangers, les femmes et les enfants restent confin\u00e9s dans ce lieu glacial en hiver et torride en \u00e9t\u00e9, dans la promiscuit\u00e9 et la faim. Un t\u00e9moignage poignant de cet univers d&#8217;enfermement.<\/p>\n<p>&nbsp;<\/p>\n<p style=\"text-align: center;\"><img loading=\"lazy\" decoding=\"async\" class=\"alignnone size-full wp-image-4323\" src=\"http:\/\/www.salondulivre-pyreneen.fr\/wp-content\/uploads\/2017\/03\/Joseph-Peyre\u0301-T.jpg\" alt=\"Joseph Peyre\u0301 T\" width=\"193\" height=\"300\" \/><\/p>\n<h3><strong><em>Joseph Peyr\u00e9 (1892 &#8211; 1968)<\/em><\/strong><\/h3>\n<p style=\"text-align: justify;\"><strong>(sous-dir.) Christian Manso, Pierre Peyr\u00e9, Dolores Thion Soriano-Molla<\/strong><br \/>\n<strong>2020, L\u2019Harmattan, 360 p.<\/strong><br \/>\n<em><a href=\"https:\/\/www.editions-harmattan.fr\/\/\">L\u2019Harmattan<\/a><\/em>,<br \/>\nEspagne, tauromachie, Sahara, montagnes, soci\u00e9t\u00e9\u2026 Un retour sur le parcours et l&#8217;oeuvre de Joseph Peyr\u00e9 (1892-1968), \u00e9crivain voyageur tomb\u00e9 dans l&#8217;oubli malgr\u00e9 le prix Goncourt 1935 pour son roman &#8220;Sang et lumi\u00e8res&#8221;. Les contributeurs, parfois m\u00eame en castillan, s&#8217;int\u00e9ressent \u00e0 ses nombreux profils comme \u00e9crivain, conf\u00e9rencier ou journaliste, et analysent son style entre clart\u00e9 et justesse pour saisir les ressorts de la vie.<\/p>\n<p>&nbsp;<\/p>\n<p style=\"text-align: center;\"><img loading=\"lazy\" decoding=\"async\" class=\"alignnone size-full wp-image-4322\" src=\"http:\/\/www.salondulivre-pyreneen.fr\/wp-content\/uploads\/2017\/03\/Irresponsables-T.jpg\" alt=\"Irresponsables T\" width=\"188\" height=\"300\" \/><\/p>\n<h3><strong><em>Irresponsables<\/em><\/strong><\/h3>\n<p style=\"text-align: justify;\"><strong>Marc-Arthur Gauthey<\/strong><br \/>\n<strong>2020, R\u00e9manence, 226 p.<\/strong><br \/>\n<em><a href=\"https:\/\/www.editionsdelaremanence.fr\/\">\u00c9ditions R\u00e9manence<\/a><\/em>,<br \/>\nMarc-Arthur Gauthey et son fr\u00e8re a\u00een\u00e9 Pierre sont en pleine ascension dans la vall\u00e9e d\u2019Ossau. Tous deux ont un rapport particulier avec l\u2019alpinisme, et le sommet qu\u2019ils escaladent, en particulier. Leur p\u00e8re a p\u00e9ri, presque vingt ans plus t\u00f4t, lors d\u2019une ascension de cette montagne. L\u2019auteur revient alors sur leur vie de famille, tr\u00e8s br\u00e8ve, puisque le cocon familial a explos\u00e9 alors qu\u2019il n\u2019avait que deux ans, et leur relation \u00e0 ce p\u00e8re incompris, coinc\u00e9 dans un carcan familial toxique.<\/p>\n<p>&nbsp;<\/p>\n<p style=\"text-align: center;\"><img loading=\"lazy\" decoding=\"async\" class=\"alignnone size-full wp-image-4326\" src=\"http:\/\/www.salondulivre-pyreneen.fr\/wp-content\/uploads\/2017\/03\/LHo\u0302tel-des-deux-valle\u0301es-T.jpg\" alt=\"L'Ho\u0302tel des deux valle\u0301es T\" width=\"207\" height=\"300\" \/><\/p>\n<h3><strong><em>L\u2019h\u00f4tel des deux vall\u00e9es<\/em><\/strong><\/h3>\n<p style=\"text-align: justify;\"><strong>Sandrine Biyi<\/strong><br \/>\n<strong>2021, \u00c9ditions Sabine Dewilde, 238 p.<\/strong><br \/>\nEn 2019 Laurent \u00e9crit sur l&#8217;histoire de sa famille durant la Seconde Guerre mondiale dans les Pyr\u00e9n\u00e9es, en particulier celle de l&#8217;h\u00f4tel tenu par ses parents, Lili et Jean. R\u00e9cit librement inspir\u00e9 du t\u00e9moignage d&#8217;un des derniers passeurs des Pyr\u00e9n\u00e9es.<\/p>\n<p>&nbsp;<\/p>\n<p>&nbsp;<\/p>\n<p style=\"text-align: center;\"><img loading=\"lazy\" decoding=\"async\" class=\"alignnone size-full wp-image-4321\" src=\"http:\/\/www.salondulivre-pyreneen.fr\/wp-content\/uploads\/2017\/03\/Histoire-sociale-HP-T.jpg\" alt=\"Histoire sociale HP T\" width=\"245\" height=\"300\" \/><\/p>\n<h3><strong><em>Histoire sociale et industrielle des Hautes-Pyr\u00e9n\u00e9es.<\/em><\/strong><\/h3>\n<p style=\"text-align: justify;\"><strong>Jos\u00e9 Cubero<\/strong><br \/>\n<strong>2021, Cairn, 368 p.<\/strong><br \/>\n<em><a href=\"https:\/\/www.editions-cairn.fr\/\">\u00c9ditions CAIRN<\/a><\/em>,<br \/>\n\u00c0 partir de documents d\u2019archives publiques, d\u2019\u00e9tudes universitaires, de presse, Jos\u00e9 Cubero retrace les \u00e9tapes de l&#8217;industrialisation des Hautes-Pyr\u00e9n\u00e9es. Des industries de la D\u00e9fense nationale voient le jour pendant la Grande guerre, avant un v\u00e9ritable d\u00e9collage industriel au d\u00e9but des ann\u00e9es 1920. Une histoire sociale \u00e9galement, celle des hommes qui ont particip\u00e9 \u00e0 cette aventure, avec des espoirs, des luttes, des divisions et des \u00e9checs. Apr\u00e8s la Seconde Guerre mondiale, malgr\u00e9 la fermeture d&#8217;un certain nombre d&#8217;usines, la cr\u00e9ation d\u2019un p\u00f4le universitaire a permis l&#8217;\u00e9closion de petites et moyennes entreprises implant\u00e9es dans le territoire.<\/p>\n<p>&nbsp;<\/p>\n<p><img loading=\"lazy\" decoding=\"async\" class=\"alignnone size-full wp-image-4324 aligncenter\" src=\"http:\/\/www.salondulivre-pyreneen.fr\/wp-content\/uploads\/2017\/03\/Laventure-a\u0300-perte-de-vue-A-T.jpg\" alt=\"L'aventure a\u0300 perte de vue A T\" width=\"215\" height=\"300\" \/><\/p>\n<h3><strong><em>David Labarre. L\u2019aventure \u00e0 perte de vue<\/em><\/strong><\/h3>\n<p style=\"text-align: justify;\"><strong>Jean-Pierre Allaux<\/strong><br \/>\n<strong>2020, Elytis, 144 p.<\/strong><br \/>\n<em><a href=\"https:\/\/www.editionselytis.com\/\">\u00c9ditions Elytis<\/a><\/em>,<br \/>\nCe livre retrace l\u2019histoire de David Labarre, n\u00e9 \u00e0 Saint-Gaudens et malvoyant de naissance. Loin d\u2019\u00eatre un handicap dans sa vie, il poursuivra son r\u00eave : footballeur professionnel. Avec la cr\u00e9ation d\u2019une \u00e9quipe de c\u00e9cifoot toulousaine, il atteindra les Jeux paralympiques. Sa volont\u00e9 le poussera \u00e9galement \u00e0 faire de l\u2019alpinisme. \u00c0 travers ses paroles, revivez ses ascensions de l\u2019Aneto, du Mont-Blanc et partagez sa mani\u00e8re de voir la vie\u2026<\/p>\n<p>&nbsp;<\/p>\n<p style=\"text-align: center;\"><img loading=\"lazy\" decoding=\"async\" class=\"alignnone size-full wp-image-4334\" src=\"http:\/\/www.salondulivre-pyreneen.fr\/wp-content\/uploads\/2017\/03\/Randos-Etapes-A-T.jpg\" alt=\"Randos Etapes A T\" width=\"192\" height=\"300\" \/><\/p>\n<h3><strong><em>Randos-\u00e9tapes dans les Pyr\u00e9n\u00e9es. 30 treks en boucle de 2 \u00e0 5 jours.<\/em><\/strong><\/h3>\n<p style=\"text-align: justify;\"><strong>Jean-Pierre Sir\u00e9jol, Bruno Valcke<\/strong><br \/>\n<strong>2020, Rando-\u00e9ditions, 240 p.<\/strong><br \/>\n<em><a href=\"https:\/\/www.glenat.com\/livres\/collections\/rando-editions\">Rando-\u00e9ditions <\/a><\/em>,<br \/>\nIllustr\u00e9s, d\u00e9taill\u00e9s \u00e9tape par \u00e9tape, des itin\u00e9raires aller-retour de quelques jours \u00e0 travers toute la cha\u00eene pyr\u00e9n\u00e9enne.<\/p>\n<p>&nbsp;<\/p>\n<p><img loading=\"lazy\" decoding=\"async\" class=\"alignnone size-full wp-image-4317 aligncenter\" src=\"http:\/\/www.salondulivre-pyreneen.fr\/wp-content\/uploads\/2017\/03\/De\u0301passer-les-bornesT.jpg\" alt=\"De\u0301passer les bornesT\" width=\"191\" height=\"300\" \/><\/p>\n<h3><strong><em>D\u00e9passer les bornes<\/em><\/strong><\/h3>\n<p style=\"text-align: justify;\"><strong>Richard Fremont<\/strong><br \/>\n<strong>2020, Vox Scriba, 252 p.<\/strong><br \/>\n<em><a href=\"https:\/\/voxscriba.com\/\">\u00c9ditions Vox Scriba<\/a><\/em>,<br \/>\nTrek dans les Pyr\u00e9n\u00e9es, suivant un itin\u00e9raire calqu\u00e9 sur la Haute Randonn\u00e9e Pyr\u00e9n\u00e9enne, et en passant au plus pr\u00e8s de la cr\u00eate fronti\u00e8re. \u00c0 49 ans, Richard FREMONT vit l&#8217;exp\u00e9rience intense et dangereuse d&#8217;une travers\u00e9e montagnarde en totale autonomie, pr\u00e9vue initialement sur 53 jours mais ramen\u00e9e, en final, \u00e0 25 \u00e9tapes. R\u00e9cit d\u2019une aventure mais aussi de la vie de ce randonneur qui attendra l\u2019\u00e9t\u00e9 2021 pour achever la derni\u00e8re \u00e9tape de son projet pyr\u00e9n\u00e9en.<\/p>\n<p>&nbsp;<\/p>\n<p><img loading=\"lazy\" decoding=\"async\" class=\"alignnone size-full wp-image-4320 aligncenter\" src=\"http:\/\/www.salondulivre-pyreneen.fr\/wp-content\/uploads\/2017\/03\/Entre-fauvesTT.jpg\" alt=\"Entre fauvesTT\" width=\"205\" height=\"300\" \/><\/p>\n<h3><strong><em>Entre fauves<\/em><\/strong><\/h3>\n<p style=\"text-align: justify;\"><strong>Colin Niel<\/strong><br \/>\n<strong>2020, \u00c9ditions du Rouergue, 348 p.<\/strong><br \/>\n<em><a href=\"https:\/\/www.lerouergue.com\/\">\u00c9ditions du Rouergue<\/a><\/em>,<br \/>\nMartin\u00a0, garde au Parc naturel national des Pyr\u00e9n\u00e9es, s&#8217;inqui\u00e8te pour Cannellito, le fils de l&#8217;ourse Cannelle, introuvable. Martin identifie, sur les r\u00e9seaux sociaux, les chasseurs posant avec leurs troph\u00e9es afin de d\u00e9voiler de nuire \u00e0 leur r\u00e9putation. Lorsqu\u2019il d\u00e9couvre la photo d&#8217;une jeune fille blonde avec un arc de chasse devant le corps d&#8217;un lion, fascin\u00e9 et \u00e9c\u0153ur\u00e9, il part \u00e0 sa recherche. Entre chasse au fauve et chasse \u00e0 l&#8217;homme, entre vall\u00e9e d&#8217;Aspe dans les Pyr\u00e9n\u00e9es et d\u00e9sert du Kaokoland en Namibie, une intrigue cruelle o\u00f9 aucun chasseur n&#8217;est jamais s\u00fbr de sa proie\u2026<\/p>\n<p>&nbsp;<\/p>\n<p><img loading=\"lazy\" decoding=\"async\" class=\"alignnone size-full wp-image-4270 aligncenter\" src=\"http:\/\/www.salondulivre-pyreneen.fr\/wp-content\/uploads\/2021\/04\/Oursons-T.jpg\" alt=\"Oursons T\" width=\"241\" height=\"300\" \/><\/p>\n<h3><strong><em>Les oursons des Pyr\u00e9n\u00e9es<\/em><\/strong><\/h3>\n<p style=\"text-align: justify;\"><strong>Florent Antras<\/strong><br \/>\n<strong>2020, Vox Scriba, 402 p.<\/strong><br \/>\n<em><a href=\"https:\/\/voxscriba.com\/\">\u00c9ditions Vox Scriba<\/a><\/em>,<br \/>\nDans cet ouvrage abondamment illustr\u00e9, Florent Antras propose une approche des ours, sous l\u2019angle in\u00e9dit des oursons, au fil des si\u00e8cles : tradition populaire, naissance et vie, identification et suivi des individus, et parfois leur mort. Ancien berger et chasseur mais aussi accompagnateur en montagne, l\u2019auteur se pr\u00e9sente comme m\u00e9diateur aupr\u00e8s des \u00e9leveurs et chasseurs en proposant des modes de cohabitation avec cet animal.<\/p>\n<p>&nbsp;<\/p>\n<p><img loading=\"lazy\" decoding=\"async\" class=\"alignnone size-full wp-image-4274 aligncenter\" src=\"http:\/\/www.salondulivre-pyreneen.fr\/wp-content\/uploads\/2021\/04\/ApitxiT.jpg\" alt=\"ApitxiT\" width=\"175\" height=\"300\" \/><\/p>\n<h3><strong><em>Apitxi mon h\u00e9ros\u00a0!<\/em><\/strong><\/h3>\n<p style=\"text-align: justify;\"><strong>Colette Pouey<\/strong><br \/>\n<strong>2020, \u00c9ditions Kilika, 144 p.<\/strong><br \/>\n<em><a href=\"http:\/\/www.editions-kilika.fr\/\">\u00c9ditions Kilika<\/a><\/em>,<br \/>\nEn Ao\u00fbt 1919, le soldat Martin Michelena revient chez lui, pr\u00e8s de Bayonne. Il n\u2019oubliera pas, pour autant, l\u2019enfer du front, le Chemin des Dames, ni ses compagnons d\u2019armes. Francis, son petit-fils, se passionne pour ces r\u00e9cits, particuli\u00e8rement l\u2019histoire extraordinaire du lancer de grenades au joko-garbi, aux c\u00f4t\u00e9s du Champion du monde de pelote basque, Chiquito de Cambo. Les c\u00e9r\u00e9monies du centenaire de la Premi\u00e8re Guerre mondiale encouragent Francis \u00e0 partager les r\u00e9cits de son grand-p\u00e8re.<\/p>\n<p>&nbsp;<\/p>\n<p><img loading=\"lazy\" decoding=\"async\" class=\"alignnone size-full wp-image-4273 aligncenter\" src=\"http:\/\/www.salondulivre-pyreneen.fr\/wp-content\/uploads\/2021\/04\/11-lieux-dans-les-Pyre\u0301ne\u0301es-T.jpg\" alt=\"11 lieux dans les Pyre\u0301ne\u0301es T\" width=\"197\" height=\"300\" \/><\/p>\n<h3><strong><em>111 lieux dans les Pyr\u00e9n\u00e9es \u00e0 ne pas manquer<\/em><\/strong><\/h3>\n<p style=\"text-align: justify;\"><strong>Evelyn Pschak von Rebay<\/strong><br \/>\n<strong>2020, Emons Verlag, 240 p.<\/strong><br \/>\n<em><a href=\"https:\/\/www.emons-verlag.com\/\">\u00c9ditions Emons<\/a><\/em>,<br \/>\nEntre histoires, t\u00e9moignages et contes, ce guide illustr\u00e9, pr\u00e9cis\u00e9ment document\u00e9 avec des conseils pr\u00e9cieux et vari\u00e9s est propos\u00e9 par une journaliste d\u2019Outre-Rhin Passionn\u00e9e depuis son adolescence par les Pyr\u00e9n\u00e9es. Elle nous am\u00e8ne v\u00e9ritablement \u00e0 (re)d\u00e9couvrir des lieux, aussi bien notoires qu\u2019insolites, et ce, d\u2019un bout \u00e0 l\u2019autre de la cha\u00eene pyr\u00e9n\u00e9enne.<\/p>\n<p>&nbsp;<\/p>\n<p><img loading=\"lazy\" decoding=\"async\" class=\"alignnone size-full wp-image-4275 aligncenter\" src=\"http:\/\/www.salondulivre-pyreneen.fr\/wp-content\/uploads\/2021\/04\/Chapeaux-et-bonnets-re\u0301volutionnaires-T.jpg\" alt=\"Chapeaux et bonnets re\u0301volutionnaires T\" width=\"194\" height=\"300\" \/><\/p>\n<h3><strong><em>Chapeaux et bonnets, r\u00e9volutionnaires en Roussillon<\/em><\/strong><\/h3>\n<p style=\"text-align: justify;\"><strong>Michel Cad\u00e9<\/strong><br \/>\n<strong>2020, \u00c9ditions Trabucaire, 161 p.<\/strong><br \/>\n<em><a href=\"http:\/\/www.trabucaire.com\/index.php?page=shop.product_details&amp;flypage=bookshop-flypage.tpl&amp;product_id=276&amp;category_id=5&amp;manufacturer_id=1&amp;option=com_virtuemart&amp;Itemid=5\" target=\"_blank\">\u00c9ditions Trabucaire<\/a><\/em>,<br \/>\nMichel Cad\u00e9 aborde les \u00e9v\u00e9nements survenus en Roussillon durant la R\u00e9volution fran\u00e7aise. Le chercheur analyse avec beaucoup de finesse une tentative d\u00e9mocratique en pays catalan avec la cr\u00e9ation, de 1789 \u00e0 1795, d&#8217;une forme d\u2019organisation de type parti politique patriote, \u00e0 forte composante de notabilit\u00e9 (les \u00ab\u00a0chapeaux\u00a0\u00bb) mais \u00e9galement populaire (les \u00ab\u00a0bonnets\u00a0\u00bb), dans le d\u00e9partement des Pyr\u00e9n\u00e9es-Orientales.<\/p>\n<p>&nbsp;<\/p>\n<p><img loading=\"lazy\" decoding=\"async\" class=\"alignnone size-full wp-image-4276 aligncenter\" src=\"http:\/\/www.salondulivre-pyreneen.fr\/wp-content\/uploads\/2021\/04\/Desserts-SO-T.jpg\" alt=\"Desserts SO T\" width=\"263\" height=\"300\" \/><\/p>\n<h3><strong><em>Fais avec moi\u2026 Les desserts du Sud-Ouest<\/em><\/strong><\/h3>\n<p><strong>CARR\u00c8RE Brigitte et Kness<\/strong><br \/>\n<strong>2020, \u00c9ditions Cairn, 46 p.<\/strong><br \/>\n<em><a href=\"https:\/\/www.editions-cairn.fr\/\">\u00c9ditions CAIRN<\/a><\/em>,<br \/>\nPetits et grands p\u00e2tissiers d\u00e9couvriront les histoires de ces g\u00e2teaux embl\u00e9matiques du Sud-Ouest, donc pour certains des Pyr\u00e9n\u00e9es, \u00e0 travers 18 recettes illustr\u00e9es pas \u00e0 pas.<\/p>\n<p>&nbsp;<\/p>\n<p><img loading=\"lazy\" decoding=\"async\" class=\"alignnone size-full wp-image-4277 aligncenter\" src=\"http:\/\/www.salondulivre-pyreneen.fr\/wp-content\/uploads\/2021\/04\/La-montagne-pour-tous-T.jpg\" alt=\"La montagne pour tous T\" width=\"200\" height=\"300\" \/><\/p>\n<h3><strong><em>La montagne pour tous<\/em><\/strong><\/h3>\n<p style=\"text-align: justify;\"><strong>Olivier Hoibian &#8211; direction<\/strong><br \/>\n<strong>2020, Le Pas d\u2019Oiseau, 250 p<\/strong><br \/>\n<em><a href=\"http:\/\/lepasdoiseau.fr\/\">\u00c9ditions Le pas d&#8217;Oiseau<\/a><\/em>,<br \/>\nAnalyse compar\u00e9e de l\u2019\u00e9mergence d\u2019un mouvement, dans l\u2019Europe occidentale du XX\u00b0s, aspirant \u00e0 rendre la montagne accessible au plus grand nombre. Les diff\u00e9rentes contributions rassembl\u00e9es dans cet ouvrage, sous la direction d\u2019Olivier Hoibian, restituent ce pass\u00e9 m\u00e9connu en d\u00e9veloppant de fa\u00e7on d\u00e9taill\u00e9e le contexte et les enjeux de cette ambition de promotion d\u2019une \u00ab\u00a0montagne pour tous\u00a0\u00bb.<\/p>\n<p>&nbsp;<\/p>\n<p><img loading=\"lazy\" decoding=\"async\" class=\"alignnone size-full wp-image-4278 aligncenter\" src=\"http:\/\/www.salondulivre-pyreneen.fr\/wp-content\/uploads\/2021\/04\/Le-passage-T.jpg\" alt=\"Le passage T\" width=\"207\" height=\"300\" \/><\/p>\n<h3><strong><em>Le passage des ombres<\/em><\/strong><\/h3>\n<p style=\"text-align: justify;\"><strong>Fran\u00e7oise Ricaud<\/strong><br \/>\n<strong>2021, Editions Sydney Laurent,<\/strong><strong> 105 p.<\/strong><br \/>\n<em><a href=\"https:\/\/editions-sydney-laurent.fr\/\">\u00c9ditions Sydney Laurent<\/a><\/em>,<br \/>\nAmies complices lors de leurs ann\u00e9es de lyc\u00e9e H\u00e9l\u00e8ne et Anne se sont perdues de vue. Anne retrouve une vieille missive d\u2019H\u00e9l\u00e8ne et d\u00e9cide de la revoir pour l\u2019amener l\u00e0 o\u00f9 elle va depuis son enfance\u00a0: Bar\u00e8ge. Au travers de leurs randonn\u00e9es mais aussi de leur rencontre avec le myst\u00e8re de l\u2019au-del\u00e0 elles conna\u00eetront joies et tristesses, douceur et violence, v\u00e9rit\u00e9 et mensonges et obtiendrons des r\u00e9ponses \u00e9tonnantes.<\/p>\n<p>&nbsp;<\/p>\n<p><img loading=\"lazy\" decoding=\"async\" class=\"alignnone size-full wp-image-4299 aligncenter\" src=\"http:\/\/www.salondulivre-pyreneen.fr\/wp-content\/uploads\/2017\/03\/Camps-dinternement-TT.jpg\" alt=\"Camps d'internement TT\" width=\"202\" height=\"300\" \/><\/p>\n<h3><strong><em>Camps d\u2019internements fran\u00e7ais<\/em><\/strong><\/h3>\n<p style=\"text-align: justify;\"><strong>Claude Laharie<\/strong><br \/>\n<strong>2020, Cairn, 195 p.<\/strong><br \/>\n<em><a href=\"https:\/\/www.editions-cairn.fr\/\">\u00c9ditions CAIRN<\/a><\/em>,<br \/>\nApr\u00e8s plusieurs ouvrages consacr\u00e9s au camp de Gurs dans les \u00ab\u00a0Basses-Pyr\u00e9n\u00e9es\u00a0\u00bb, Claude Laharie analyse la gen\u00e8se des camps d\u2019internement administratif fran\u00e7ais des mesures d\u2019exceptions \u00e0 l\u2019encontre des r\u00e9fugi\u00e9s r\u00e9publicains espagnols, jusqu\u2019\u00e0 la d\u00e9portation vers Auschwitz. Cet agr\u00e9g\u00e9 d\u2019histoire se livre, dans cette \u00e9tude, \u00e0 une analyse ayant pour vocation de susciter une r\u00e9flexion sur le monde contemporain en donnant les clefs d\u2019une compr\u00e9hension de ce pass\u00e9 sombre.<\/p>\n<p>&nbsp;<\/p>\n<p><img loading=\"lazy\" decoding=\"async\" class=\"alignnone size-full wp-image-4303 aligncenter\" src=\"http:\/\/www.salondulivre-pyreneen.fr\/wp-content\/uploads\/2017\/03\/Du-RififiTT.jpg\" alt=\"Du RififiTT\" width=\"217\" height=\"300\" \/><\/p>\n<h3><strong><em>Du Rififi dans l\u2019ovalie<\/em><\/strong><\/h3>\n<p style=\"text-align: justify;\"><strong>Jean-Fran\u00e7ois FOURCADE<\/strong><br \/>\n<strong>2020, Aux \u00c9ditions Pyr\u00e9n\u00e9ennes, 254 p.<\/strong><br \/>\nApr\u00e8s \u00ab\u00a0De la schnouf dans la garbure\u00a0\u00bb et \u00ab\u00a0L\u2019inconnue du bois de Lass\u00e8gue\u00a0\u00bb, J-F. Fourcade donne ici un roman sombre qui plonge dans une enqu\u00eate se d\u00e9roulant dans le Haut-Adour de la fin des ann\u00e9es 1970. Une fresque humoristique dans le monde du rugby et sur les pas de Raymond Buzon, son c\u00e9l\u00e8bre d\u00e9tective flanqu\u00e9 du fid\u00e8le Dufr\u00e9chou.<\/p>\n<p>&nbsp;<\/p>\n<p><img loading=\"lazy\" decoding=\"async\" class=\"alignnone size-full wp-image-4305 aligncenter\" src=\"http:\/\/www.salondulivre-pyreneen.fr\/wp-content\/uploads\/2017\/03\/Les-SimonT.jpg\" alt=\"Les SimonT\" width=\"215\" height=\"300\" \/><\/p>\n<h3><strong><em>Les Simon. Du r\u00eave am\u00e9ricain aux mines de l\u2019Ari\u00e8ge (1892 \u2013 1913)<\/em><\/strong><\/h3>\n<p style=\"text-align: justify;\"><strong>Claude Dubois<\/strong><br \/>\n<strong>2020, vox Scriba, 316 p.<\/strong><br \/>\n<em><a href=\"https:\/\/voxscriba.com\/\">\u00c9ditions Vox Scriba<\/a><\/em>,<br \/>\nPr\u00e9sentation pr\u00e9cise et d\u00e9taill\u00e9 de l\u2019histoire de l\u2019exploitation principalement de deux mines, celle de las Cabesses (premi\u00e8re exploitation mondiale de carbonate de mangan\u00e8se) et celle d\u2019Alzen (cuivre, argent\u2026), entre 1891 et 1907 dans la r\u00e9gion de St-Girons. Les Simon, famille juive allemande revenue des USA, sont les acteurs principaux de cette courte \u00e9pop\u00e9e mini\u00e8re typique d\u2019une \u00e9conomie d\u2019extraction capitaliste.<\/p>\n<p>&nbsp;<\/p>\n<p class=\"Standard\"><img loading=\"lazy\" decoding=\"async\" class=\"alignnone size-full wp-image-4306 aligncenter\" src=\"http:\/\/www.salondulivre-pyreneen.fr\/wp-content\/uploads\/2017\/03\/Me\u0302me-les-pierres-ont-une-histoireT.jpg\" alt=\"Me\u0302me les pierres ont une histoireT\" width=\"197\" height=\"300\" \/><\/p>\n<h3><strong><em>M\u00eame les pierres ont une histoire<\/em><\/strong><\/h3>\n<p style=\"text-align: justify;\"><strong>Georges-Patrick GLEIZE<\/strong><br \/>\n<strong>2020, Calmann Levy, 344p.<\/strong><br \/>\n<em><a href=\"https:\/\/calmann-levy.fr\/\">\u00c9ditions Calmann Lev<\/a><\/em>,<br \/>\nG.P. GLEIZE nous am\u00e8ne entre le d\u00e9but du XX\u00e8me si\u00e8cle et le lendemain de la seconde guerre mondiale, dans les bouleversements de toute la soci\u00e9t\u00e9 fran\u00e7aise au travers des heurs et malheurs de la famille de Saint Geni\u00e9s, hobereaux ari\u00e8geois propri\u00e9taires depuis plusieurs g\u00e9n\u00e9rations du grand domaine de Terrefort.<\/p>\n<p>&nbsp;<\/p>\n<p><img loading=\"lazy\" decoding=\"async\" class=\"alignnone size-full wp-image-4311 aligncenter\" src=\"http:\/\/www.salondulivre-pyreneen.fr\/wp-content\/uploads\/2017\/03\/Au-pays-des-Basques-T.jpg\" alt=\"Au pays des Basques T\" width=\"213\" height=\"300\" \/><\/p>\n<h3>\u00a0<strong><em>Au pays des Basques<\/em><\/strong><\/h3>\n<p style=\"text-align: justify;\"><strong>Kepa Etchandy <\/strong><br \/>\n<strong>2020, Kilika, 174p.<\/strong><br \/>\n<em><a href=\"http:\/\/www.editions-kilika.fr\/\">\u00c9ditions Kilika<\/a><\/em>,<br \/>\nCe guide est une plong\u00e9e dans le Pays Basque qui propose la d\u00e9couverte d\u2019une r\u00e9gion aux multiples facettes en empruntant souvent les chemins de traverse des sept provinces de l\u2019Euskal Herri\u2026<\/p>\n<p>&nbsp;<\/p>\n<p><img loading=\"lazy\" decoding=\"async\" class=\"alignnone size-full wp-image-4312 aligncenter\" src=\"http:\/\/www.salondulivre-pyreneen.fr\/wp-content\/uploads\/2017\/03\/BonheurT.jpg\" alt=\"BonheurT\" width=\"189\" height=\"300\" \/><\/p>\n<h3><strong><em>Bonheur<\/em><\/strong><\/h3>\n<p style=\"text-align: justify;\"><strong>Christian Laborde <\/strong><br \/>\n<strong>2021, Cairn, 118p.<\/strong><br \/>\n<em><a href=\"https:\/\/www.editions-cairn.fr\/\">\u00c9ditions CAIRN<\/a><\/em>,<br \/>\nUn h\u00e9ritage permet \u00e0 Julien Beausonge de quitter la r\u00e9gion parisienne pour Ossun, dans les Hautes-Pyr\u00e9n\u00e9es. Qu&#8217;il sillonne les chemins du Plateau de Ger ou qu&#8217;il perce le secret d&#8217;une chambre close de la demeure qu\u2019il vient d\u2019acheter et dont il a retrouv\u00e9 la clef, Julien se sent revivre, rena\u00eetre et marcher vers son bonheur. Un bonheur qu\u2019il devra finalement \u00e2prement d\u00e9fendre\u2026<\/p>\n<p>&nbsp;<\/p>\n<p><img loading=\"lazy\" decoding=\"async\" class=\"alignnone size-full wp-image-4313 aligncenter\" src=\"http:\/\/www.salondulivre-pyreneen.fr\/wp-content\/uploads\/2017\/03\/Bravo-papa-T.jpg\" alt=\"Bravo papa T\" width=\"188\" height=\"300\" \/><\/p>\n<h3>\u00a0<strong><em>Bravo Papa !<\/em><\/strong><\/h3>\n<p style=\"text-align: justify;\"><strong>Pascal Sancho<\/strong><br \/>\n<strong>2020, Mareuil Editions, 334p.<\/strong><br \/>\n<em><a href=\"https:\/\/www.mareuil-editions.com\/\"> Mareuil \u00c9ditions <\/a><\/em>,<br \/>\nR\u00e9cit autobiographique d\u2019une belle intensit\u00e9 qui est aussi le roman d\u2019une vie, celle de Pascal Sancho, de ses trente ann\u00e9es de secours en montagne, celle de ses compagnons d\u2019armes, ses coll\u00e8gues, ses amis, ses fr\u00e8res\u2026 Au fil des trente-deux chapitres, Pascal Sancho revient sur l\u2019\u00e9volution de son m\u00e9tier-passion, \u00e9voque ses souvenirs et ce \u00ab privil\u00e8ge rare, dans une soci\u00e9t\u00e9 toujours plus aseptis\u00e9e, de se mettre en danger pour aller vers l\u2019autre, celui que l\u2019on ne conna\u00eet pas encore. \u00bb<\/p>\n<p>&nbsp;<\/p>\n<p><img loading=\"lazy\" decoding=\"async\" class=\"alignnone size-full wp-image-4315 aligncenter\" src=\"http:\/\/www.salondulivre-pyreneen.fr\/wp-content\/uploads\/2017\/03\/Compostelle-T.jpg\" alt=\"Compostelle T\" width=\"213\" height=\"300\" \/><\/p>\n<h3><strong><em>Compostelle<\/em><\/strong><\/h3>\n<p style=\"text-align: justify;\"><strong>Dee Nolan\/Earl Carter<\/strong><br \/>\n<strong>2020, Privat, 414p.<\/strong><br \/>\nUne d\u00e9couverte du chemin de Compostelle c\u00e9l\u00e9brant l&#8217;architecture, les paysages, les traditions et la gastronomie des terres qu&#8217;il traverse. Une rencontre avec de grands chefs, des producteurs mais surtout une proposition \u00e0 marcher et vivre, sous le regard du talentueux photographe Earl Carter.<\/p>\n<p>&nbsp;<\/p>\n<p><img loading=\"lazy\" decoding=\"async\" class=\"alignnone size-full wp-image-4316 aligncenter\" src=\"http:\/\/www.salondulivre-pyreneen.fr\/wp-content\/uploads\/2017\/03\/De-la-Catalogne-T-.jpg\" alt=\"De la Catalogne T\" width=\"201\" height=\"300\" \/><\/p>\n<h3><strong><em>De la Catalogne Nord \u00e0 la Catalogne Sud<\/em><\/strong><\/h3>\n<p style=\"text-align: justify;\"><strong>Ignasi Fortuny<\/strong><br \/>\n<strong>2020, Balzac \u00e9diteur, 248p.<\/strong><br \/>\n<a href=\"https:\/\/www.editeur-balzac.com\/fr\/\"> Balzac \u00c9diteur <\/a>,<br \/>\nSur une p\u00e9riode s\u2019\u00e9talant de la fin du XIXe au tout d\u00e9but du XXIe si\u00e8cle, Ignasi Fortuny d\u00e9crit au travers des d\u00e9tails de la vie de son grand-p\u00e8re maternel, de son p\u00e8re et de lui-m\u00eame, la complexit\u00e9 des bouleversements socio-politiques au sein de la Catalogne du Sud et du Nord. Se r\u00e9v\u00e8le la n\u00e9cessit\u00e9 de tout un chacun de s\u2019y adapter en s\u2019appuyant toujours sur l\u2019identit\u00e9 catalane.<\/p>\n<p>&nbsp;<\/p>\n<p>&nbsp;<\/p>\n<p><strong>\u00a0<\/strong><\/p>\n","protected":false},"excerpt":{"rendered":"<p>\u00a0LIVRES RECUS POUR LE CONCOURS 2021\u00a0\u00a0 D\u00e9couvrez progressivement la liste des ouvrages envoy\u00e9s par les auteurs et \u00e9diteurs . Pour\u00a0concourir \u00e0 l&#8217;un des Prix 2021 du Salon du Livre Pyr\u00e9n\u00e9en (plus d&#8217;info sur les Prix) Les notices ci-dessous sont r\u00e9dig\u00e9es par les membres du comit\u00e9 de lecture. &nbsp; Des patrimoines en action. Mise en m\u00e9moire [&hellip;]<\/p>\n","protected":false},"author":1,"featured_media":0,"parent":0,"menu_order":0,"comment_status":"closed","ping_status":"closed","template":"","meta":{"footnotes":""},"class_list":["post-5394","page","type-page","status-publish","hentry"],"_links":{"self":[{"href":"http:\/\/www.salondulivre-pyreneen.fr\/index.php?rest_route=\/wp\/v2\/pages\/5394","targetHints":{"allow":["GET"]}}],"collection":[{"href":"http:\/\/www.salondulivre-pyreneen.fr\/index.php?rest_route=\/wp\/v2\/pages"}],"about":[{"href":"http:\/\/www.salondulivre-pyreneen.fr\/index.php?rest_route=\/wp\/v2\/types\/page"}],"author":[{"embeddable":true,"href":"http:\/\/www.salondulivre-pyreneen.fr\/index.php?rest_route=\/wp\/v2\/users\/1"}],"replies":[{"embeddable":true,"href":"http:\/\/www.salondulivre-pyreneen.fr\/index.php?rest_route=%2Fwp%2Fv2%2Fcomments&post=5394"}],"version-history":[{"count":2,"href":"http:\/\/www.salondulivre-pyreneen.fr\/index.php?rest_route=\/wp\/v2\/pages\/5394\/revisions"}],"predecessor-version":[{"id":5397,"href":"http:\/\/www.salondulivre-pyreneen.fr\/index.php?rest_route=\/wp\/v2\/pages\/5394\/revisions\/5397"}],"wp:attachment":[{"href":"http:\/\/www.salondulivre-pyreneen.fr\/index.php?rest_route=%2Fwp%2Fv2%2Fmedia&parent=5394"}],"curies":[{"name":"wp","href":"https:\/\/api.w.org\/{rel}","templated":true}]}}